{"id":6456,"date":"2013-10-27T19:19:49","date_gmt":"2013-10-27T19:19:49","guid":{"rendered":"http:\/\/moianesturisme.cat\/fr\/elmoianes\/ecomuseu\/"},"modified":"2019-05-17T12:28:20","modified_gmt":"2019-05-17T11:28:20","slug":"ecomusee","status":"publish","type":"page","link":"https:\/\/moianesturisme.cat\/fr\/ecomusee\/","title":{"rendered":"\u00c9comus\u00e9e"},"content":{"rendered":"<div class=\"wpb-content-wrapper\">[vc_row][vc_column][vc_custom_heading source=\u00a0\u00bbpost_title\u00a0\u00bb font_container=\u00a0\u00bbtag:h1|text_align:left\u00a0\u00bb use_theme_fonts=\u00a0\u00bbyes\u00a0\u00bb][vc_empty_space height=\u00a0\u00bb16px\u00a0\u00bb][vc_separator][\/vc_column][\/vc_row][vc_row gap=\u00a0\u00bb35&Prime;][vc_column width=\u00a0\u00bb2\/3&Prime;][vc_single_image image=\u00a0\u00bb1739&Prime; img_size=\u00a0\u00bbfull\u00a0\u00bb][\/vc_column][vc_column width=\u00a0\u00bb1\/3&Prime;][vc_column_text]\n<h4 style=\"text-align: right;\"><a href=\"https:\/\/moianesturisme.cat\/fr\/ecomusee\/lieux-a-visiter\/\">SITES A VISITER DE L&rsquo;ECOMUSEE<\/a><\/h4>\n[\/vc_column_text][\/vc_column][\/vc_row][vc_row gap=\u00a0\u00bb35&Prime;][vc_column width=\u00a0\u00bb2\/3&Prime;][vc_custom_heading text=\u00a0\u00bbVeure el patrimoni en el seu lloc original.\u00a0\u00bb use_theme_fonts=\u00a0\u00bbyes\u00a0\u00bb][vc_empty_space height=\u00a0\u00bb16px\u00a0\u00bb][vc_column_text]<strong>Patrimoine pr\u00e9industriel.<\/strong><\/p>\n<p>L&rsquo;Ecomus\u00e9e du Moian\u00e8s est un projet territorial et transversal qui a pour but principal de revaloriser le patrimoine existant du Moian\u00e8s et de le convertir en un produit touristique, culturel, environnemental, social et \u00e9conomique qui g\u00e9n\u00e8re une activit\u00e9 \u00e9conomique et cr\u00e9e de nouveaux postes de travail dans les 10 communes du Moian\u00e8s.<\/p>\n<p>Avec ses 300 km2 et ses 100 sites \u00e0 visiter, l&rsquo;Ecomus\u00e9e vous offre une vision globale et compl\u00e8te de toutes les activit\u00e9s \u00e9conomiques et tous les processus pr\u00e9industriels qui se sont d\u00e9velopp\u00e9s dans la petite r\u00e9gion du Moian\u00e8s au cours des XVII\u00e8me, XVIII\u00e8me et XIX\u00e8me si\u00e8cles.<\/p>\n<ul>\n<li>10 espaces potentiellement transformables en mus\u00e9e. Chacun d&rsquo;entre eux se trouvera dans une des communes du Moian\u00e8s et pr\u00e9sentera un domaine th\u00e9matique de l&rsquo;\u00e9poque pr\u00e9industrielle dans le Moian\u00e8s.<\/li>\n<li>Plus de 100 sites \u00e0 visiter qui pr\u00e9sentent des aspects de l&rsquo;histoire sociale et \u00e9conomique du Moian\u00e8s et des activit\u00e9s productives de l&rsquo;\u00e9poque pr\u00e9industrielle.<\/li>\n<\/ul>\n<p>Les principaux domaines th\u00e9matiques qui constituent le fil conducteur des diff\u00e9rents sites et qui structurent l&rsquo;Ecomus\u00e9e du Moian\u00e8s sont:[\/vc_column_text][vc_tta_accordion style=\u00a0\u00bbflat\u00a0\u00bb color=\u00a0\u00bbwhite\u00a0\u00bb spacing=\u00a0\u00bb25&Prime; gap=\u00a0\u00bb25&Prime; active_section=\u00a0\u00bb\u00a0\u00bb collapsible_all=\u00a0\u00bbtrue\u00a0\u00bb][vc_tta_section title=\u00a0\u00bbL&rsquo;exploitation des ressources de la for\u00eat. Castellcir\u00a0\u00bb tab_id=\u00a0\u00bb1550244539332-cad4795e-ef8d\u00a0\u00bb][vc_column_text]La for\u00eat a constitu\u00e9 pendant des si\u00e8cles le noyau de l&rsquo;\u00e9conomie traditionnelle. Plus d&rsquo;une soixantaine de m\u00e9tiers se sont d\u00e9velopp\u00e9s autour d&rsquo;elle. Sur le site de Castellcir, nous pouvons en d\u00e9couvrir quelques-uns tout comme un exemple de maison ancienne autosuffisante bien singuli\u00e8re\u00a0: la ferme d&rsquo;Esplugues: le bois de chauffage, le fusain, les champignons, les plantes m\u00e9dicinales, la conservation des aliments&#8230; Ce site explique les diff\u00e9rentes mani\u00e8res dont on tirait profit de la for\u00eat.<\/p>\n<p><strong>Ce site peut \u00eatre visit\u00e9: MAS ESPLUGUES est une ferme troglodytique construite sous un baume.<\/strong>[\/vc_column_text][\/vc_tta_section][vc_tta_section title=\u00a0\u00bbL&rsquo;exploitation de la force de l&rsquo;eau. Calders\u00a0\u00bb tab_id=\u00a0\u00bb1550244539370-6ed577c4-32fa\u00a0\u00bb][vc_column_text]\n<div class=\"accordion-content\">\n<p>L&rsquo;eau est encore aujourd&rsquo;hui l&rsquo;un des principaux syst\u00e8mes de production d&rsquo;\u00e9nergie. En Catalogne, malgr\u00e9 la petite taille et l&rsquo;irr\u00e9gularit\u00e9 des fleuves, ces ressources ont \u00e9t\u00e9 exploit\u00e9es au maximum. Nous pouvons d\u00e9couvrir le passage de l&rsquo;exploitation pr\u00e9industrielle (moulins, tanneries&#8230;) \u00e0 celle du monde plus contemporain (production d&rsquo;\u00e9lectricit\u00e9, cit\u00e9s industrielles&#8230;) sur le site de Calders\u00a0: la cit\u00e9 industrielle Jorba.<\/p>\n<p><strong>A Calders, vous trouverez El Forn de la Cal\u00e7 (le four \u00e0 chaux) et ses anciens fours que l&rsquo;on peut visiter.<\/strong><\/p>\n<\/div>\n[\/vc_column_text][\/vc_tta_section][vc_tta_section title=\u00a0\u00bbLes transformations de l&rsquo;eau. Castellter\u00e7ol\u00a0\u00bb tab_id=\u00a0\u00bb1550244650443-d4ee8694-c25c\u00a0\u00bb][vc_column_text]\n<div class=\"accordion-content\">\n<p>L&rsquo;une des transformations les plus originales donn\u00e9es \u00e0 l&rsquo;eau \u00e0 l&rsquo;\u00e9poque pr\u00e9industrielle fut celle de la glace. Le Moian\u00e8s fut historiquement l&rsquo;une des r\u00e9gions de la M\u00e9diterran\u00e9e o\u00f9 cette activit\u00e9 fut la plus importante quant \u00e0 son volume et \u00e0 son incidence sociale.<\/p>\n<p>Cuirieusement, Castellter\u00e7ol fut le village qui en organisa le mieux la production et la commercialisation et aujourd&rsquo;hui encore, celui qui conserve le plus grand nombre de puits, d&rsquo;\u00e9tangs, de plateformes de chargement, etc. Sur ce site, vous pouvez savoir ce qu&rsquo;\u00e9taient les puits \u00e0 glace, comment on y travaillait, comment la glace \u00e9tait commercialis\u00e9e et aussi d\u00e9couvrir des puits singuliers ou encore visiter la chapelle du seul corps de m\u00e9tier de travailleurs de la glace qui ait jamais exist\u00e9 en Catalogne.<\/p>\n<p><strong>L&rsquo;UN DES SITES DE L&rsquo;ECOMUSEE A VISITER A CASTELLTER\u00c7OL EST CELUI DES PUITS DE LA GINEBREDA, o\u00f9 vous pourrez entrer \u00e0 l&rsquo;int\u00e9rieur d&rsquo;un des puits \u00e0 glace.<\/strong><\/p>\n<p><strong>A Castellter\u00e7ol se trouve aussi le Rentador de la llana, ancien lavoir \u00e0 laine.<\/strong><\/p>\n<\/div>\n[\/vc_column_text][\/vc_tta_section][vc_tta_section title=\u00a0\u00bbLes transformations de la terre. Sant Quirze Safaja\u00a0\u00bb tab_id=\u00a0\u00bb1550244676172-0cd48dc6-70e5&Prime;][vc_column_text]\n<div class=\"accordion-content\">\n<p>La terre et l&rsquo;eau sont deux des \u00e9l\u00e9ments naturels les plus courants et indispensables \u00e0 la soci\u00e9t\u00e9 pr\u00e9industrielle. Leur m\u00e9lange permet la transformation et la manipulation de la terre et sa conversion en mati\u00e8re de premi\u00e8re n\u00e9cessit\u00e9. Sur le site de Sant Quirze Safaja, nous d\u00e9couvrirons comment l&rsquo;on fabriquait traditionnellement le carrelage, les tuiles, les briques, ce qu&rsquo;\u00e9tait une tuilerie et comment elle fonctionnait.<\/p>\n<\/div>\n[\/vc_column_text][\/vc_tta_section][vc_tta_section title=\u00a0\u00bbLa production et l&rsquo;exploitation de la pierre. Monistrol de Calders\u00a0\u00bb tab_id=\u00a0\u00bb1550244705026-e1dd5ead-f3e7&Prime;][vc_column_text]\n<div class=\"accordion-content\">\n<p>La pierre fut un autre \u00e9l\u00e9ment utilis\u00e9 de mani\u00e8re intensive en Catalogne avant l&rsquo;industrialisation. Sur le site de Monistrol de Calders, nous pourrons d\u00e9couvrir l&rsquo;\u00e9volution technique et historique de l&rsquo;exploitation des carri\u00e8res, d\u00e9couvrir la technique traditionnelle de la pierre s\u00e8che (cabanes, murets, puits, etc.) et savoir quel usage en \u00e9tait fait selon leur origine et leurs caract\u00e9ristiques.<\/p>\n<\/div>\n[\/vc_column_text][\/vc_tta_section][vc_tta_section title=\u00a0\u00bbLes moulins \u00e0 eau. Moi\u00e0\u00a0\u00bb tab_id=\u00a0\u00bb1550244789579-92b17bf6-9c57&Prime;][vc_column_text]\n<div class=\"accordion-content\">\n<p>Les moulins constituaient le noyau de l&rsquo;\u00e9conomie pr\u00e9industrielle. T\u00f4t ou tard, tout le monde devait y passer. C&rsquo;est l\u00e0 que s&rsquo;\u00e9tablissaient les principaux accords commerciaux et l\u00e0 o\u00f9 les relations et les communications sociales \u00e9taient les plus importantes. N&rsquo;oublions pas non plus que les moulins \u00e9taient les lieux o\u00f9 survivaient les techniques les plus anciennes. A Moi\u00e0, nous d\u00e9couvrirons ce qu&rsquo;\u00e9taient les moulins \u00e0 eau traditionnels de notre r\u00e9gion et comment ils fonctionnaient, en quoi consistait le m\u00e9tier de meunier, quels produits y \u00e9taient \u00e9labor\u00e9s, quels moulins sont encore visibles et conserv\u00e9s et finalement, comment l&rsquo;on passa des moulins \u00e0 eau traditionnels aux moulins \u00e0 farine industriels.<\/p>\n<\/div>\n[\/vc_column_text][\/vc_tta_section][vc_tta_section title=\u00a0\u00bbDe la manufacture traditionnelle \u00e0 l&rsquo;industrie textile moderne. Santa Maria d&rsquo;Ol\u00f3\u00a0\u00bb tab_id=\u00a0\u00bb1550244825617-228a013e-eaca\u00a0\u00bb][vc_column_text]\n<div class=\"accordion-content\">\n<p>La Catalogne a toujours \u00e9t\u00e9 un pays \u00e0 l&rsquo;activit\u00e9 textile notable. Autrefois, les fermes participaient aussi de mani\u00e8re compl\u00e9mentaire aux travaux des manufactures textiles pr\u00e9industrielles, sp\u00e9cialement dans les processus de culture et de filature du lin et du chanvre. Le site de Santa Maria d&rsquo;Ol\u00f3 explique quelles \u00e9taient ces activit\u00e9s domestiques du textile et, plus sp\u00e9cialement, comment l&rsquo;on est pass\u00e9 \u00e0 l&rsquo;industrie textile moderne du coton.<\/p>\n<p><strong>A Santa Maria d&rsquo;Ol\u00f3 on peut visiter l&rsquo;Espai Hemalosa<\/strong><\/p>\n<\/div>\n[\/vc_column_text][\/vc_tta_section][vc_tta_section title=\u00a0\u00bbLes anciens moyens de transport et de communication. Collsuspina\u00a0\u00bb tab_id=\u00a0\u00bb1550244852106-d171c4d8-7d7a\u00a0\u00bb][vc_column_text]\n<div class=\"accordion-content\">\n<p>Quelle que soit l&rsquo;\u00e9poque, toute soci\u00e9t\u00e9 a toujours eu besoin de se d\u00e9placer et de communiquer. A l&rsquo;\u00e9poque pr\u00e9industrielle, ce besoin augment<strong>a<\/strong> de mani\u00e8re consid\u00e9rable avec l&rsquo;\u00e9tablissement des relations \u00e9conomiques et sociales indispensables au d\u00e9veloppement qui \u00e9tait en cours. A Collsuspina, on expliquera justement comment naquit ce village, au pied du chemin principal ou <em>Chemin Royal<\/em> (Cam\u00ed Ral); on expliquera ce qu&rsquo;\u00e9taient ces voies de circulation, ce que repr\u00e9sentaient les auberges, quels \u00e9taient les moyens de communication, quels \u00e9taient les m\u00e9tiers li\u00e9s \u00e0 ces chemins qui plus tard devinrent des routes principales, etc.<\/p>\n<\/div>\n[\/vc_column_text][\/vc_tta_section][vc_tta_section title=\u00a0\u00bbLa force de l&rsquo;eau et de la terre. L&rsquo;Estany\u00a0\u00bb tab_id=\u00a0\u00bb1550244873023-7b3d5ae4-4daa\u00a0\u00bb][vc_column_text]\n<div class=\"accordion-content\">\n<p>A l&rsquo;Estany, au pied de son magnifique monast\u00e8re roman, on pourra d\u00e9couvrir quels \u00e9taient les liens qu&rsquo;entretenait l&rsquo;homme avec la terre, par le biais de l&rsquo;intervention de l&rsquo;Eglise. Le pouvoir \u00e9conomique repose sur le contr\u00f4le et la ma\u00eetrise des ressources et des moyens de production. L&rsquo;\u00e9tang qui donne son nom au village conserve des vestiges architectoniques notables qui nous permettent de d\u00e9couvrir et d&rsquo;\u00e9valuer quelles \u00e9taient ces conditions et en d\u00e9finitive, de savoir quelle \u00e9tait la force des \u00e9l\u00e9ments naturels et qui en avait le contr\u00f4le.<\/p>\n<p><strong>A l&rsquo;Estany nous pouvons visiter la mine et la parcourir enti\u00e8rement.<\/strong><\/p>\n<\/div>\n[\/vc_column_text][\/vc_tta_section][vc_tta_section title=\u00a0\u00bbL&rsquo;exploitation des ressources animales. Granera\u00a0\u00bb tab_id=\u00a0\u00bb1550244896248-689afef7-fece\u00a0\u00bb][vc_column_text]\n<div class=\"accordion-content\">\n<p>Dans les \u00e9conomies traditionnelles, l&rsquo;exploitation exhaustive de toutes les ressources \u00e9tait indispensable \u00e0 la survie. Si certains des sites de l&rsquo;Ecomus\u00e9e pr\u00e9sentent l&rsquo;exploitation des ressources de la for\u00eat, de la terre, etc. celui de Granera nous fera d\u00e9couvrir tous les m\u00e9tiers et toutes les activit\u00e9s li\u00e9es \u00e0 l&rsquo;exploitation des animaux de la r\u00e9gion\u00a0: depuis les animaux de p\u00e2ture, au gibier et \u00e0 la p\u00eache en passant par l&rsquo;exploitation des peaux, des cornes, etc. sans oublier les syst\u00e8mes singuliers de p\u00e2ture, de chasse et de p\u00eache qui \u00e9taient utilis\u00e9s.<\/p>\n<\/div>\n[\/vc_column_text][\/vc_tta_section][\/vc_tta_accordion][\/vc_column][vc_column width=\u00a0\u00bb1\/3&Prime;][vc_column_text]Des chemins de pierres. Des chemins vieux et sages, t\u00e9moins de tant d&rsquo;all\u00e9es et venues. Faits de pierre tir\u00e9e des champs pour en faire des murets, des cabanes de vignobles, des \u00e9tangs de moulins et des puits \u00e0 glace.<\/p>\n<p>Des mains us\u00e9es \u00e0 la t\u00e2che, expertes et endurcies ont su tirer profit des dalles, quelle que soit leur taille et en faire toutes sortes de constructions. La pierre s\u00e8che a servi \u00e0 construire les cabanes de vignobles pour y ranger les outils et s&rsquo;y abriter en cas de pluie ou quand le soleil tapait trop fort. La pierre a aussi servi \u00e0 construire les puits \u00e0 glace. Entre le XVIII\u00e8me et le XX\u00e8me si\u00e8cle, le Moian\u00e8s fut l&rsquo;un des principaux distributeurs de barres de glace naturelle pour les bateaux, les poissonneries, les h\u00f4pitaux et les fabricants de cr\u00e8me glac\u00e9e de Barcelone.<\/p>\n<p>Parlons maintenant des tombes m\u00e9galithiques que nous ont laiss\u00e9es nos anc\u00eatres. Du d\u00e9licat travail des chapiteaux qui d\u00e9corent le clo\u00eetre de Santa Maria d&rsquo;Ol\u00f3. Ou de la conception impeccable de la mine qui ass\u00e9cha les mar\u00e9cages insalubres devant le monast\u00e8re. De la pierre, on a fait des meules pour les moulins, des enclos pour le b\u00e9tail, des tables pour le pique-nique pr\u00e8s des nombreuses sources. Le Moian\u00e8s prend soin de son patrimoine. Les villages, l&rsquo;industrie et les infrastructures ont connu une croissance \u00e0 une juste mesure, dans le respect des vieilles pierres. Celles-ci se montrent et s&rsquo;expliquent maintenant gr\u00e2ce \u00e0 l&rsquo;<strong>ECOMUSEE DU MOIANES<\/strong>.[\/vc_column_text][\/vc_column][\/vc_row][vc_row][vc_column][vc_empty_space height=\u00a0\u00bb52px\u00a0\u00bb][vc_separator][vc_column_text]Plus d&rsquo;information des <a href=\"https:\/\/moianesturisme.cat\/fr\/ecomusee\/lieux-a-visiter\/\">SITES A VISITER DE L&rsquo;ECOMUSEE<\/a>[\/vc_column_text][vc_gallery interval=\u00a0\u00bb3&Prime; images=\u00a0\u00bb1719,1782&Prime; img_size=\u00a0\u00bbfull\u00a0\u00bb][\/vc_column][\/vc_row][vc_row][vc_column][vc_empty_space height=\u00a0\u00bb100px\u00a0\u00bb][\/vc_column][\/vc_row]\n<\/div>","protected":false},"excerpt":{"rendered":"<p>[vc_row][vc_column][vc_custom_heading source=\u00a0\u00bbpost_title\u00a0\u00bb font_container=\u00a0\u00bbtag:h1|text_align:left\u00a0\u00bb use_theme_fonts=\u00a0\u00bbyes\u00a0\u00bb][vc_empty_space height=\u00a0\u00bb16px\u00a0\u00bb][vc_separator][\/vc_column][\/vc_row][vc_row gap=\u00a0\u00bb35&Prime;][vc_column width=\u00a0\u00bb2\/3&Prime;][vc_single_image image=\u00a0\u00bb1739&Prime; img_size=\u00a0\u00bbfull\u00a0\u00bb][\/vc_column][vc_column width=\u00a0\u00bb1\/3&Prime;][vc_column_text] SITES A VISITER DE L&rsquo;ECOMUSEE [\/vc_column_text][\/vc_column][\/vc_row][vc_row gap=\u00a0\u00bb35&Prime;][vc_column width=\u00a0\u00bb2\/3&Prime;][vc_custom_heading text=\u00a0\u00bbVeure el patrimoni en el seu lloc original.\u00a0\u00bb use_theme_fonts=\u00a0\u00bbyes\u00a0\u00bb][vc_empty_space height=\u00a0\u00bb16px\u00a0\u00bb][vc_column_text]Patrimoine pr\u00e9industriel. L&rsquo;Ecomus\u00e9e du Moian\u00e8s est un projet territorial et transversal qui a pour but principal de revaloriser le patrimoine existant du Moian\u00e8s et de le convertir en [&hellip;]<\/p>\n","protected":false},"author":1,"featured_media":0,"parent":0,"menu_order":10,"comment_status":"closed","ping_status":"closed","template":"page-templates\/page-content-home.php","meta":{"_acf_changed":false,"_monsterinsights_skip_tracking":false,"_monsterinsights_sitenote_active":false,"_monsterinsights_sitenote_note":"","_monsterinsights_sitenote_category":0,"footnotes":""},"class_list":["post-6456","page","type-page","status-publish","hentry"],"acf":[],"_links":{"self":[{"href":"https:\/\/moianesturisme.cat\/fr\/wp-json\/wp\/v2\/pages\/6456","targetHints":{"allow":["GET"]}}],"collection":[{"href":"https:\/\/moianesturisme.cat\/fr\/wp-json\/wp\/v2\/pages"}],"about":[{"href":"https:\/\/moianesturisme.cat\/fr\/wp-json\/wp\/v2\/types\/page"}],"author":[{"embeddable":true,"href":"https:\/\/moianesturisme.cat\/fr\/wp-json\/wp\/v2\/users\/1"}],"replies":[{"embeddable":true,"href":"https:\/\/moianesturisme.cat\/fr\/wp-json\/wp\/v2\/comments?post=6456"}],"version-history":[{"count":7,"href":"https:\/\/moianesturisme.cat\/fr\/wp-json\/wp\/v2\/pages\/6456\/revisions"}],"predecessor-version":[{"id":11617,"href":"https:\/\/moianesturisme.cat\/fr\/wp-json\/wp\/v2\/pages\/6456\/revisions\/11617"}],"wp:attachment":[{"href":"https:\/\/moianesturisme.cat\/fr\/wp-json\/wp\/v2\/media?parent=6456"}],"curies":[{"name":"wp","href":"https:\/\/api.w.org\/{rel}","templated":true}]}}