{"id":13357,"date":"2013-10-27T19:19:49","date_gmt":"2013-10-27T19:19:49","guid":{"rendered":"http:\/\/moianesturisme.cat\/ecomuseu\/"},"modified":"2020-06-01T13:25:02","modified_gmt":"2020-06-01T12:25:02","slug":"ecomuseo","status":"publish","type":"page","link":"https:\/\/moianesturisme.cat\/es\/ecomuseo\/","title":{"rendered":"Ecomuseo"},"content":{"rendered":"<div class=\"wpb-content-wrapper\">[vc_row][vc_column][vc_custom_heading text=\u00bbEcomuseu\u00bb font_container=\u00bbtag:h1|text_align:left\u00bb use_theme_fonts=\u00bbyes\u00bb][vc_empty_space height=\u00bb16px\u00bb][vc_separator][\/vc_column][\/vc_row][vc_row gap=\u00bb35&#8243;][vc_column width=\u00bb2\/3&#8243;][vc_single_image image=\u00bb1739&#8243; img_size=\u00bbfull\u00bb][\/vc_column][vc_column width=\u00bb1\/3&#8243;][vc_column_text]\n<h4 style=\"text-align: left;\"><a href=\"http:\/\/moianesturisme.cat\/llocs-visitables\/\">LLOCS VISITABLES DE L\u2019ECOMUSEU<\/a><\/h4>\n[\/vc_column_text][\/vc_column][\/vc_row][vc_row gap=\u00bb35&#8243;][vc_column width=\u00bb2\/3&#8243;][vc_custom_heading text=\u00bbVeure el patrimoni en el seu lloc original.\u00bb use_theme_fonts=\u00bbyes\u00bb][vc_empty_space height=\u00bb16px\u00bb][vc_column_text]<strong>Patrimoni preindustrial.<\/strong><\/p>\n<p>L\u2019 Ecomuseu del Moian\u00e8s \u00e9s un projecte territorial i transversal que t\u00e9 com a objectiu b\u00e0sic revaloritzar el patrimoni existent al Moian\u00e8s i convertir-lo en un producte tur\u00edstic cultural, mediambiental, social i econ\u00f2mic per tal de generar activitat econ\u00f2mica i nous llocs de treball en els deu municipis del Moian\u00e8s.<br \/>\nAmb un espai geogr\u00e0fic petit, com \u00e9s el Moian\u00e8s, podem veure totes les activitats econ\u00f2miques i els processos preindustrials, que es desenvolupaven al pa\u00eds al llarg dels segles XVII, XVIII i XIX, d\u2019una forma global i completa com \u00e9s l\u2019 Ecomuseu: un museu de m\u00e9s de 300 km<sup>2<\/sup> i amb m\u00e9s de 100 llocs vivitables.<\/p>\n<ul>\n<li>10 espais radials museitzables. Cadascun s\u2019ubicar\u00e0 en un dels municipis del Moian\u00e8s i presentar\u00e0 un \u00e0mbit tem\u00e0tic de l\u2019\u00e8poca pre-industrial al Moian\u00e8s.<\/li>\n<li>M\u00e9s de 100 llocs visitables que mostren aspectes de la hist\u00f2ria social i econ\u00f2mica del Moian\u00e8s i de les activitats productives de l\u2019\u00e8poca preindustrial.<\/li>\n<\/ul>\n<p>Les \u00e0rees tem\u00e0tiques principals, que constitueixen el fil argumental dels diferents radials i que configuren l\u2019Ecomuseu del Moian\u00e8s s\u00f3n:[\/vc_column_text][vc_tta_accordion style=\u00bbflat\u00bb color=\u00bbwhite\u00bb spacing=\u00bb25&#8243; gap=\u00bb25&#8243; active_section=\u00bb\u00bb collapsible_all=\u00bbtrue\u00bb][vc_tta_section title=\u00bbL&#8217;explotaci\u00f3 dels recursos al bosc. Castellcir\u00bb tab_id=\u00bb1550244539332-cad4795e-ef8d\u00bb][vc_column_text]El bosc ha estat durant segles el centre de l\u2019economia tradicional. M\u00e9s d\u2019una seixantena d\u2019oficis s\u2019hi han desenvolupat. Al radial de Castellcir en podem con\u00e8ixer uns quants i a la vegada descobrir l\u2019autosufici\u00e8ncia d\u2019una casa pairal ben singular: el mas d\u2019Esplugues: la llenya, el carbonet, els bolets, les plantes medicinals, la conservaci\u00f3 d\u2019aliments, etc. En aquest radial s\u2019explica els diferents aprofitaments del bosc.<\/p>\n<p><b>Aquest radial \u00e9s visitable: MAS ESPLUGUES \u00e9s una masia troglod\u00edtica constru\u00efda sota una bauma.<\/b>[\/vc_column_text][\/vc_tta_section][vc_tta_section title=\u00bbL&#8217;Explotaci\u00f3 de la for\u00e7a de l&#8217;aigua. Calders\u00bb tab_id=\u00bb1550244539370-6ed577c4-32fa\u00bb][vc_column_text]\n<div class=\"accordion-content\">\n<p>L\u2019aigua \u00e9s, encara avui, un dels principals sistemes de producci\u00f3 energ\u00e8tica. A Catalunya, malgrat tenir rius petits i irregulars, els recursos s\u2019han aprofitat al m\u00e0xim. El pas de l\u2019aprofitament pre-industrial (molins, adoberies\u2026) al m\u00f3n m\u00e9s contemporani (producci\u00f3 d\u2019electricitat, col\u00f2nies industrials\u2026 ) el podem con\u00e8ixer al radial de Calders: la col\u00f2nia Jorba.<\/p>\n<p><b>A Calders hi trobareu \u00a0El Forn de la Cal\u00e7, amb uns antics forns que es poden visitar.\u00a0<\/b><\/p>\n<\/div>\n[\/vc_column_text][\/vc_tta_section][vc_tta_section title=\u00bbLes transformacions de l&#8217;aigua. Castellter\u00e7ol\u00bb tab_id=\u00bb1550244650443-d4ee8694-c25c\u00bb][vc_column_text]\n<div class=\"accordion-content\">\n<p>Una de les transformacions m\u00e9s originals que s\u2019ha donat a l\u2019aigua a l\u2019\u00e8poca preindustrial ha estat el gel. El Moian\u00e8s ha estat hist\u00f2ricament la zona del Mediterrani m\u00e9s important en volum i incid\u00e8ncia social que ha donat aquesta activitat. Singularment Castellter\u00e7ol va ser el poble que millor va organitzar la producci\u00f3 i comercialitzaci\u00f3 i, encara avui, el que conserva un major nombre de poues, basses, carregadors, etc. En aquest radial podem con\u00e8ixer com era una poua de gel, com es treballava, com es comercialitzava, descobrir-hi pous singulars o visitar la capella de l\u2019 \u00fanic gremi de pouers de gel que ha existit mai a Catalunya.<\/p>\n<p><b>UN DELS LLOCS VISITABLES DE L\u2019ECOMUSEU A CASTELLTER\u00c7OL S\u00d3N LES POUES DE LA GINEBREDA , on podreu entrar dins una poua de gel. <\/b><\/p>\n<p><b>A Castellter\u00e7ol tamb\u00e9 hi trobareu el Rentador de la llana.\u00a0<\/b><\/p>\n<\/div>\n[\/vc_column_text][\/vc_tta_section][vc_tta_section title=\u00bbLes transformacions de la terra. Sant. Quirze Safaja\u00bb tab_id=\u00bb1550244676172-0cd48dc6-70e5&#8243;][vc_column_text]\n<div class=\"accordion-content\">\n<p>La terra i l\u2019aigua s\u00f3n dos dels elements naturals m\u00e9s usuals i imprescindibles a la societat preindustrial. La barreja permet la transformaci\u00f3 i manipulaci\u00f3 de la terra i convertir-la en material de primera necessitat. Al radial de Sant Quirze Safaja veurem com es feien tradicionalment les rajoles, les teules, els maons, com era i funcionava una b\u00f2bila, etc.<\/p>\n<\/div>\n[\/vc_column_text][\/vc_tta_section][vc_tta_section title=\u00bbLa producci\u00f3 i l&#8217;explotaci\u00f3 de la pedra. Monistrol de Calders\u00bb tab_id=\u00bb1550244705026-e1dd5ead-f3e7&#8243;][vc_column_text]\n<div class=\"accordion-content\">\n<p>Un altre element utilitzat intensivament a Catalunya abans de la industrialitzaci\u00f3 ha estat el de la pedra. Al radial de Monistrol de Calders podrem con\u00e8ixer l\u2019evoluci\u00f3 t\u00e8cnica i hist\u00f2rica de l\u2019explotaci\u00f3 de les pedreres, descobrir la t\u00e8cnica tradicional de la pedra seca (barraques, marges, pous, etc.) i saber l\u00b4\u00fas que se li ha donat segons el seu origen i les seves caracter\u00edstiques.<\/p>\n<\/div>\n[\/vc_column_text][\/vc_tta_section][vc_tta_section title=\u00bbEls molins hidr\u00e0ulics. Moi\u00e0\u00bb tab_id=\u00bb1550244789579-92b17bf6-9c57&#8243;][vc_column_text]\n<div class=\"accordion-content\">\n<p>Els molins eren el nucli central de l\u2019economia preindustrial. Tard o d\u2019hora, tothom havia de passar-hi. All\u00e0 era on s\u2019establien els principals tractes comercials i\u00a0 on hi havia la major relaci\u00f3 i comunicaci\u00f3 social, sense oblidar que \u00e9s en els molins o perviuen les tradicions t\u00e8cniques m\u00e9s antigues. A Moi\u00e0 podrem con\u00e8ixer qu\u00e8 eren i com funcionaven els molins hidr\u00e0ulics tradicionals de casa nostra, com treballava un moliner, quins productes elaborava, quins molins es poden veure i es conserven i, finalment, com es passa dels molins hidr\u00e0ulics a les modernes farineres industrials.<\/p>\n<\/div>\n[\/vc_column_text][\/vc_tta_section][vc_tta_section title=\u00bbDe la manufactura a la moderna ind\u00fastria t\u00e8xtil. Santa Maria d\u2019Ol\u00f3\u00bb tab_id=\u00bb1550244825617-228a013e-eaca\u00bb][vc_column_text]\n<div class=\"accordion-content\">\n<p>Catalunya ha estat, de sempre, un pa\u00eds amb una notable activitat t\u00e8xtil. Antigament a les cases de pag\u00e8s tamb\u00e9 es feien treballs complementaris a les manufactures t\u00e8xtils preindustrials, molt especialment els processos de conreu i filatura del lli i el c\u00e0nem. Al radial de Santa Maia d\u2019Ol\u00f3 s\u2019explica quines eren aquestes activitats dom\u00e8stiques del t\u00e8xtil, la seva producci\u00f3 i, molt especialment com es fa el pas a la moderna ind\u00fastria t\u00e8xtil de cot\u00f3.<\/p>\n<p><b>A Santa Maria d\u2019Ol\u00f3 podem visitar l\u2019Espai Hemalosa<\/b><\/p>\n<\/div>\n[\/vc_column_text][\/vc_tta_section][vc_tta_section title=\u00bbEls antics sistemes de transport i de comunicaci\u00f3. Collsuspina\u00bb tab_id=\u00bb1550244852106-d171c4d8-7d7a\u00bb][vc_column_text]\n<div class=\"accordion-content\">\n<p>En qualsevol \u00e8poca totes les societats han tingut la necessitat de despla\u00e7ar-se i comunicar-se. A l\u2019\u00e8poca preindustrial aquesta necessitat augmenta considerablement en establir-se relacions econ\u00f2miques i socials imprescindibles per al desenvolupament que s\u2019estava produint. A Collsuspina s\u2019explicar\u00e0 com justament neix aquest poble, a peu del cam\u00ed ral, com eren aquests camins, qu\u00e8 van representar els hostals, quins eren els mitjans de comunicaci\u00f3, , quins eren els oficis de cam\u00ed i m\u00e9s tard de carretera, etc.<\/p>\n<\/div>\n[\/vc_column_text][\/vc_tta_section][vc_tta_section title=\u00bbLa for\u00e7a de l&#8217;aigua i de la terra. L&#8217;Estany\u00bb tab_id=\u00bb1550244873023-7b3d5ae4-4daa\u00bb][vc_column_text]\n<div class=\"accordion-content\">\n<p>A l\u2019Estany, al peu del seu magn\u00edfic i singular monestir rom\u00e0nic hom podr\u00e0 con\u00e8ixer quins eren els lligams de l\u2019home amb la terra mitjan\u00e7ant la intervenci\u00f3 de l\u2019Esgl\u00e9sia. El poder econ\u00f2mic recau en el control i el domini que es t\u00e9 sobre els recursos i sobre els mitjans de producci\u00f3. El singular estany que d\u00f3na nom al poble conserva notables vestigis arquitect\u00f2nics que ens permeten descobrir i valorar quines eren aquestes condicions i, en definitiva, quina era la for\u00e7a dels elements naturals i qui hi tenia el control.<\/p>\n<p><b>A l\u2019estany podem visitar la mina i fer-hi un passeig al llarg del seu recorregut.\u00a0<\/b><\/p>\n<\/div>\n[\/vc_column_text][\/vc_tta_section][vc_tta_section title=\u00bbL&#8217;Explotaci\u00f3 dels recursos animals. Granera\u00bb tab_id=\u00bb1550244896248-689afef7-fece\u00bb][vc_column_text]\n<div class=\"accordion-content\">\n<p>En les economies tradicionals, l\u2019aprofitament exhaustiu de tots els recursos era imprescindible per a la pr\u00f2pia superviv\u00e8ncia. Si en altres llocs de l\u2019Ecomuseu hom pot descobrir l\u2019aprofitament dels recursos del bosc, de la terra, etc.., a Granera es podr\u00e0 con\u00e8ixer tots els oficis i activitats lligats a l\u2019aprofitament dels animals de la comarca: des dels animals de pastura fins a la ca\u00e7a, la pesca, passant per l\u2019aprofitament de la pell, la banya, etc\u2026, sense oblidar els singulars sistemes de pastura, ca\u00e7a i pesca que s\u2019utilitzaven.<\/p>\n<\/div>\n[\/vc_column_text][\/vc_tta_section][\/vc_tta_accordion][\/vc_column][vc_column width=\u00bb1\/3&#8243;][vc_column_text]Camins de pedra. Camins vells i savis, han vist traginar la pedra amunt i avall. L\u2019han treta dels camps per fer-ne marjades i barraques de vinya, basses de molins i poues de gel.<\/p>\n<p>Mans esfor\u00e7ades, expertes i endurides van saber aprofitar les lloses de qualsevol mida per aixecar-ne les construccions m\u00e9s diverses. Amb pedra seca es van fer les barraques de vinya per guardar les eines i trobar aixopluc en cas e pluja o de sol massa exigent. Tamb\u00e9 amb pedra es van construir les poues de gel. Entre els segles XVIII i XX, el Moian\u00e8s va ser un dels principals subministradors de barres de gla\u00e7 natural als vaixells, peixateries, hospitals i fabricants de gelats barcelonins.<\/p>\n<p>Parlem de les tombes megal\u00edtiques que ens han deixat els antics. Del delicat treball dels capitells que decoren el claustre de Santa Maria de l\u2019Estany. O del disseny impecable de la mina que va dessecar uns aiguamolls insalubres davant del monestir. Amb pedra s\u2019han fet moles de molins, tancats per al bestiar i taules de berenada en nombroses fonts. El Moian\u00e8s est\u00e0 tenint molta cura del seu patrimoni. Els pobles, la ind\u00fastria i les infraestructures han crescut en la mida justa. Les pedres antigues s\u2019han respectat. I ara s\u2019ensenyen i s\u2019expliquen a trav\u00e9s de <strong>L\u2019ECOMUSEU DEL MOIAN\u00c8S.<\/strong>[\/vc_column_text][\/vc_column][\/vc_row][vc_row][vc_column][vc_empty_space height=\u00bb52px\u00bb][vc_separator][vc_column_text]M\u00e9s informaci\u00f3 dels <a href=\"http:\/\/moianesturisme.cat\/llocs-visitables\/\">LLOCS VISITABLES DE L\u2019ECOMUSEU<\/a>[\/vc_column_text][vc_gallery interval=\u00bb3&#8243; images=\u00bb1719,1782&#8243; img_size=\u00bbfull\u00bb][\/vc_column][\/vc_row][vc_row][vc_column][vc_empty_space height=\u00bb100px\u00bb][\/vc_column][\/vc_row]\n<\/div>","protected":false},"excerpt":{"rendered":"<p>[vc_row][vc_column][vc_custom_heading text=\u00bbEcomuseu\u00bb font_container=\u00bbtag:h1|text_align:left\u00bb use_theme_fonts=\u00bbyes\u00bb][vc_empty_space height=\u00bb16px\u00bb][vc_separator][\/vc_column][\/vc_row][vc_row gap=\u00bb35&#8243;][vc_column width=\u00bb2\/3&#8243;][vc_single_image image=\u00bb1739&#8243; img_size=\u00bbfull\u00bb][\/vc_column][vc_column width=\u00bb1\/3&#8243;][vc_column_text] LLOCS VISITABLES DE L\u2019ECOMUSEU [\/vc_column_text][\/vc_column][\/vc_row][vc_row gap=\u00bb35&#8243;][vc_column width=\u00bb2\/3&#8243;][vc_custom_heading text=\u00bbVeure el patrimoni en el seu lloc original.\u00bb use_theme_fonts=\u00bbyes\u00bb][vc_empty_space height=\u00bb16px\u00bb][vc_column_text]Patrimoni preindustrial. L\u2019 Ecomuseu del Moian\u00e8s \u00e9s un projecte territorial i transversal que t\u00e9 com a objectiu b\u00e0sic revaloritzar el patrimoni existent al Moian\u00e8s i convertir-lo en un producte [&hellip;]<\/p>\n","protected":false},"author":1,"featured_media":0,"parent":0,"menu_order":10,"comment_status":"closed","ping_status":"closed","template":"page-templates\/page-content-home.php","meta":{"_acf_changed":false,"_monsterinsights_skip_tracking":false,"_monsterinsights_sitenote_active":false,"_monsterinsights_sitenote_note":"","_monsterinsights_sitenote_category":0,"footnotes":""},"class_list":["post-13357","page","type-page","status-publish","hentry"],"acf":[],"_links":{"self":[{"href":"https:\/\/moianesturisme.cat\/es\/wp-json\/wp\/v2\/pages\/13357","targetHints":{"allow":["GET"]}}],"collection":[{"href":"https:\/\/moianesturisme.cat\/es\/wp-json\/wp\/v2\/pages"}],"about":[{"href":"https:\/\/moianesturisme.cat\/es\/wp-json\/wp\/v2\/types\/page"}],"author":[{"embeddable":true,"href":"https:\/\/moianesturisme.cat\/es\/wp-json\/wp\/v2\/users\/1"}],"replies":[{"embeddable":true,"href":"https:\/\/moianesturisme.cat\/es\/wp-json\/wp\/v2\/comments?post=13357"}],"version-history":[{"count":2,"href":"https:\/\/moianesturisme.cat\/es\/wp-json\/wp\/v2\/pages\/13357\/revisions"}],"predecessor-version":[{"id":13771,"href":"https:\/\/moianesturisme.cat\/es\/wp-json\/wp\/v2\/pages\/13357\/revisions\/13771"}],"wp:attachment":[{"href":"https:\/\/moianesturisme.cat\/es\/wp-json\/wp\/v2\/media?parent=13357"}],"curies":[{"name":"wp","href":"https:\/\/api.w.org\/{rel}","templated":true}]}}