{"id":13317,"date":"2013-10-27T23:15:21","date_gmt":"2013-10-27T23:15:21","guid":{"rendered":"http:\/\/moianesturisme.cat\/home\/somos-10-pueblos\/sta-maria-dolo\/"},"modified":"2020-06-01T10:13:43","modified_gmt":"2020-06-01T09:13:43","slug":"sta-maria-dolo","status":"publish","type":"page","link":"https:\/\/moianesturisme.cat\/es\/home\/somos-10-pueblos\/sta-maria-dolo\/","title":{"rendered":"Santa Maria d&#8217;Ol\u00f3"},"content":{"rendered":"<div class=\"wpb-content-wrapper\">[vc_row][vc_column][vc_custom_heading text=\u00bbSanta Maria d&#8217;Ol\u00f3\u00bb font_container=\u00bbtag:h1|text_align:left\u00bb use_theme_fonts=\u00bbyes\u00bb][vc_empty_space height=\u00bb16px\u00bb][vc_separator][\/vc_column][\/vc_row][vc_row][vc_column width=\u00bb2\/3&#8243;][vc_single_image image=\u00bb1806&#8243; img_size=\u00bbfull\u00bb][vc_empty_space height=\u00bb16px\u00bb][vc_custom_heading text=\u00bbUn viatge al rom\u00e0nic i al barroc\u00bb use_theme_fonts=\u00bbyes\u00bb][vc_empty_space height=\u00bb6px\u00bb][vc_column_text]Santa Maria d\u2019Ol\u00f3, al nord del Moian\u00e8s, es troba envoltat d\u2019un espectacular paisatge de camps i boscos. El nucli primitiu del poble es troba assentat a una al\u00e7ada de 542 metres. Aquest nucli es form\u00e0 dalt del tur\u00f3 al voltant de l\u2019antic castell i l\u2019esgl\u00e9sia de Santa Maria, i avui s\u2019ha est\u00e8s i compr\u00e8n els ravals de la Rovirola i de Santa Eul\u00e0lia.<\/p>\n<p>Pertanyen al terme d\u2019Ol\u00f3, l\u2019antiga masia de Rocabruna i la quadra del Sol\u00e0 de Sant Esteve. la parr\u00f2quia de Sant Joan d\u2019Ol\u00f3 i de cam\u00ed cap a L\u2019Estany hi trobem Sant Feliuet de Terrassola. La xarxa hidrogr\u00e0fica b\u00e0sica la constitueixen la Gavarresa, la Riera d\u2019Ol\u00f3 i la de Malrub\u00ed.<\/p>\n<p>Les primeres not\u00edcies del terme daten de l\u2019any 889 i el 930 s\u2019esmenta per primer cop el castell.<\/p>\n<p>Despr\u00e9s d\u2019extingit el llinatge dels Ol\u00f3 i de diferents vendes, el castell pass\u00e0 a dependre l\u2019any 1364 del Monestir de l\u2019Estany. Tot i els diferents intents per part de la gent d\u2019Ol\u00f3 de redimir-se del domini del monestir, la redempci\u00f3 efectiva no es dugu\u00e9 a terme fins el 1597.<\/p>\n<p>Pel que fa a l\u2019activitat econ\u00f2mica, destaca el desplegament de la ind\u00fastria de la llana i l\u2019ofici de paraire a partir del s.XVII. El municipi \u00e9s com un compendi de les formes de vida catalana del darrer segle i mig, on el m\u00f3n rural, encara for\u00e7a actiu, ha anat deixant progressivament pas a la industrialitzaci\u00f3.[\/vc_column_text][\/vc_column][vc_column width=\u00bb1\/3&#8243;][vc_single_image image=\u00bb1805&#8243; img_size=\u00bbfull\u00bb alignment=\u00bbcenter\u00bb][vc_empty_space height=\u00bb16px\u00bb][vc_column_text]\n<h4 style=\"text-align: center;\"><a href=\"http:\/\/www.olo.cat\" target=\"_blank\" rel=\"noopener noreferrer\">olo.cat<\/a><\/h4>\n<p style=\"text-align: center;\">1043 habitants (2018)<br \/>\n66,18 km2<br \/>\n542 metres sobre el nivell del mar<\/p>\n[\/vc_column_text][\/vc_column][\/vc_row][vc_row][vc_column][vc_empty_space][vc_custom_heading text=\u00bbPunts d&#8217;inter\u00e8s\u00bb font_container=\u00bbtag:h3|text_align:left\u00bb use_theme_fonts=\u00bbyes\u00bb][vc_separator][vc_empty_space height=\u00bb16px\u00bb][vc_basic_grid post_type=\u00bbproject\u00bb max_items=\u00bb\u00bb element_width=\u00bb3&#8243; item=\u00bb10741&#8243; grid_id=\u00bbvc_gid:1553519574251-2df058be-3ece-1&#8243; taxonomies=\u00bb526&#8243;][vc_empty_space][vc_separator][\/vc_column][\/vc_row][vc_row][vc_column][vc_custom_heading text=\u00bbSom 10 pobles\u00bb use_theme_fonts=\u00bbyes\u00bb][vc_row_inner][vc_column_inner width=\u00bb1\/3&#8243;][vc_column_text el_class=\u00bbno-bullet no-padding\u00bb]\n<ul>\n<li>\n<h4><a href=\"https:\/\/moianesturisme.cat\/es\/home\/somos-10-pueblos\/calders\/\">Calders<\/a><\/h4>\n<\/li>\n<li>\n<h4><a href=\"https:\/\/moianesturisme.cat\/es\/home\/somos-10-pueblos\/castellcir\/\">Castellcir<\/a><\/h4>\n<\/li>\n<li>\n<h4><a href=\"https:\/\/moianesturisme.cat\/es\/home\/somos-10-pueblos\/castelltercol\/\">Castellter\u00e7ol<\/a><\/h4>\n<\/li>\n<li>\n<h4><a href=\"https:\/\/moianesturisme.cat\/es\/home\/somos-10-pueblos\/collsuspina\/\">Collsuspina<\/a><\/h4>\n<\/li>\n<\/ul>\n[\/vc_column_text][\/vc_column_inner][vc_column_inner width=\u00bb1\/3&#8243;][vc_column_text el_class=\u00bbno-bullet no-padding\u00bb]\n<ul>\n<li>\n<h4><a href=\"https:\/\/moianesturisme.cat\/es\/home\/somos-10-pueblos\/lestany\/\">L\u2019Estany<\/a><\/h4>\n<\/li>\n<li>\n<h4><a href=\"https:\/\/moianesturisme.cat\/es\/home\/somos-10-pueblos\/granera\/\">Granera<\/a><\/h4>\n<\/li>\n<li>\n<h4><a href=\"https:\/\/moianesturisme.cat\/es\/home\/somos-10-pueblos\/moia\/\">Moi\u00e0<\/a><\/h4>\n<\/li>\n<\/ul>\n[\/vc_column_text][\/vc_column_inner][vc_column_inner width=\u00bb1\/3&#8243;][vc_column_text el_class=\u00bbno-bullet no-padding\u00bb]\n<ul>\n<li>\n<h4><a href=\"https:\/\/moianesturisme.cat\/es\/home\/somos-10-pueblos\/monistrol-de-calders\/\">Monistrol de Calders<\/a><\/h4>\n<\/li>\n<li>\n<h4><a href=\"\/?page_id=5882\">Santa Maria d\u2019Ol\u00f3<\/a><\/h4>\n<\/li>\n<li>\n<h4><a href=\"https:\/\/moianesturisme.cat\/es\/home\/somos-10-pueblos\/st-quirze-de-safaja\/\">Sant Quirze de Safaja<\/a><\/h4>\n<\/li>\n<\/ul>\n[\/vc_column_text][\/vc_column_inner][\/vc_row_inner][vc_empty_space height=\u00bb100px\u00bb][\/vc_column][\/vc_row]\n<\/div>","protected":false},"excerpt":{"rendered":"<p>[vc_row][vc_column][vc_custom_heading text=\u00bbSanta Maria d&#8217;Ol\u00f3\u00bb font_container=\u00bbtag:h1|text_align:left\u00bb use_theme_fonts=\u00bbyes\u00bb][vc_empty_space height=\u00bb16px\u00bb][vc_separator][\/vc_column][\/vc_row][vc_row][vc_column width=\u00bb2\/3&#8243;][vc_single_image image=\u00bb1806&#8243; img_size=\u00bbfull\u00bb][vc_empty_space height=\u00bb16px\u00bb][vc_custom_heading text=\u00bbUn viatge al rom\u00e0nic i al barroc\u00bb use_theme_fonts=\u00bbyes\u00bb][vc_empty_space height=\u00bb6px\u00bb][vc_column_text]Santa Maria d\u2019Ol\u00f3, al nord del Moian\u00e8s, es troba envoltat d\u2019un espectacular paisatge de camps i boscos. El nucli primitiu del poble es troba assentat a una al\u00e7ada de 542 metres. Aquest nucli es form\u00e0 dalt [&hellip;]<\/p>\n","protected":false},"author":1,"featured_media":0,"parent":13282,"menu_order":0,"comment_status":"closed","ping_status":"closed","template":"page-templates\/page-content-home.php","meta":{"_acf_changed":false,"_monsterinsights_skip_tracking":false,"_monsterinsights_sitenote_active":false,"_monsterinsights_sitenote_note":"","_monsterinsights_sitenote_category":0,"footnotes":""},"class_list":["post-13317","page","type-page","status-publish","hentry"],"acf":[],"_links":{"self":[{"href":"https:\/\/moianesturisme.cat\/es\/wp-json\/wp\/v2\/pages\/13317","targetHints":{"allow":["GET"]}}],"collection":[{"href":"https:\/\/moianesturisme.cat\/es\/wp-json\/wp\/v2\/pages"}],"about":[{"href":"https:\/\/moianesturisme.cat\/es\/wp-json\/wp\/v2\/types\/page"}],"author":[{"embeddable":true,"href":"https:\/\/moianesturisme.cat\/es\/wp-json\/wp\/v2\/users\/1"}],"replies":[{"embeddable":true,"href":"https:\/\/moianesturisme.cat\/es\/wp-json\/wp\/v2\/comments?post=13317"}],"version-history":[{"count":1,"href":"https:\/\/moianesturisme.cat\/es\/wp-json\/wp\/v2\/pages\/13317\/revisions"}],"predecessor-version":[{"id":13321,"href":"https:\/\/moianesturisme.cat\/es\/wp-json\/wp\/v2\/pages\/13317\/revisions\/13321"}],"up":[{"embeddable":true,"href":"https:\/\/moianesturisme.cat\/es\/wp-json\/wp\/v2\/pages\/13282"}],"wp:attachment":[{"href":"https:\/\/moianesturisme.cat\/es\/wp-json\/wp\/v2\/media?parent=13317"}],"curies":[{"name":"wp","href":"https:\/\/api.w.org\/{rel}","templated":true}]}}