{"id":13299,"date":"2013-10-26T20:20:26","date_gmt":"2013-10-26T20:20:26","guid":{"rendered":"http:\/\/moianesturisme.cat\/home\/somos-10-pueblos\/castelltercol\/"},"modified":"2020-06-01T10:12:00","modified_gmt":"2020-06-01T09:12:00","slug":"castelltercol","status":"publish","type":"page","link":"https:\/\/moianesturisme.cat\/es\/home\/somos-10-pueblos\/castelltercol\/","title":{"rendered":"Castellter\u00e7ol"},"content":{"rendered":"<div class=\"wpb-content-wrapper\">[vc_row][vc_column][vc_custom_heading text=\u00bbCastellter\u00e7ol\u00bb font_container=\u00bbtag:h1|text_align:left\u00bb use_theme_fonts=\u00bbyes\u00bb][vc_empty_space height=\u00bb16px\u00bb][vc_separator][\/vc_column][\/vc_row][vc_row][vc_column width=\u00bb2\/3&#8243;][vc_single_image image=\u00bb1753&#8243; img_size=\u00bbfull\u00bb][vc_empty_space height=\u00bb16px\u00bb][vc_custom_heading text=\u00bbEncant i personalitat a cada rac\u00f3\u00bb use_theme_fonts=\u00bbyes\u00bb][vc_empty_space height=\u00bb6px\u00bb][vc_column_text]Castellter\u00e7ol est\u00e0 situat al mig de l\u2019altipl\u00e0 de la comarca del Moian\u00e8s, a cavall entre la plana de Vic, el Pla del Bages i el Vall\u00e8s Oriental. La seva bellesa paisatg\u00edstica \u00e9s \u00fanica; el municipi es troba envoltat de bosc i des de qualsevol tur\u00f3 o carena podem veure el Montseny, Montserrat i fins i tot els Pirineus.<\/p>\n<p>El poble, que a l\u2019estiu arriba a doblar-se en nombre d\u2019habitants, t\u00e9 una gran quantitat de fonts, torrenteres, d\u00f2lmens, oratoris i una bona colla de masies pairals, algunes habitades i d\u2019altres adaptades per al turisme rural, les quals conserven encara l\u2019encant del passat per\u00f2 amb les comoditats del present. A dins la poblaci\u00f3, ben conservada, hi trobem boniques torres i cases residencials.<\/p>\n<p>Castellter\u00e7ol compta una ind\u00fastria aliment\u00e0ria molt rica, des de productes naturals i ecol\u00f2gics fins a la producci\u00f3 de conserves de t\u00f2fones, bolets, mel, pastisseria selecta o plats precuinats.<\/p>\n<p>Als castellter\u00e7olencs, tamb\u00e9 els agrada presumir de \u201c<a href=\"http:\/\/dansadecastelltercol.cat\" target=\"_blank\" rel=\"noopener noreferrer\">La dansa de Castellter\u00e7ol<\/a>\u201d, declarada com a festa tradicional d\u2019inter\u00e8s nacional.[\/vc_column_text][\/vc_column][vc_column width=\u00bb1\/3&#8243;][vc_single_image image=\u00bb1751&#8243; img_size=\u00bbfull\u00bb alignment=\u00bbcenter\u00bb][vc_empty_space height=\u00bb16px\u00bb][vc_column_text]\n<h4 style=\"text-align: center;\"><a href=\"http:\/\/www.castelltersol.cat\" target=\"_blank\" rel=\"noopener noreferrer\">castelltersol.cat<\/a><\/h4>\n<p style=\"text-align: center;\">2.424 habitants (2018)<br \/>\n31,9 km2<br \/>\n726 metres sobre el nivell del mar<\/p>\n[\/vc_column_text][\/vc_column][\/vc_row][vc_row][vc_column][vc_empty_space][vc_custom_heading text=\u00bbPunts d&#8217;inter\u00e8s\u00bb font_container=\u00bbtag:h3|text_align:left\u00bb use_theme_fonts=\u00bbyes\u00bb][vc_separator][vc_empty_space height=\u00bb16px\u00bb][vc_basic_grid post_type=\u00bbproject\u00bb max_items=\u00bb\u00bb element_width=\u00bb3&#8243; item=\u00bb10741&#8243; grid_id=\u00bbvc_gid:1553519278690-6d438e92-0fcb-8&#8243; taxonomies=\u00bb518&#8243;][vc_empty_space][vc_separator][\/vc_column][\/vc_row][vc_row][vc_column][vc_custom_heading text=\u00bbSom 10 pobles\u00bb use_theme_fonts=\u00bbyes\u00bb][vc_row_inner][vc_column_inner width=\u00bb1\/3&#8243;][vc_column_text el_class=\u00bbno-bullet no-padding\u00bb]\n<ul>\n<li>\n<h4><a href=\"https:\/\/moianesturisme.cat\/es\/home\/somos-10-pueblos\/calders\/\">Calders<\/a><\/h4>\n<\/li>\n<li>\n<h4><a href=\"https:\/\/moianesturisme.cat\/es\/home\/somos-10-pueblos\/castellcir\/\">Castellcir<\/a><\/h4>\n<\/li>\n<li>\n<h4><a href=\"\/?page_id=1749\">Castellter\u00e7ol<\/a><\/h4>\n<\/li>\n<li>\n<h4><a href=\"\/?page_id=1767\">Collsuspina<\/a><\/h4>\n<\/li>\n<\/ul>\n[\/vc_column_text][\/vc_column_inner][vc_column_inner width=\u00bb1\/3&#8243;][vc_column_text el_class=\u00bbno-bullet no-padding\u00bb]\n<ul>\n<li>\n<h4><a href=\"\/?page_id=1764\">L\u2019Estany<\/a><\/h4>\n<\/li>\n<li>\n<h4><a href=\"\/?page_id=1799\">Granera<\/a><\/h4>\n<\/li>\n<li>\n<h4><a href=\"\/?page_id=1755\">Moi\u00e0<\/a><\/h4>\n<\/li>\n<\/ul>\n[\/vc_column_text][\/vc_column_inner][vc_column_inner width=\u00bb1\/3&#8243;][vc_column_text el_class=\u00bbno-bullet no-padding\u00bb]\n<ul>\n<li>\n<h4><a href=\"\/?page_id=1791\">Monistrol de Calders<\/a><\/h4>\n<\/li>\n<li>\n<h4><a href=\"\/?page_id=1803\">Santa Maria d\u2019Ol\u00f3<\/a><\/h4>\n<\/li>\n<li>\n<h4><a href=\"\/?page_id=1795\">Sant Quirze de Safaja<\/a><\/h4>\n<\/li>\n<\/ul>\n[\/vc_column_text][\/vc_column_inner][\/vc_row_inner][vc_empty_space height=\u00bb100px\u00bb][\/vc_column][\/vc_row]\n<\/div>","protected":false},"excerpt":{"rendered":"<p>[vc_row][vc_column][vc_custom_heading text=\u00bbCastellter\u00e7ol\u00bb font_container=\u00bbtag:h1|text_align:left\u00bb use_theme_fonts=\u00bbyes\u00bb][vc_empty_space height=\u00bb16px\u00bb][vc_separator][\/vc_column][\/vc_row][vc_row][vc_column width=\u00bb2\/3&#8243;][vc_single_image image=\u00bb1753&#8243; img_size=\u00bbfull\u00bb][vc_empty_space height=\u00bb16px\u00bb][vc_custom_heading text=\u00bbEncant i personalitat a cada rac\u00f3\u00bb use_theme_fonts=\u00bbyes\u00bb][vc_empty_space height=\u00bb6px\u00bb][vc_column_text]Castellter\u00e7ol est\u00e0 situat al mig de l\u2019altipl\u00e0 de la comarca del Moian\u00e8s, a cavall entre la plana de Vic, el Pla del Bages i el Vall\u00e8s Oriental. La seva bellesa paisatg\u00edstica \u00e9s \u00fanica; el municipi es troba envoltat de [&hellip;]<\/p>\n","protected":false},"author":1,"featured_media":0,"parent":13282,"menu_order":0,"comment_status":"closed","ping_status":"closed","template":"page-templates\/page-content-home.php","meta":{"_acf_changed":false,"_monsterinsights_skip_tracking":false,"_monsterinsights_sitenote_active":false,"_monsterinsights_sitenote_note":"","_monsterinsights_sitenote_category":0,"footnotes":""},"class_list":["post-13299","page","type-page","status-publish","hentry"],"acf":[],"_links":{"self":[{"href":"https:\/\/moianesturisme.cat\/es\/wp-json\/wp\/v2\/pages\/13299","targetHints":{"allow":["GET"]}}],"collection":[{"href":"https:\/\/moianesturisme.cat\/es\/wp-json\/wp\/v2\/pages"}],"about":[{"href":"https:\/\/moianesturisme.cat\/es\/wp-json\/wp\/v2\/types\/page"}],"author":[{"embeddable":true,"href":"https:\/\/moianesturisme.cat\/es\/wp-json\/wp\/v2\/users\/1"}],"replies":[{"embeddable":true,"href":"https:\/\/moianesturisme.cat\/es\/wp-json\/wp\/v2\/comments?post=13299"}],"version-history":[{"count":2,"href":"https:\/\/moianesturisme.cat\/es\/wp-json\/wp\/v2\/pages\/13299\/revisions"}],"predecessor-version":[{"id":13306,"href":"https:\/\/moianesturisme.cat\/es\/wp-json\/wp\/v2\/pages\/13299\/revisions\/13306"}],"up":[{"embeddable":true,"href":"https:\/\/moianesturisme.cat\/es\/wp-json\/wp\/v2\/pages\/13282"}],"wp:attachment":[{"href":"https:\/\/moianesturisme.cat\/es\/wp-json\/wp\/v2\/media?parent=13299"}],"curies":[{"name":"wp","href":"https:\/\/api.w.org\/{rel}","templated":true}]}}