{"id":17858,"date":"2026-01-14T16:56:10","date_gmt":"2026-01-14T14:56:10","guid":{"rendered":"https:\/\/moianesturisme.cat\/agendacultural\/?post_type=tribe_events&#038;p=17858"},"modified":"2026-01-14T16:56:10","modified_gmt":"2026-01-14T14:56:10","slug":"presentacio-del-llibre-potser-en-una-altra-vida-2","status":"publish","type":"tribe_events","link":"https:\/\/moianesturisme.cat\/agendacultural\/activitat\/presentacio-del-llibre-potser-en-una-altra-vida-2\/","title":{"rendered":"Presentaci\u00f3 del llibre: Potser en una altra vida"},"content":{"rendered":"<p>Aix\u00f2 no \u00e9s un llibre d\u2019autoajuda. \u00c9s m\u00e9s aviat un llibre de \u2018desajuda\u2019: una barreja d\u2019humor negre, sarcasme i reflexions inc\u00f2modes sobre tot all\u00f2 que ens fa perdre la paci\u00e8ncia (i de vegades la dignitat).<\/p>\n<p>Aqu\u00ed trobar\u00e0s cap\u00edtols sobre matins assassins, ansietats que et vigilen com un entrenador personal invisible, fam\u00edlies que semblen un <em>reality<\/em> i somnis massa cars per a la targeta de cr\u00e8dit. Et far\u00e0 riure, et far\u00e0 pensar i potser et far\u00e0 enfadar. Per\u00f2 sobretot et recordar\u00e0 que la vida no necessita finals feli\u00e7os de postal, sin\u00f3 una mica de lucidesa i molta ironia per\u00a0sobreviure-hi.<\/p>\n","protected":false},"excerpt":{"rendered":"<p>Aix\u00f2 no \u00e9s un llibre d\u2019autoajuda. \u00c9s m\u00e9s aviat un llibre de \u2018desajuda\u2019: una barreja d\u2019humor negre, sarcasme i reflexions inc\u00f2modes sobre tot all\u00f2 que ens fa perdre la paci\u00e8ncia (i de vegades la dignitat). Aqu\u00ed trobar\u00e0s cap\u00edtols sobre matins assassins, ansietats que et vigilen com un entrenador personal invisible, fam\u00edlies que semblen un reality<\/p>\n","protected":false},"author":2,"featured_media":17859,"template":"","meta":{"_acf_changed":false,"_tribe_events_status":"","_tribe_events_status_reason":"","_tribe_events_is_hybrid":"","_tribe_events_is_virtual":"","_tribe_events_virtual_video_source":"","_tribe_events_virtual_embed_video":"","_tribe_events_virtual_linked_button_text":"","_tribe_events_virtual_linked_button":"","_tribe_events_virtual_show_embed_at":"","_tribe_events_virtual_show_embed_to":[],"_tribe_events_virtual_show_on_event":"","_tribe_events_virtual_show_on_views":"","_tribe_events_virtual_url":"","footnotes":""},"tags":[],"tribe_events_cat":[49],"class_list":["post-17858","tribe_events","type-tribe_events","status-publish","has-post-thumbnail","hentry","tribe_events_cat-activitat-literaria","cat_activitat-literaria"],"acf":[],"_links":{"self":[{"href":"https:\/\/moianesturisme.cat\/agendacultural\/wp-json\/wp\/v2\/tribe_events\/17858","targetHints":{"allow":["GET"]}}],"collection":[{"href":"https:\/\/moianesturisme.cat\/agendacultural\/wp-json\/wp\/v2\/tribe_events"}],"about":[{"href":"https:\/\/moianesturisme.cat\/agendacultural\/wp-json\/wp\/v2\/types\/tribe_events"}],"author":[{"embeddable":true,"href":"https:\/\/moianesturisme.cat\/agendacultural\/wp-json\/wp\/v2\/users\/2"}],"version-history":[{"count":2,"href":"https:\/\/moianesturisme.cat\/agendacultural\/wp-json\/wp\/v2\/tribe_events\/17858\/revisions"}],"predecessor-version":[{"id":17861,"href":"https:\/\/moianesturisme.cat\/agendacultural\/wp-json\/wp\/v2\/tribe_events\/17858\/revisions\/17861"}],"wp:featuredmedia":[{"embeddable":true,"href":"https:\/\/moianesturisme.cat\/agendacultural\/wp-json\/wp\/v2\/media\/17859"}],"wp:attachment":[{"href":"https:\/\/moianesturisme.cat\/agendacultural\/wp-json\/wp\/v2\/media?parent=17858"}],"wp:term":[{"taxonomy":"post_tag","embeddable":true,"href":"https:\/\/moianesturisme.cat\/agendacultural\/wp-json\/wp\/v2\/tags?post=17858"},{"taxonomy":"tribe_events_cat","embeddable":true,"href":"https:\/\/moianesturisme.cat\/agendacultural\/wp-json\/wp\/v2\/tribe_events_cat?post=17858"}],"curies":[{"name":"wp","href":"https:\/\/api.w.org\/{rel}","templated":true}]}}