{"id":17775,"date":"2025-12-23T17:06:42","date_gmt":"2025-12-23T15:06:42","guid":{"rendered":"https:\/\/moianesturisme.cat\/agendacultural\/?post_type=tribe_events&#038;p=17775"},"modified":"2025-12-23T17:06:42","modified_gmt":"2025-12-23T15:06:42","slug":"monistroljugui-2025","status":"publish","type":"tribe_events","link":"https:\/\/moianesturisme.cat\/agendacultural\/activitat\/monistroljugui-2025\/","title":{"rendered":"Monistroljugui 2025"},"content":{"rendered":"<p>FINS A I3<\/p>\n<p>&#8211; Taller de m\u00fasica en fam\u00edlia (a c\u00e0rrec de Laura Gual , professora de l&#8217;escola de m\u00fasica d&#8217;Art\u00e9s) Aquesta activitat es far\u00e0 en dos torns: un a les 16:45 i l&#8217;altre i les 17:45. Places limitades a 10 infants\/families per grup.<\/p>\n<p>&#8211; Zona de moviment lliure (gentilesa de <a class=\"x1i10hfl xjbqb8w x1ejq31n x18oe1m7 x1sy0etr xstzfhl x972fbf x10w94by x1qhh985 x14e42zd x9f619 x1ypdohk xt0psk2 x3ct3a4 xdj266r x14z9mp xat24cr x1lziwak xexx8yu xyri2b x18d9i69 x1c1uobl x16tdsg8 x1hl2dhg xggy1nq x1a2a7pz notranslate _a6hd\" tabindex=\"0\" role=\"link\" href=\"https:\/\/www.instagram.com\/caliumoianes\/\">@caliumoianes<\/a> )<\/p>\n<p>&#8211; Espai d&#8217;experimentaci\u00f3 i sensorial<\/p>\n<p>A PARTIR DE I4<\/p>\n<p>&#8211; Taller de galetes ( a c\u00e0rrec de Gemma Arrieta)<\/p>\n<p>&#8211; Zona de construcci\u00f3 de legos<\/p>\n<p>&#8211; Zona art\u00edstica<\/p>\n<p>&#8211; Jocs de taula<\/p>\n<p>&#8211; ping-pong<\/p>\n<p>&#8211; Scalextric ( a c\u00e0rrec de David Moya)<\/p>\n<p>PER A TOTES LES EDATS<\/p>\n<p>. Taller de macram\u00e9 ( a c\u00e0rrec de la Merc\u00e8 Montferrer de <a class=\"x1i10hfl xjbqb8w x1ejq31n x18oe1m7 x1sy0etr xstzfhl x972fbf x10w94by x1qhh985 x14e42zd x9f619 x1ypdohk xt0psk2 x3ct3a4 xdj266r x14z9mp xat24cr x1lziwak xexx8yu xyri2b x18d9i69 x1c1uobl x16tdsg8 x1hl2dhg xggy1nq x1a2a7pz notranslate _a6hd\" tabindex=\"0\" role=\"link\" href=\"https:\/\/www.instagram.com\/nusosmonistrol\/\">@nusosmonistrol<\/a> )<\/p>\n<p>. Pinta-cares<\/p>\n<p>Durant la tarda hi haur\u00e0 servei de bar amb begudes i berenars.<\/p>\n<p>I la rifa solid\u00e0ria gr\u00e0cies a <a class=\"x1i10hfl xjbqb8w x1ejq31n x18oe1m7 x1sy0etr xstzfhl x972fbf x10w94by x1qhh985 x14e42zd x9f619 x1ypdohk xt0psk2 x3ct3a4 xdj266r x14z9mp xat24cr x1lziwak xexx8yu xyri2b x18d9i69 x1c1uobl x16tdsg8 x1hl2dhg xggy1nq x1a2a7pz notranslate _a6hd\" tabindex=\"0\" role=\"link\" href=\"https:\/\/www.instagram.com\/lapera_fruits_artes\/\">@lapera_fruits_artes<\/a> : una panera de fruita.<br \/>\nCada n\u00famero de la llumineta \u00e9s de 2\u20ac. El sorteig es far\u00e0 el mateix dissabte.<\/p>\n<p>INSCRIPCI\u00d3 A: memorialpersempremarta@gmail.com o whatsaap al 669905631 (Susana) i 628082417 (Rosa)<\/p>\n","protected":false},"excerpt":{"rendered":"<p>FINS A I3 &#8211; Taller de m\u00fasica en fam\u00edlia (a c\u00e0rrec de Laura Gual , professora de l&#8217;escola de m\u00fasica d&#8217;Art\u00e9s) Aquesta activitat es far\u00e0 en dos torns: un a les 16:45 i l&#8217;altre i les 17:45. Places limitades a 10 infants\/families per grup. &#8211; Zona de moviment lliure (gentilesa de @caliumoianes ) &#8211; Espai<\/p>\n","protected":false},"author":2,"featured_media":17776,"template":"","meta":{"_acf_changed":false,"_tribe_events_status":"","_tribe_events_status_reason":"","_tribe_events_is_hybrid":"","_tribe_events_is_virtual":"","_tribe_events_virtual_video_source":"","_tribe_events_virtual_embed_video":"","_tribe_events_virtual_linked_button_text":"","_tribe_events_virtual_linked_button":"","_tribe_events_virtual_show_embed_at":"","_tribe_events_virtual_show_embed_to":[],"_tribe_events_virtual_show_on_event":"","_tribe_events_virtual_show_on_views":"","_tribe_events_virtual_url":"","footnotes":""},"tags":[],"tribe_events_cat":[177],"class_list":["post-17775","tribe_events","type-tribe_events","status-publish","has-post-thumbnail","hentry","tribe_events_cat-activitat-solidaria","cat_activitat-solidaria"],"acf":[],"_links":{"self":[{"href":"https:\/\/moianesturisme.cat\/agendacultural\/wp-json\/wp\/v2\/tribe_events\/17775","targetHints":{"allow":["GET"]}}],"collection":[{"href":"https:\/\/moianesturisme.cat\/agendacultural\/wp-json\/wp\/v2\/tribe_events"}],"about":[{"href":"https:\/\/moianesturisme.cat\/agendacultural\/wp-json\/wp\/v2\/types\/tribe_events"}],"author":[{"embeddable":true,"href":"https:\/\/moianesturisme.cat\/agendacultural\/wp-json\/wp\/v2\/users\/2"}],"version-history":[{"count":1,"href":"https:\/\/moianesturisme.cat\/agendacultural\/wp-json\/wp\/v2\/tribe_events\/17775\/revisions"}],"predecessor-version":[{"id":17777,"href":"https:\/\/moianesturisme.cat\/agendacultural\/wp-json\/wp\/v2\/tribe_events\/17775\/revisions\/17777"}],"wp:featuredmedia":[{"embeddable":true,"href":"https:\/\/moianesturisme.cat\/agendacultural\/wp-json\/wp\/v2\/media\/17776"}],"wp:attachment":[{"href":"https:\/\/moianesturisme.cat\/agendacultural\/wp-json\/wp\/v2\/media?parent=17775"}],"wp:term":[{"taxonomy":"post_tag","embeddable":true,"href":"https:\/\/moianesturisme.cat\/agendacultural\/wp-json\/wp\/v2\/tags?post=17775"},{"taxonomy":"tribe_events_cat","embeddable":true,"href":"https:\/\/moianesturisme.cat\/agendacultural\/wp-json\/wp\/v2\/tribe_events_cat?post=17775"}],"curies":[{"name":"wp","href":"https:\/\/api.w.org\/{rel}","templated":true}]}}