{"id":16686,"date":"2025-09-04T09:47:26","date_gmt":"2025-09-04T07:47:26","guid":{"rendered":"https:\/\/moianesturisme.cat\/agendacultural\/?post_type=tribe_events&#038;p=16686"},"modified":"2025-09-04T09:47:26","modified_gmt":"2025-09-04T07:47:26","slug":"exposicio-jaume-casacuberta-roma","status":"publish","type":"tribe_events","link":"https:\/\/moianesturisme.cat\/agendacultural\/activitat\/exposicio-jaume-casacuberta-roma\/","title":{"rendered":"Exposici\u00f3 &#8220;Jaume Casacuberta Roma&#8221;"},"content":{"rendered":"<div>\n<div class=\"html-div xdj266r x14z9mp xat24cr x1lziwak xyri2b x1c1uobl x9f619 xjbqb8w x78zum5 x15mokao x1ga7v0g x16uus16 xbiv7yw xsag5q8 xz9dl7a x1uhb9sk x1plvlek xryxfnj x1c4vz4f x2lah0s x1q0g3np xqjyukv x1qjc9v5 x1oa3qoh x1nhvcw1\">\n<div class=\"html-div xdj266r x14z9mp xat24cr x1lziwak xexx8yu xyri2b x18d9i69 x1c1uobl x9f619 xjbqb8w x78zum5 x15mokao x1ga7v0g x16uus16 xbiv7yw x1uhb9sk x1plvlek xryxfnj x1iyjqo2 x2lwn1j xeuugli x1q0g3np xqjyukv x1qjc9v5 x1oa3qoh x1nhvcw1\">\n<div class=\"html-div xdj266r x14z9mp xat24cr x1lziwak xexx8yu xyri2b x18d9i69 x1c1uobl x9f619 xjbqb8w x78zum5 x15mokao x1ga7v0g x16uus16 xbiv7yw x1uhb9sk x1plvlek xryxfnj x1iyjqo2 x2lwn1j xeuugli xdt5ytf xqjyukv x1qjc9v5 x1oa3qoh x1nhvcw1\">\n<div class=\"html-div xdj266r x14z9mp xat24cr x1lziwak xexx8yu xyri2b x18d9i69 x1c1uobl x9f619 xjbqb8w x78zum5 x15mokao x1ga7v0g x16uus16 xbiv7yw x1uhb9sk x1plvlek xryxfnj x1c4vz4f x2lah0s xdt5ytf xqjyukv x1qjc9v5 x1oa3qoh x1nhvcw1\"><span class=\"x193iq5w xeuugli x13faqbe x1vvkbs xt0psk2 x1i0vuye xvs91rp xo1l8bm x5n08af x10wh9bi xpm28yp x8viiok x1o7cslx x126k92a\">Tenim el goig de mostrar l\u02bcexposici\u00f3 d\u02bcun conegut pintor calder\u00ed, nascut a la Col\u00f2nia Jorba l\u02bcany 1932, que des de petit ja se li despert\u00e0 la forta inquietud, observant com feien les pintures de l\u02bcesgl\u00e9sia de Viladecavalls, per deixar const\u00e0ncia dels moments lluminosos i alhora fugissers que podem observar en els seus quadres. Quadres equilibrats, de tons c\u00e0lids, que reflecteixen instants, racons propers, amb la mirada serena on s\u02bchi entreveuen pauses de silenci que se\u02bcns dubte ens captivaran. Aquesta exposici\u00f3 vol destacar algunes obres centrades en l\u02bcentorn calder\u00ed i del Moian\u00e8s, comarca que coneixia b\u00e9 per les seves estades estiuenques a la vila de Moi\u00e0. El mes d\u02bcagost de 1994, organitzat des de la parr\u00f2quia de Sant Vicen\u00e7, ja es va fer a Calders una exposici\u00f3 a ca la Marieta. Sigui, doncs, aquesta exposici\u00f3 tamb\u00e9 un acte de merescut reconeixement i homenatge al pintor nascut al nostre municipi.<\/p>\n<p>JAUME CASACUBERTA ROMA<br \/>\nVa n\u00e9ixer a la Col\u00f2nia Jorba, de la parr\u00f2quia de Viladecavalls de Calders, l&#8217;any 1932 i ens va deixar el 7 de gener del 2020. Fill d\u02bcen Pere i de la Carme de Can Joan Bosch. Ja des de petit la seva afici\u00f3 va ser la pintura. Quan encara era un nen es va interessar molt per la feina que feien a l&#8217;esgl\u00e9sia de Viladecavalls. Observava embadalit com treballaven, fins que, als 14 anys, es va traslladar a Manresa per treballar d\u02bcaprenent a l\u02bcempresa d\u02bcen Manel Mestres i en Vidal Gom\u00e0, que era un pintor especialitzat en grans pintures per a esgl\u00e9sies i col\u00b7laborador d&#8217;en Mestres. Durant molt de temps van pintar i restaurar diverses esgl\u00e9sies i capelles del pa\u00eds. Anys m\u00e9s tard, va entrar a treballar a Can Jorba de Manresa, a l&#8217;equip de disseny i publicitat. Particip\u00e0 en nombrosos concursos de pintura r\u00e0pida d&#8217;arreu del pa\u00eds, activitat que complement\u00e0 amb la pintura d&#8217;estudi.<\/span><\/div>\n<div class=\"html-div xdj266r x14z9mp xat24cr x1lziwak xexx8yu xyri2b x18d9i69 x1c1uobl x9f619 xjbqb8w x78zum5 x15mokao x1ga7v0g x16uus16 xbiv7yw x1uhb9sk x1plvlek xryxfnj x1c4vz4f x2lah0s x1q0g3np xqjyukv x6s0dn4 x1oa3qoh x1nhvcw1\"><\/div>\n<\/div>\n<\/div>\n<\/div>\n<\/div>\n<div class=\"html-div x14z9mp xat24cr xexx8yu xyri2b x18d9i69 x1c1uobl x9f619 xjbqb8w x78zum5 x15mokao x1ga7v0g x16uus16 xbiv7yw x14vqqas x11hdunq x1uhb9sk x1plvlek xryxfnj x1c4vz4f x2lah0s xdt5ytf xqjyukv x1qjc9v5 x1oa3qoh x1nhvcw1\"><\/div>\n<div class=\"x78zum5 xdt5ytf x1iyjqo2\">\n<div class=\"x1iyjqo2\">\n<div class=\"html-div xdj266r x14z9mp xat24cr x1lziwak xexx8yu xyri2b x18d9i69 x1c1uobl x9f619 x16ye13r xjbqb8w x78zum5 x15mokao x1ga7v0g x16uus16 xbiv7yw x1uhb9sk x1plvlek xryxfnj x1c4vz4f x2lah0s xdt5ytf xqjyukv x6s0dn4 x1oa3qoh xl56j7k\">\n<div class=\"html-div xdj266r x14z9mp x1lziwak xexx8yu xyri2b x18d9i69 x1c1uobl x9f619 xjbqb8w x78zum5 x15mokao x1ga7v0g x16uus16 xbiv7yw x1e56ztr x1uhb9sk x1plvlek xryxfnj x1c4vz4f x2lah0s xdt5ytf xqjyukv x1qjc9v5 x1oa3qoh x1nhvcw1\"><\/div>\n<\/div>\n<\/div>\n<\/div>\n","protected":false},"excerpt":{"rendered":"<p>Tenim el goig de mostrar l\u02bcexposici\u00f3 d\u02bcun conegut pintor calder\u00ed, nascut a la Col\u00f2nia Jorba l\u02bcany 1932, que des de petit ja se li despert\u00e0 la forta inquietud, observant com feien les pintures de l\u02bcesgl\u00e9sia de Viladecavalls, per deixar const\u00e0ncia dels moments lluminosos i alhora fugissers que podem observar en els seus quadres. Quadres equilibrats,<\/p>\n","protected":false},"author":2,"featured_media":16687,"template":"","meta":{"_acf_changed":false,"_tribe_events_status":"","_tribe_events_status_reason":"","_tribe_events_is_hybrid":"","_tribe_events_is_virtual":"","_tribe_events_virtual_video_source":"","_tribe_events_virtual_embed_video":"","_tribe_events_virtual_linked_button_text":"","_tribe_events_virtual_linked_button":"","_tribe_events_virtual_show_embed_at":"","_tribe_events_virtual_show_embed_to":[],"_tribe_events_virtual_show_on_event":"","_tribe_events_virtual_show_on_views":"","_tribe_events_virtual_url":"","footnotes":""},"tags":[],"tribe_events_cat":[73],"class_list":["post-16686","tribe_events","type-tribe_events","status-publish","has-post-thumbnail","hentry","tribe_events_cat-exposicions","cat_exposicions"],"acf":[],"_links":{"self":[{"href":"https:\/\/moianesturisme.cat\/agendacultural\/wp-json\/wp\/v2\/tribe_events\/16686","targetHints":{"allow":["GET"]}}],"collection":[{"href":"https:\/\/moianesturisme.cat\/agendacultural\/wp-json\/wp\/v2\/tribe_events"}],"about":[{"href":"https:\/\/moianesturisme.cat\/agendacultural\/wp-json\/wp\/v2\/types\/tribe_events"}],"author":[{"embeddable":true,"href":"https:\/\/moianesturisme.cat\/agendacultural\/wp-json\/wp\/v2\/users\/2"}],"version-history":[{"count":1,"href":"https:\/\/moianesturisme.cat\/agendacultural\/wp-json\/wp\/v2\/tribe_events\/16686\/revisions"}],"predecessor-version":[{"id":16688,"href":"https:\/\/moianesturisme.cat\/agendacultural\/wp-json\/wp\/v2\/tribe_events\/16686\/revisions\/16688"}],"wp:featuredmedia":[{"embeddable":true,"href":"https:\/\/moianesturisme.cat\/agendacultural\/wp-json\/wp\/v2\/media\/16687"}],"wp:attachment":[{"href":"https:\/\/moianesturisme.cat\/agendacultural\/wp-json\/wp\/v2\/media?parent=16686"}],"wp:term":[{"taxonomy":"post_tag","embeddable":true,"href":"https:\/\/moianesturisme.cat\/agendacultural\/wp-json\/wp\/v2\/tags?post=16686"},{"taxonomy":"tribe_events_cat","embeddable":true,"href":"https:\/\/moianesturisme.cat\/agendacultural\/wp-json\/wp\/v2\/tribe_events_cat?post=16686"}],"curies":[{"name":"wp","href":"https:\/\/api.w.org\/{rel}","templated":true}]}}