{"id":13042,"date":"2024-09-03T18:03:40","date_gmt":"2024-09-03T16:03:40","guid":{"rendered":"https:\/\/moianesturisme.cat\/agendacultural\/?post_type=tribe_events&#038;p=13042"},"modified":"2024-09-03T18:03:40","modified_gmt":"2024-09-03T16:03:40","slug":"viu-lestiu-a-lecomuseu-visita-a-lespai-marius-torres-puidolena-sant-quirze-safaja","status":"publish","type":"tribe_events","link":"https:\/\/moianesturisme.cat\/agendacultural\/activitat\/viu-lestiu-a-lecomuseu-visita-a-lespai-marius-torres-puidolena-sant-quirze-safaja\/","title":{"rendered":"Viu l&#8217;estiu a l&#8217;Ecomuseu: Visita a l&#8217;Espai M\u00e0rius Torres- Puidolena-Sant Quirze Safaja"},"content":{"rendered":"<p>Visita guiada per\u00a0 diferents espais del sanatori de Puigdolena, on M\u00e0rius Torres va passar els darrers anys de la seva vida, on va escriure la pr\u00e0ctica totalitat de la seva obra, entorn que li don\u00e0 un afinament especial dels sentits, m\u00e9s sensibles per la malaltia.<\/p>\n<p>https:\/\/www.santquirzesafaja.es\/p%C3%A0gines\/turisme\/marius-torres<\/p>\n","protected":false},"excerpt":{"rendered":"<p>Visita guiada per\u00a0 diferents espais del sanatori de Puigdolena, on M\u00e0rius Torres va passar els darrers anys de la seva vida, on va escriure la pr\u00e0ctica totalitat de la seva obra, entorn que li don\u00e0 un afinament especial dels sentits, m\u00e9s sensibles per la malaltia. https:\/\/www.santquirzesafaja.es\/p%C3%A0gines\/turisme\/marius-torres<\/p>\n","protected":false},"author":5,"featured_media":0,"template":"","meta":{"_acf_changed":false,"_tribe_events_status":"","_tribe_events_status_reason":"","_tribe_events_is_hybrid":"","_tribe_events_is_virtual":"","_tribe_events_virtual_video_source":"","_tribe_events_virtual_embed_video":"","_tribe_events_virtual_linked_button_text":"","_tribe_events_virtual_linked_button":"","_tribe_events_virtual_show_embed_at":"","_tribe_events_virtual_show_embed_to":[],"_tribe_events_virtual_show_on_event":"","_tribe_events_virtual_show_on_views":"","_tribe_events_virtual_url":"","footnotes":""},"tags":[],"tribe_events_cat":[],"class_list":["post-13042","tribe_events","type-tribe_events","status-publish","hentry"],"acf":[],"_links":{"self":[{"href":"https:\/\/moianesturisme.cat\/agendacultural\/wp-json\/wp\/v2\/tribe_events\/13042","targetHints":{"allow":["GET"]}}],"collection":[{"href":"https:\/\/moianesturisme.cat\/agendacultural\/wp-json\/wp\/v2\/tribe_events"}],"about":[{"href":"https:\/\/moianesturisme.cat\/agendacultural\/wp-json\/wp\/v2\/types\/tribe_events"}],"author":[{"embeddable":true,"href":"https:\/\/moianesturisme.cat\/agendacultural\/wp-json\/wp\/v2\/users\/5"}],"version-history":[{"count":1,"href":"https:\/\/moianesturisme.cat\/agendacultural\/wp-json\/wp\/v2\/tribe_events\/13042\/revisions"}],"predecessor-version":[{"id":13043,"href":"https:\/\/moianesturisme.cat\/agendacultural\/wp-json\/wp\/v2\/tribe_events\/13042\/revisions\/13043"}],"wp:attachment":[{"href":"https:\/\/moianesturisme.cat\/agendacultural\/wp-json\/wp\/v2\/media?parent=13042"}],"wp:term":[{"taxonomy":"post_tag","embeddable":true,"href":"https:\/\/moianesturisme.cat\/agendacultural\/wp-json\/wp\/v2\/tags?post=13042"},{"taxonomy":"tribe_events_cat","embeddable":true,"href":"https:\/\/moianesturisme.cat\/agendacultural\/wp-json\/wp\/v2\/tribe_events_cat?post=13042"}],"curies":[{"name":"wp","href":"https:\/\/api.w.org\/{rel}","templated":true}]}}