{"id":11034,"date":"2024-05-15T23:48:15","date_gmt":"2024-05-15T21:48:15","guid":{"rendered":"https:\/\/moianesturisme.cat\/agendacultural\/?post_type=tribe_events&#038;p=11034"},"modified":"2024-05-15T23:48:15","modified_gmt":"2024-05-15T21:48:15","slug":"cicle-joves-talents-daniel-bertomeu-piano-2","status":"publish","type":"tribe_events","link":"https:\/\/moianesturisme.cat\/agendacultural\/activitat\/cicle-joves-talents-daniel-bertomeu-piano-2\/","title":{"rendered":"Cicle Joves Talents: DANIEL BERTOMEU, piano"},"content":{"rendered":"<div class=\"presentacio\">\n<p>El Cicle de Joves Talents Maria Vilardell Vi\u00f1as d\u00f3na oportunitat a m\u00fasics que estan acabant la seva formaci\u00f3 per tal que comencin a tenir acc\u00e9s als escenaris i circu\u00efts concert\u00edstics, com a part essencial de la seva formaci\u00f3, ja que la presentaci\u00f3 davant del p\u00fablic \u00e9s una part de l&#8217;acte comunicatiu del concert que s&#8217;assoleix nom\u00e9s amb la pr\u00f2pia experi\u00e8ncia.<\/p>\n<p>Avui comptem amb un jove pianista deixeble de Daniel Ligorio.<\/p>\n<p>A trav\u00e9s del programa \u201cUn viatge pel romanticisme\u201d el jove int\u00e8rpret que us presentem avui ens porta de la m\u00e0 per passejar entre una selecci\u00f3 de diferents compositors, tots ells de la seva \u00e8poca preferida, a la recerca d&#8217;una explosi\u00f3 d&#8217;emocions i sentiments, i un equilibri intel\u00b7ligent entre la sensibilitat, l&#8217;enteniment i la nost\u00e0lgia.<\/p>\n<\/div>\n<div class=\"row \">\n<div class=\"columns small-12\">\n<h4 class=\"titol-programa\">Programa<\/h4>\n<div class=\"presentacio descrip\">\n<p>I<br \/>\n<strong>FRANZ SCHUBERT<\/strong><br \/>\n<em>Drei Klavierst\u00fccke, D. 946<\/em><br \/>\nII<br \/>\n<strong>ENRIC GRANADOS <\/strong><br \/>\n<em>Allegro de concierto, op. 46<\/em><br \/>\n<strong>SERGEI RAKHM\u00c0NINOV <\/strong><br \/>\n<em>Prelude, No.5 \u201cAlla Marcia\u201d, op. 23<\/em><br \/>\n<strong>FREDERIC CHOPIN<\/strong><br \/>\n<em>Etudes, op.25<\/em><\/p>\n<\/div>\n<\/div>\n<\/div>\n","protected":false},"excerpt":{"rendered":"<p>El Cicle de Joves Talents Maria Vilardell Vi\u00f1as d\u00f3na oportunitat a m\u00fasics que estan acabant la seva formaci\u00f3 per tal que comencin a tenir acc\u00e9s als escenaris i circu\u00efts concert\u00edstics, com a part essencial de la seva formaci\u00f3, ja que la presentaci\u00f3 davant del p\u00fablic \u00e9s una part de l&#8217;acte comunicatiu del concert que s&#8217;assoleix<\/p>\n","protected":false},"author":15,"featured_media":0,"template":"","meta":{"_acf_changed":false,"_tribe_events_status":"","_tribe_events_status_reason":"","_tribe_events_is_hybrid":"","_tribe_events_is_virtual":"","_tribe_events_virtual_video_source":"","_tribe_events_virtual_embed_video":"","_tribe_events_virtual_linked_button_text":"","_tribe_events_virtual_linked_button":"","_tribe_events_virtual_show_embed_at":"","_tribe_events_virtual_show_embed_to":[],"_tribe_events_virtual_show_on_event":"","_tribe_events_virtual_show_on_views":"","_tribe_events_virtual_url":"","footnotes":""},"tags":[],"tribe_events_cat":[124,71,76],"class_list":["post-11034","tribe_events","type-tribe_events","status-publish","hentry","tribe_events_cat-cultura","tribe_events_cat-espectacles","tribe_events_cat-musica","cat_cultura","cat_espectacles","cat_musica"],"acf":[],"_links":{"self":[{"href":"https:\/\/moianesturisme.cat\/agendacultural\/wp-json\/wp\/v2\/tribe_events\/11034","targetHints":{"allow":["GET"]}}],"collection":[{"href":"https:\/\/moianesturisme.cat\/agendacultural\/wp-json\/wp\/v2\/tribe_events"}],"about":[{"href":"https:\/\/moianesturisme.cat\/agendacultural\/wp-json\/wp\/v2\/types\/tribe_events"}],"author":[{"embeddable":true,"href":"https:\/\/moianesturisme.cat\/agendacultural\/wp-json\/wp\/v2\/users\/15"}],"version-history":[{"count":1,"href":"https:\/\/moianesturisme.cat\/agendacultural\/wp-json\/wp\/v2\/tribe_events\/11034\/revisions"}],"predecessor-version":[{"id":11035,"href":"https:\/\/moianesturisme.cat\/agendacultural\/wp-json\/wp\/v2\/tribe_events\/11034\/revisions\/11035"}],"wp:attachment":[{"href":"https:\/\/moianesturisme.cat\/agendacultural\/wp-json\/wp\/v2\/media?parent=11034"}],"wp:term":[{"taxonomy":"post_tag","embeddable":true,"href":"https:\/\/moianesturisme.cat\/agendacultural\/wp-json\/wp\/v2\/tags?post=11034"},{"taxonomy":"tribe_events_cat","embeddable":true,"href":"https:\/\/moianesturisme.cat\/agendacultural\/wp-json\/wp\/v2\/tribe_events_cat?post=11034"}],"curies":[{"name":"wp","href":"https:\/\/api.w.org\/{rel}","templated":true}]}}