{"id":5760,"date":"2022-12-22T19:28:10","date_gmt":"2022-12-22T17:28:10","guid":{"rendered":"https:\/\/moianesturisme.cat\/agendacultural\/?page_id=5760"},"modified":"2023-07-17T12:38:45","modified_gmt":"2023-07-17T10:38:45","slug":"avis-legal","status":"publish","type":"page","link":"https:\/\/moianesturisme.cat\/agendacultural\/avis-legal\/","title":{"rendered":"Av\u00eds legal"},"content":{"rendered":"<div class=\"fusion-fullwidth fullwidth-box fusion-builder-row-1 fusion-flex-container has-pattern-background has-mask-background nonhundred-percent-fullwidth non-hundred-percent-height-scrolling\" style=\"--awb-border-radius-top-left:0px;--awb-border-radius-top-right:0px;--awb-border-radius-bottom-right:0px;--awb-border-radius-bottom-left:0px;--awb-flex-wrap:wrap;\" ><div class=\"fusion-builder-row fusion-row fusion-flex-align-items-flex-start fusion-flex-content-wrap\" style=\"max-width:1216.8px;margin-left: calc(-4% \/ 2 );margin-right: calc(-4% \/ 2 );\"><div class=\"fusion-layout-column fusion_builder_column fusion-builder-column-0 fusion_builder_column_1_1 1_1 fusion-flex-column\" style=\"--awb-bg-size:cover;--awb-width-large:100%;--awb-margin-top-large:0px;--awb-spacing-right-large:1.92%;--awb-margin-bottom-large:20px;--awb-spacing-left-large:1.92%;--awb-width-medium:100%;--awb-order-medium:0;--awb-spacing-right-medium:1.92%;--awb-spacing-left-medium:1.92%;--awb-width-small:100%;--awb-order-small:0;--awb-spacing-right-small:1.92%;--awb-spacing-left-small:1.92%;\"><div class=\"fusion-column-wrapper fusion-column-has-shadow fusion-flex-justify-content-flex-start fusion-content-layout-column\"><div class=\"fusion-text fusion-text-1\"><h2>Av\u00eds legal<\/h2>\n<p>El Consell Comarcal del Moian\u00e8s mant\u00e9 aquest portal web amb l&#8217;objectiu de facilitar l&#8217;acc\u00e9s a informaci\u00f3 relacionada amb les activitats i esdeveniments que es fan a la comarca del Moian\u00e8s de manera actualitzada i exacte. Tractarem de corregir els errors que se&#8217;ns assenyali amb la m\u00e0xima celeritat possible. No obstant el Consell Comarcal del Moian\u00e8s\u00a0no pot garantir la inexist\u00e8ncia d\u2019errors ni que el contingut de la informaci\u00f3 es trobi permanentment actualitzat.<\/p>\n<p>En conformitat a l\u2019establert a les lleis 15\/1999, 34\/2002, 37\/2007 s\u2019informa del seg\u00fcent:<\/p>\n<h2>Titularitat de la p\u00e0gina web<\/h2>\n<p>&#8211; Domini: <a href=\"http:\/\/www.moianesturisme.cat\/agendacultural\">www.moianesturisme.cat\/agendacultural<\/a><\/p>\n<p>&#8211; Titular: Consell Comarcal del Moian\u00e8s<\/p>\n<p>&#8211; Adre\u00e7a: C\/de les Joies, 11-13 08180 | Consell Comarcal del Moian\u00e8s<\/p>\n<p>&#8211; Tel\u00e8fon: 93 820 80 00<\/p>\n<p>&#8211; Adre\u00e7a electr\u00f2nica:\u00a0<a href=\"mailto:ccmn.cultura@ccmoianes.cat\">ccmn.cultura@ccmoianes.cat<\/a><\/p>\n<p>&#8211; C.I.F.: P0800317J<\/p>\n<h2>Reproducci\u00f3 de continguts propis<\/h2>\n<p>La\u00a0<a href=\"http:\/\/www.boe.es\/boe_catalan\/dias\/2007\/11\/30\/pdfs\/A04905-04909.pdf\">Llei 37\/2007, de 16 de novembre, sobre reutilitzaci\u00f3 de la informaci\u00f3 del sector p\u00fablic<\/a>, que transposa la\u00a0<a href=\"http:\/\/eur-lex.europa.eu\/LexUriServ\/LexUriServ.do?uri=CELEX:32003L0098:ES:HTML\">Directiva 2003\/98\/CE del Parlament Europeu i del Consell<\/a>, regula la reutilitzaci\u00f3 de la informaci\u00f3 p\u00fablica de qu\u00e8 disposen les administracions i organismes en qu\u00e8 participen majorit\u00e0riament, \u00e9s a dir, el dret de tots els agents potencials del mercat a la reutilitzaci\u00f3 de la informaci\u00f3 de les inst\u00e0ncies p\u00fabliques. D&#8217;acord amb aquesta normativa, l&#8217;Administraci\u00f3 permet la reproducci\u00f3, la distribuci\u00f3 i la comunicaci\u00f3 p\u00fablica de l&#8217;obra i, a m\u00e9s, la transformaci\u00f3 de l&#8217;obra per fer-ne obres derivades, sempre que no es contradigui amb la llic\u00e8ncia o av\u00eds que pugui tenir una obra i que \u00e9s la que preval.<\/p>\n<p>Per reutilitzar la informaci\u00f3, cal seguir les condicions seg\u00fcents:<\/p>\n<ul>\n<li>a) No desnaturalitzar el sentit de la informaci\u00f3.<\/li>\n<li>b) Citar sempre la font de la informaci\u00f3.<\/li>\n<li>c) Mencionar la data de l&#8217;\u00faltima actualitzaci\u00f3 de la informaci\u00f3.<\/li>\n<\/ul>\n<p>Aix\u00ed mateix, la reutilitzaci\u00f3 es pot limitar per la tutela d&#8217;altres b\u00e9ns jur\u00eddics prioritaris, com ara la protecci\u00f3 de les dades personals, la intimitat o els drets de protecci\u00f3 intel\u2022lectual de tercers. La reutilitzaci\u00f3 d&#8217;obres protegides per la propietat intel\u2022lectual es pot formalitzar mitjan\u00e7ant l&#8217;\u00fas de llic\u00e8ncies de difusi\u00f3 oberta, com les de\u00a0<a href=\"http:\/\/cat.creativecommons.org\/llicencia\/\">Creative Commons<\/a>, que cedeixen determinats drets d&#8217;explotaci\u00f3 de les obres. En els continguts on s&#8217;apliqui aquest tipus de llic\u00e8ncies, es permet la reutilitzaci\u00f3 en les condicions que s&#8217;hi estableixin.<\/p>\n<p>No s&#8217;autoritza en cap cas l&#8217;\u00fas de logotips, marques, escuts i s\u00edmbols distintius del Consell Comarcal del Moian\u00e8s\u00a0en publicacions i webs que no siguin participats o patrocinats per aquesta instituci\u00f3. Aquests elements d&#8217;identitat gr\u00e0fica corporativa s\u00f3n propietat exclusiva del Consell Comarcal del Moian\u00e8s\u00a0i estan protegits per la legislaci\u00f3 vigent aplicable.<\/p>\n<h2>Refer\u00e8ncies i enlla\u00e7os a webs d&#8217;altres organitzacions<\/h2>\n<p>Algunes p\u00e0gines d&#8217;aquesta web contenen refer\u00e8ncies o enlla\u00e7os a webs d&#8217;altres organitzacions. La pres\u00e8ncia d&#8217;aquests enlla\u00e7os t\u00e9 una finalitat informativa, no constituint en cap cas una invitaci\u00f3 a la contractaci\u00f3 de productes o serveis que s&#8217;ofereixin en la p\u00e0gina web de dest\u00ed. El Consell Comarcal del Moian\u00e8s\u00a0no es responsabilitza ni de l&#8217;exactitud ni de l&#8217;actualitzaci\u00f3 d&#8217;aquestes webs externes.<\/p>\n<h2>Advertiment sobre la utilitzaci\u00f3 de galetes (cookies)<\/h2>\n<p>Aquest portal web fa \u00fas de galetes (cookies), arxius de text ubicats en l&#8217;ordinador de l&#8217;usuari, per a ajudar el lloc web a analitzar l&#8217;\u00fas que els usuaris en fan, per el correcte funcionament i visualitzaci\u00f3 dels continguts publicats, aix\u00ed com per la recollida d&#8217;estad\u00edstiques.<\/p>\n<p>Per la recollida d&#8217;estad\u00edstiques es fa \u00fas de Google Analytics.<\/p>\n<p>Aquest portal incorpora ginys de serveis de tercers i enlla\u00e7os a llocs web de tercers , quines pol\u00edtiques de privacitat son alienes a les del Consell Comarcal del Moian\u00e8s. A l&#8217;accedir a aquells llocs vost\u00e8 pot decidir si accepta les seves pol\u00edtiques de privacitat i de cookies. Amb car\u00e0cter general, si navega per Internet vost\u00e8 pot acceptar o rebutjar les cookies de tercers des de les opcions de configuraci\u00f3 del seu navegador. A cada navegador l&#8217;operativa es diferent, la funci\u00f3 d'&#8221;Ajut&#8221; li mostrar\u00e0 com fer-ho.<\/p>\n<p>Si malgrat tot voleu desactivar les galetes que recullen la informaci\u00f3 podeu rebutjar-ne el seu \u00fas per mitj\u00e0 de la selecci\u00f3 de la configuraci\u00f3 apropiada del vostre navegador. No obstant aix\u00f2, heu de saber que, si ho feu, pot ser que no pugueu fer \u00fas de totes les funcionalitats d&#8217;aquest lloc web. En utilitzar el lloc web, consentiu el tractament de les vostres dades en la forma i per a les finalitats m\u00e9s amunt indicades.<\/p>\n<\/div><\/div><\/div><\/div><\/div>\n","protected":false},"excerpt":{"rendered":"","protected":false},"author":1,"featured_media":0,"parent":0,"menu_order":0,"comment_status":"closed","ping_status":"closed","template":"","meta":{"_acf_changed":false,"footnotes":""},"class_list":["post-5760","page","type-page","status-publish","hentry"],"acf":[],"_links":{"self":[{"href":"https:\/\/moianesturisme.cat\/agendacultural\/wp-json\/wp\/v2\/pages\/5760","targetHints":{"allow":["GET"]}}],"collection":[{"href":"https:\/\/moianesturisme.cat\/agendacultural\/wp-json\/wp\/v2\/pages"}],"about":[{"href":"https:\/\/moianesturisme.cat\/agendacultural\/wp-json\/wp\/v2\/types\/page"}],"author":[{"embeddable":true,"href":"https:\/\/moianesturisme.cat\/agendacultural\/wp-json\/wp\/v2\/users\/1"}],"replies":[{"embeddable":true,"href":"https:\/\/moianesturisme.cat\/agendacultural\/wp-json\/wp\/v2\/comments?post=5760"}],"version-history":[{"count":3,"href":"https:\/\/moianesturisme.cat\/agendacultural\/wp-json\/wp\/v2\/pages\/5760\/revisions"}],"predecessor-version":[{"id":6812,"href":"https:\/\/moianesturisme.cat\/agendacultural\/wp-json\/wp\/v2\/pages\/5760\/revisions\/6812"}],"wp:attachment":[{"href":"https:\/\/moianesturisme.cat\/agendacultural\/wp-json\/wp\/v2\/media?parent=5760"}],"curies":[{"name":"wp","href":"https:\/\/api.w.org\/{rel}","templated":true}]}}