{"id":3827,"date":"2021-11-12T15:17:54","date_gmt":"2021-11-12T15:17:54","guid":{"rendered":"http:\/\/moianesturisme.cat\/agenda\/?page_id=3827"},"modified":"2025-06-30T13:12:58","modified_gmt":"2025-06-30T11:12:58","slug":"qui-som","status":"publish","type":"page","link":"https:\/\/moianesturisme.cat\/agendacultural\/qui-som\/","title":{"rendered":"Qui som"},"content":{"rendered":"<div class=\"fusion-fullwidth fullwidth-box fusion-builder-row-1 fusion-flex-container nonhundred-percent-fullwidth non-hundred-percent-height-scrolling fusion-animated\" style=\"--awb-border-radius-top-left:0px;--awb-border-radius-top-right:0px;--awb-border-radius-bottom-right:0px;--awb-border-radius-bottom-left:0px;--awb-padding-top:100px;--awb-padding-bottom:100px;--awb-margin-top:0px;--awb-margin-bottom:120px;--awb-margin-bottom-medium:80px;--awb-margin-bottom-small:60px;--awb-flex-wrap:wrap;\" data-animationType=\"fadeInUp\" data-animationDuration=\"1.3\" data-animationOffset=\"top-into-view\" ><div class=\"fusion-builder-row fusion-row fusion-flex-align-items-center fusion-flex-content-wrap\" style=\"max-width:1216.8px;margin-left: calc(-4% \/ 2 );margin-right: calc(-4% \/ 2 );\"><div class=\"fusion-layout-column fusion_builder_column fusion-builder-column-0 fusion-flex-column\" style=\"--awb-bg-blend:overlay;--awb-bg-size:cover;--awb-width-large:100%;--awb-margin-top-large:0px;--awb-spacing-right-large:1.92%;--awb-margin-bottom-large:0px;--awb-spacing-left-large:3.84%;--awb-width-medium:60%;--awb-order-medium:0;--awb-spacing-right-medium:3.2%;--awb-spacing-left-medium:6.4%;--awb-width-small:100%;--awb-order-small:0;--awb-spacing-right-small:1.92%;--awb-spacing-left-small:1.92%;\"><div class=\"fusion-column-wrapper fusion-column-has-shadow fusion-flex-justify-content-flex-start fusion-content-layout-column\"><div class=\"fusion-text fusion-text-1 fusion-text-no-margin\" style=\"--awb-font-size:var(--awb-typography4-font-size);--awb-line-height:var(--awb-typography4-line-height);--awb-letter-spacing:var(--awb-typography4-letter-spacing);--awb-text-transform:var(--awb-typography4-text-transform);--awb-text-color:var(--awb-color8);--awb-text-font-family:var(--awb-typography4-font-family);--awb-text-font-weight:var(--awb-typography4-font-weight);--awb-text-font-style:var(--awb-typography4-font-style);\"><h3 style=\"text-align: center;\">Agenda d&#8217;Activitats online del Consell Comarcal i Consorci del Moian\u00e8s<\/h3>\n<p>Des del <a href=\"http:\/\/www.ccmoianes.cat\"><strong>Consell Comarcal<\/strong><\/a> i <a href=\"http:\/\/www.consorcidelmoianes.cat\"><strong>Consorci del Moian\u00e8s<\/strong> <\/a>hem posat en funcionament aquesta <strong>Agenda d&#8217;Activitats online<\/strong> amb els seg\u00fcents <strong>objectius:&nbsp;<\/strong><\/p>\n<ul>\n<li><strong>Comunicar i informar de les activitats que es celebren arreu de la comarca del Moian\u00e8s<\/strong><\/li>\n<\/ul>\n<ul>\n<li><strong>Permetre als diferents agents, associacions, entitats, ajuntaments,&#8230; poder-hi publicar directament els seus actes i esdeveniments que vulguin fer p\u00fablics.&nbsp;<\/strong><\/li>\n<li><strong>Consultar i introduir activitats en un calendari intern<\/strong>&nbsp; que permeti als diferents agents con\u00e8ixer el que han programat o estan programant els altres per tal d&#8217;evitar solapacions de dates i\/o incentivar possibles col\u00b7laboracions. Aquest calendari intern cont\u00e9 totes les activitats, tant les que ja es troben programades, com les activitats &#8220;provisionals o previstes&#8221;.<\/li>\n<\/ul>\n<p>Per poder-ho fer caldr\u00e0 donar-se d&#8217;alta a l&#8217;<a href=\"https:\/\/moianesturisme.cat\/agendacultural\/qui-som\/contacte\/\"><strong>apartat Contacta\/Alta<\/strong><\/a> de la web. Consulta les<a href=\"http:\/\/moianesturisme.cat\/agendacultural\/wp-content\/uploads\/2025\/06\/Manual-Intranet-Agenda-Activitats-online.pdf\"> <strong>instruccions per donar-te d&#8217;alta a la Intranet<\/strong><\/a>.<\/p>\n<ul>\n<li>Implementar la <strong>subscripci\u00f3 a un butllet\u00ed digital<\/strong> per part de les persones usu\u00e0ries i visitants per tal que dits subscriptors puguin rebre les activitats programades cada setmana en el seu correu electr\u00f2nic.<\/li>\n<\/ul>\n<p style=\"text-align: center;\">_____________________________<\/p>\n<p>L&#8217;Agenda d&#8217;Activitats online <strong>tamb\u00e9 inclou:&nbsp;<\/strong><\/p>\n<ul>\n<li>Informaci\u00f3 sobre els <strong>principals espais i equipaments culturals<\/strong>, en especial els visitables i els que organitzen activitats de manera continuada: museus, biblioteques, sales d&#8217;exposicions, llocs visitables&#8230;&nbsp; &nbsp;amb informaci\u00f3 detallada sobre l&#8217;equipament i dades pr\u00e0ctiques per a la seva visita ( horaris, dades de contacte,&#8230;) , espai des del qual tamb\u00e9 es podria accedir a les activitats que s&#8217;hi fan (exposicions, concerts, espectacles&#8230;)<\/li>\n<\/ul>\n<ul>\n<li>Apartat amb el <strong>calendari festiu<\/strong> dels municipis del Moian\u00e8s, les activitats fixes i anuals que es fan a cada municipi.<\/li>\n<\/ul>\n<ul>\n<li>L&#8217;apartat <strong>contacta<\/strong> des del qual tothom qui ho desitgi ens pot fer arribar un correu electr\u00f2nic amb qualsevol suggeriment, consulta&#8230;<\/li>\n<\/ul>\n<p><strong>Butllet\u00ed digital:&nbsp;<\/strong><\/p>\n<ul>\n<li>La possibilitat d&#8217;inscriure&#8217;s a un butllet\u00ed digital per poder rebre de manera setmanal un butllet\u00ed amb les activitats que es fan al Moian\u00e8s &#8211; Apartat: <a href=\"https:\/\/moianesturisme.cat\/agendacultural\/subscriu-te-al-butlleti\/\"><strong>Subscriu-te al butllet\u00ed<\/strong><\/a><\/li>\n<\/ul>\n<p><strong>Agenda en pdf:&nbsp;<\/strong><\/p>\n<ul>\n<li>Possibilitat de poder <a href=\"https:\/\/moianesturisme.cat\/agendacultural\/intranet\/agenda-en-pdf\/\"><strong>obtenir l&#8217;agenda en format pdf i imprimir-la<\/strong><\/a><\/li>\n<\/ul>\n<p><strong>Cercador de recursos culturals<\/strong><\/p>\n<ul>\n<li>Link al <a href=\"https:\/\/www.ccmoianes.cat\/directoris\/cercador-recursos-culturals\/\"><strong>cercador de recursos culturals<\/strong><\/a> que tenim al web del Consell Comarcal del Moian\u00e8s (espai de promoci\u00f3 i difusi\u00f3 de professionals i empreses culturals i art\u00edstiques del Moian\u00e8s).<\/li>\n<\/ul>\n<p style=\"text-align: center;\">_____________________________<\/p>\n<p>Esperem que aquesta Agenda online us sigui d&#8217;utilitat.<\/p>\n<p>Per qualsevol dubte o m\u00e9s informaci\u00f3 podeu contactar amb nosaltres:<\/p>\n<ul>\n<li><strong>Consell Comarcal del Moian\u00e8s<\/strong> &#8211; Telf. 93 820 80 00&nbsp; \/ <a href=\"mailto:ccmn.cultura@ccmoianes.cat\">ccmn.cultura@ccmoianes.cat<\/a><\/li>\n<li><strong>Consorci per a la promoci\u00f3 dels municipis del Moian\u00e8s<\/strong> &#8211; Telf. 93 830 14 18 \/ <a href=\"mailto:turisme@consorcidelmoianes.cat\">turisme@consorcidelmoianes.cat<\/a><\/li>\n<\/ul>\n<\/div><\/div><\/div><\/div><\/div>\n","protected":false},"excerpt":{"rendered":"","protected":false},"author":1,"featured_media":0,"parent":0,"menu_order":3,"comment_status":"closed","ping_status":"closed","template":"100-width.php","meta":{"_acf_changed":false,"footnotes":""},"class_list":["post-3827","page","type-page","status-publish","hentry"],"acf":[],"_links":{"self":[{"href":"https:\/\/moianesturisme.cat\/agendacultural\/wp-json\/wp\/v2\/pages\/3827","targetHints":{"allow":["GET"]}}],"collection":[{"href":"https:\/\/moianesturisme.cat\/agendacultural\/wp-json\/wp\/v2\/pages"}],"about":[{"href":"https:\/\/moianesturisme.cat\/agendacultural\/wp-json\/wp\/v2\/types\/page"}],"author":[{"embeddable":true,"href":"https:\/\/moianesturisme.cat\/agendacultural\/wp-json\/wp\/v2\/users\/1"}],"replies":[{"embeddable":true,"href":"https:\/\/moianesturisme.cat\/agendacultural\/wp-json\/wp\/v2\/comments?post=3827"}],"version-history":[{"count":10,"href":"https:\/\/moianesturisme.cat\/agendacultural\/wp-json\/wp\/v2\/pages\/3827\/revisions"}],"predecessor-version":[{"id":15850,"href":"https:\/\/moianesturisme.cat\/agendacultural\/wp-json\/wp\/v2\/pages\/3827\/revisions\/15850"}],"wp:attachment":[{"href":"https:\/\/moianesturisme.cat\/agendacultural\/wp-json\/wp\/v2\/media?parent=3827"}],"curies":[{"name":"wp","href":"https:\/\/api.w.org\/{rel}","templated":true}]}}