{"id":11641,"date":"2024-07-04T18:32:42","date_gmt":"2024-07-04T16:32:42","guid":{"rendered":"https:\/\/moianesturisme.cat\/agendacultural\/?page_id=11641"},"modified":"2025-05-27T17:49:39","modified_gmt":"2025-05-27T15:49:39","slug":"agenda-dactivitats-en-pdf","status":"publish","type":"page","link":"https:\/\/moianesturisme.cat\/agendacultural\/agenda-dactivitats-en-pdf\/","title":{"rendered":"Agenda d&#8217;activitats en PDF"},"content":{"rendered":"<p><div class=\"fusion-fullwidth fullwidth-box fusion-builder-row-1 fusion-flex-container has-pattern-background has-mask-background print-pdf nonhundred-percent-fullwidth non-hundred-percent-height-scrolling\" style=\"--awb-border-radius-top-left:0px;--awb-border-radius-top-right:0px;--awb-border-radius-bottom-right:0px;--awb-border-radius-bottom-left:0px;--awb-flex-wrap:wrap;\" id=\"print-pdf\" ><div class=\"fusion-builder-row fusion-row fusion-flex-align-items-flex-start fusion-flex-content-wrap\" style=\"max-width:1216.8px;margin-left: calc(-4% \/ 2 );margin-right: calc(-4% \/ 2 );\"><div class=\"fusion-layout-column fusion_builder_column fusion-builder-column-0 fusion_builder_column_1_1 1_1 fusion-flex-column\" style=\"--awb-bg-size:cover;--awb-width-large:100%;--awb-margin-top-large:0px;--awb-spacing-right-large:1.92%;--awb-margin-bottom-large:20px;--awb-spacing-left-large:1.92%;--awb-width-medium:100%;--awb-order-medium:0;--awb-spacing-right-medium:1.92%;--awb-spacing-left-medium:1.92%;--awb-width-small:100%;--awb-order-small:0;--awb-spacing-right-small:1.92%;--awb-spacing-left-small:1.92%;\"><div class=\"fusion-column-wrapper fusion-column-has-shadow fusion-flex-justify-content-flex-start fusion-content-layout-column\"><div class=\"fusion-text fusion-text-1\"><p>En aquest apartat pots descarregar l\u2019Agenda d\u2019Activitats en PDF. Has d\u2019escollir la data a partir de la qual et vols descarregar els esdeveniments i et llistar\u00e0 els seg\u00fcents 20 esdeveniments. Despr\u00e9s nom\u00e9s haur\u00e0s de pr\u00e9mer el bot\u00f3 Imprimir \/ Descarregar.<\/p>\n<p><em>* L\u2019agenda d\u2019activitats en pdf no inclou les <a href=\"https:\/\/moianesturisme.cat\/agendacultural\/activitats\/categoria\/activitats-periodiques\/\"><span style=\"color: #34c565;\"><strong>Activitats peri\u00f2diques<\/strong><\/span><\/a> (tallers i activitats de dinamitzaci\u00f3 comunit\u00e0ria&#8230;) ni <strong><a href=\"https:\/\/moianesturisme.cat\/agendacultural\/activitats\/categoria\/exposicions\/\"><span style=\"color: #34c565;\">Exposicions<\/span><\/a>.<\/strong><\/em><\/p>\n<\/div><div class='printomatic pom-small-black ' id='id7846' alt='Imprimir \/ Descarregar' title='Imprimir \/ Descarregar' data-print_target='body'><\/div> <div class='printomatictext' id='id7846' alt='Imprimir \/ Descarregar' title='Imprimir \/ Descarregar' data-print_target='body'>Imprimir \/ Descarregar<\/div><div style='clear: both;'><\/div><\/div><\/div><\/div><\/div><div class=\"fusion-fullwidth fullwidth-box fusion-builder-row-2 fusion-flex-container has-pattern-background has-mask-background nonhundred-percent-fullwidth non-hundred-percent-height-scrolling\" style=\"--awb-border-radius-top-left:0px;--awb-border-radius-top-right:0px;--awb-border-radius-bottom-right:0px;--awb-border-radius-bottom-left:0px;--awb-flex-wrap:wrap;\" id=\"agenda-en-pdf\" ><div class=\"fusion-builder-row fusion-row fusion-flex-align-items-flex-start fusion-flex-content-wrap\" style=\"max-width:1216.8px;margin-left: calc(-4% \/ 2 );margin-right: calc(-4% \/ 2 );\"><div class=\"fusion-layout-column fusion_builder_column fusion-builder-column-1 fusion_builder_column_1_1 1_1 fusion-flex-column\" style=\"--awb-bg-size:cover;--awb-width-large:100%;--awb-margin-top-large:0px;--awb-spacing-right-large:1.92%;--awb-margin-bottom-large:20px;--awb-spacing-left-large:1.92%;--awb-width-medium:100%;--awb-order-medium:0;--awb-spacing-right-medium:1.92%;--awb-spacing-left-medium:1.92%;--awb-width-small:100%;--awb-order-small:0;--awb-spacing-right-small:1.92%;--awb-spacing-left-small:1.92%;\"><div class=\"fusion-column-wrapper fusion-column-has-shadow fusion-flex-justify-content-flex-start fusion-content-layout-column\"><div class=\"fusion-image-element \" style=\"text-align:center;--awb-max-width:100%;--awb-caption-title-font-family:var(--h2_typography-font-family);--awb-caption-title-font-weight:var(--h2_typography-font-weight);--awb-caption-title-font-style:var(--h2_typography-font-style);--awb-caption-title-size:var(--h2_typography-font-size);--awb-caption-title-transform:var(--h2_typography-text-transform);--awb-caption-title-line-height:var(--h2_typography-line-height);--awb-caption-title-letter-spacing:var(--h2_typography-letter-spacing);\"><span class=\" fusion-imageframe imageframe-none imageframe-1 hover-type-none\"><img decoding=\"async\" width=\"2340\" height=\"801\" title=\"Qu\u00e8 puc fer avui al Moian\u00e8s? &#8211; 1\" src=\"https:\/\/moianesturisme.cat\/agendacultural\/wp-content\/uploads\/2025\/05\/banner-agenda-2.jpg\" data-orig-src=\"http:\/\/moianesturisme.cat\/agendacultural\/wp-content\/uploads\/2025\/05\/banner-agenda-2.jpg\" alt class=\"lazyload img-responsive wp-image-15626\" srcset=\"data:image\/svg+xml,%3Csvg%20xmlns%3D%27http%3A%2F%2Fwww.w3.org%2F2000%2Fsvg%27%20width%3D%272340%27%20height%3D%27801%27%20viewBox%3D%270%200%202340%20801%27%3E%3Crect%20width%3D%272340%27%20height%3D%27801%27%20fill-opacity%3D%220%22%2F%3E%3C%2Fsvg%3E\" data-srcset=\"https:\/\/moianesturisme.cat\/agendacultural\/wp-content\/uploads\/2025\/05\/banner-agenda-2-200x68.jpg 200w, https:\/\/moianesturisme.cat\/agendacultural\/wp-content\/uploads\/2025\/05\/banner-agenda-2-400x137.jpg 400w, https:\/\/moianesturisme.cat\/agendacultural\/wp-content\/uploads\/2025\/05\/banner-agenda-2-600x205.jpg 600w, https:\/\/moianesturisme.cat\/agendacultural\/wp-content\/uploads\/2025\/05\/banner-agenda-2-800x274.jpg 800w, https:\/\/moianesturisme.cat\/agendacultural\/wp-content\/uploads\/2025\/05\/banner-agenda-2-1200x411.jpg 1200w, https:\/\/moianesturisme.cat\/agendacultural\/wp-content\/uploads\/2025\/05\/banner-agenda-2.jpg 2340w\" data-sizes=\"auto\" data-orig-sizes=\"(max-width: 1024px) 100vw, (max-width: 640px) 100vw, 1200px\" \/><\/span><\/div><div\n\t class=\"tribe-common tribe-events tribe-events-view tribe-events-view--list tribe-events--has-filter-bar tribe-events--filter-bar-horizontal alignwide tribe-events-view--shortcode tribe-events-view--shortcode-997d0690\" \tdata-js=\"tribe-events-view\"\n\tdata-view-rest-url=\"https:\/\/moianesturisme.cat\/agendacultural\/wp-json\/tribe\/views\/v2\/html\"\n\tdata-view-rest-method=\"GET\"\n\tdata-view-manage-url=\"\"\n\t\t\tdata-view-shortcode=\"997d0690\"\n\t\t\t\tdata-view-breakpoint-pointer=\"f566a615-b6b7-4331-9d8b-87c9e609f9c3\"\n\t>\n\t<section class=\"tribe-common-l-container tribe-events-l-container\">\n\t\t<div\n\tclass=\"tribe-events-view-loader tribe-common-a11y-hidden\"\n\trole=\"alert\"\n\taria-live=\"polite\"\n>\n\t<span class=\"tribe-events-view-loader__text tribe-common-a11y-visual-hide\">\n\t\t8 esdeveniments found.\t<\/span>\n\t<div class=\"tribe-events-view-loader__dots tribe-common-c-loader\">\n\t\t<svg  class=\"tribe-common-c-svgicon tribe-common-c-svgicon--dot tribe-common-c-loader__dot tribe-common-c-loader__dot--first\"  viewBox=\"0 0 15 15\" xmlns=\"http:\/\/www.w3.org\/2000\/svg\"><circle cx=\"7.5\" cy=\"7.5\" r=\"7.5\"\/><\/svg>\n\t\t<svg  class=\"tribe-common-c-svgicon tribe-common-c-svgicon--dot tribe-common-c-loader__dot tribe-common-c-loader__dot--second\"  viewBox=\"0 0 15 15\" xmlns=\"http:\/\/www.w3.org\/2000\/svg\"><circle cx=\"7.5\" cy=\"7.5\" r=\"7.5\"\/><\/svg>\n\t\t<svg  class=\"tribe-common-c-svgicon tribe-common-c-svgicon--dot tribe-common-c-loader__dot tribe-common-c-loader__dot--third\"  viewBox=\"0 0 15 15\" xmlns=\"http:\/\/www.w3.org\/2000\/svg\"><circle cx=\"7.5\" cy=\"7.5\" r=\"7.5\"\/><\/svg>\n\t<\/div>\n<\/div>\n\n\t\t<script type=\"application\/ld+json\">\r\n[{\"@context\":\"http:\/\/schema.org\",\"@type\":\"Event\",\"name\":\"ENVELLIMENT DE LA MENT I LES DEM\\u00c8NCIES. Atenci\\u00f3 a persones cuidadores.\",\"description\":\"&lt;p&gt;4 Monogr\\u00e0fics (quinzenals) per abordar l\\\\'envelliment de la ment i les dem\\u00e8ncies. Sessions dinamitzades per un psic\\u00f2leg de la Creu Roja per tractar les difer\\u00e8ncies entre envelliment normal i patol\\u00f2gic. Tipus de dem\\u00e8ncia. Com tractar els canvis conductuals que s\\\\'esdevenen en aquests processos i maneres d\\\\'estimular la cognici\\u00f3 a casa.&lt;\/p&gt;\\\\n\",\"image\":\"https:\/\/moianesturisme.cat\/agendacultural\/wp-content\/uploads\/2026\/02\/CARTELL-DEMENCIES_03-2026.jpeg\",\"url\":\"https:\/\/moianesturisme.cat\/agendacultural\/activitat\/envelliment-de-la-ment-i-les-demencies-atencio-a-persones-cuidadores\/2026-03-04\/\",\"eventAttendanceMode\":\"https:\/\/schema.org\/OfflineEventAttendanceMode\",\"eventStatus\":\"https:\/\/schema.org\/EventScheduled\",\"startDate\":\"2026-03-04T16:00:00+02:00\",\"endDate\":\"2026-04-29T17:00:00+02:00\",\"location\":{\"@type\":\"Place\",\"name\":\"Can Carner\",\"description\":\"&lt;p&gt;Al Consorci per a la promoci\\u00f3 dels municipis del Moian\\u00e8s, a Can Carner, hi trobareu tots els serveis agrupats i estructurats en deu grans \\u00e0rees, amb l\\\\'objectiu d\\\\'apropar i facilitar l\\\\'acc\\u00e8s de tots aquests serveis als ciutadans del Moian\\u00e8s.&lt;\/p&gt;\\\\n\",\"image\":\"https:\/\/moianesturisme.cat\/agendacultural\/wp-content\/uploads\/2022\/05\/can-carner.jpg\",\"url\":\"https:\/\/moianesturisme.cat\/agendacultural\/recinte\/can-carner\/\",\"address\":{\"@type\":\"PostalAddress\",\"streetAddress\":\"C\/Joies 9-11\",\"addressLocality\":\"Moi\\u00e0\",\"postalCode\":\"08180\",\"addressCountry\":\"Espanya\"},\"telephone\":\"93 820 80 00\",\"sameAs\":\"http:\\\\\\\\www.ccmoianes.cat\"},\"organizer\":{\"@type\":\"Person\",\"name\":\"La Creu Roja Moian\\u00e8s\",\"description\":\"\",\"url\":\"\",\"telephone\":\"\",\"email\":\"\",\"sameAs\":\"\"},\"offers\":{\"@type\":\"Offer\",\"price\":\"Free\",\"priceCurrency\":\"EUR\",\"url\":\"https:\/\/moianesturisme.cat\/agendacultural\/activitat\/envelliment-de-la-ment-i-les-demencies-atencio-a-persones-cuidadores\/2026-03-04\/\",\"category\":\"primary\",\"availability\":\"inStock\",\"validFrom\":\"1970-01-01T00:00:00+00:00\"},\"performer\":\"Organization\"},{\"@context\":\"http:\/\/schema.org\",\"@type\":\"Event\",\"name\":\"Taller d&#8217;escriptura: Experimentaci\\u00f3 creativa, per Sant Jordi\",\"description\":\"\",\"image\":\"https:\/\/moianesturisme.cat\/agendacultural\/wp-content\/uploads\/2026\/04\/01_POST_TallerEscriptura-scaled.png\",\"url\":\"https:\/\/moianesturisme.cat\/agendacultural\/activitat\/taller-descriptura-experimentacio-creativa-per-sant-jordi\/\",\"eventAttendanceMode\":\"https:\/\/schema.org\/OfflineEventAttendanceMode\",\"eventStatus\":\"https:\/\/schema.org\/EventScheduled\",\"startDate\":\"2026-04-14T18:00:00+02:00\",\"endDate\":\"2026-05-12T21:00:00+02:00\",\"location\":{\"@type\":\"Place\",\"name\":\"Can Carner\",\"description\":\"&lt;p&gt;Al Consorci per a la promoci\\u00f3 dels municipis del Moian\\u00e8s, a Can Carner, hi trobareu tots els serveis agrupats i estructurats en deu grans \\u00e0rees, amb l\\\\'objectiu d\\\\'apropar i facilitar l\\\\'acc\\u00e8s de tots aquests serveis als ciutadans del Moian\\u00e8s.&lt;\/p&gt;\\\\n\",\"image\":\"https:\/\/moianesturisme.cat\/agendacultural\/wp-content\/uploads\/2022\/05\/can-carner.jpg\",\"url\":\"https:\/\/moianesturisme.cat\/agendacultural\/recinte\/can-carner\/\",\"address\":{\"@type\":\"PostalAddress\",\"streetAddress\":\"C\/Joies 9-11\",\"addressLocality\":\"Moi\\u00e0\",\"postalCode\":\"08180\",\"addressCountry\":\"Espanya\"},\"telephone\":\"93 820 80 00\",\"sameAs\":\"http:\\\\\\\\www.ccmoianes.cat\"},\"organizer\":{\"@type\":\"Person\",\"name\":\"Consell Comarcal del Moian\\u00e8s\",\"description\":\"\",\"url\":\"https:\/\/www.ccmoianes.cat\",\"telephone\":\"93 820 80 00\",\"email\":\"ccm&#110;.c&#117;l&#116;&#117;r&#97;&#64;&#99;&#99;m&#111;&#105;&#97;&#110;&#101;s&#46;&#99;a&#116;\",\"sameAs\":\"https:\/\/www.ccmoianes.cat\"},\"performer\":\"Organization\"},{\"@context\":\"http:\/\/schema.org\",\"@type\":\"Event\",\"name\":\"Club de lectura: \\u2018L\\u2019auca del senyor Esteve\\u2019\",\"description\":\"&lt;p&gt;Tert\\u00falia sobre la novel\\u00b7la \\u2018L\\u2019auca del senyor Esteve\\u2019 de l\\u2019escriptor i artista polifac\\u00e8tic Santiago Rusi\\u00f1ol, a c\\u00e0rrec de Mari\\u00e0 Baqu\\u00e9s. Si t\\u2019agrada compartir lectures, vine a la biblioteca.&lt;\/p&gt;\\\\n\",\"image\":\"https:\/\/moianesturisme.cat\/agendacultural\/wp-content\/uploads\/2026\/03\/aucaesteve.jpg\",\"url\":\"https:\/\/moianesturisme.cat\/agendacultural\/activitat\/club-de-lectura-lauca-del-senyor-esteve\/\",\"eventAttendanceMode\":\"https:\/\/schema.org\/OfflineEventAttendanceMode\",\"eventStatus\":\"https:\/\/schema.org\/EventScheduled\",\"startDate\":\"2026-04-27T19:30:00+02:00\",\"endDate\":\"2026-04-27T20:30:00+02:00\",\"location\":{\"@type\":\"Place\",\"name\":\"Biblioteca de Moi\\u00e0\",\"description\":\"\",\"url\":\"https:\/\/moianesturisme.cat\/agendacultural\/recinte\/recinte-nou\/\",\"address\":{\"@type\":\"PostalAddress\",\"streetAddress\":\"c\/ Sant Josep, 12\",\"addressLocality\":\"Moi\\u00e0\",\"addressRegion\":\"Barcelona\",\"postalCode\":\"08180\"},\"telephone\":\"93 830 06 74\",\"sameAs\":\"http:\/\/biblioteca.moia.cat\/\"},\"organizer\":{\"@type\":\"Person\",\"name\":\"Biblioteca de Moi\\u00e0\",\"description\":\"\",\"url\":\"http:\/\/biblioteca.moia.cat\/\",\"telephone\":\"93 830 06 74\",\"email\":\"b.&#109;oia&#64;&#100;ib&#97;.c&#97;t\",\"sameAs\":\"http:\/\/biblioteca.moia.cat\/\"},\"performer\":\"Organization\"},{\"@context\":\"http:\/\/schema.org\",\"@type\":\"Event\",\"name\":\"Passejades Trementinaires per Granera\",\"description\":\"&lt;p&gt;Recorregut a peu per diversos paratges de Granera (aproximadament 1.30 hora) tot reconeixent plantes silvestres i els seus usos. Abans de sortir cada diumenge es far\\u00e0 una explicaci\\u00f3 detallada de les propietats d\\u2019una planta determinada i es donaran receptes on en sigui l\\u2019ingredient principal. S\\u2019entregar\\u00e0 una fitxa que recollir\\u00e0 la descripci\\u00f3 de la planta, les&lt;\/p&gt;\\\\n\",\"image\":\"https:\/\/moianesturisme.cat\/agendacultural\/wp-content\/uploads\/2024\/02\/passejades_trementinaires-e1745509549229.webp\",\"url\":\"https:\/\/moianesturisme.cat\/agendacultural\/activitat\/passejades-trementinaires-per-granera-2\/2026-05-03\/\",\"eventAttendanceMode\":\"https:\/\/schema.org\/OfflineEventAttendanceMode\",\"eventStatus\":\"https:\/\/schema.org\/EventScheduled\",\"startDate\":\"2026-05-03T11:00:00+02:00\",\"endDate\":\"2026-05-03T13:00:00+02:00\",\"location\":{\"@type\":\"Place\",\"name\":\"Punt d&#8217;Informaci\\u00f3 de Granera\",\"description\":\"\",\"url\":\"https:\/\/moianesturisme.cat\/agendacultural\/recinte\/punt-dinformacio-de-granera\/\",\"address\":{\"@type\":\"PostalAddress\",\"streetAddress\":\"El Casal-Cam\\u00ed de la Clota s\/n\",\"addressLocality\":\"Granera\",\"addressRegion\":\"Barcelona\",\"postalCode\":\"08183\"},\"telephone\":\"639640434\",\"sameAs\":\"https:\/\/parcs.diba.cat\/web\/agenda\/sant-llorenc-obac\"},\"organizer\":{\"@type\":\"Person\",\"name\":\"Punt d&#8217;Informaci\\u00f3 de Granera del Parc Natural de Sant Lloren\\u00e7 del Munt i l&#8217;Obac\",\"description\":\"\",\"url\":\"https:\/\/parcs.diba.cat\",\"telephone\":\"639640434\",\"email\":\"&#112;&#46;&#115;a&#110;t&#108;&#108;&#111;r&#101;n&#99;&#46;&#103;r&#97;&#110;&#101;&#114;&#64;di&#98;&#97;&#46;&#99;&#97;t\",\"sameAs\":\"https:\/\/parcs.diba.cat\"},\"offers\":{\"@type\":\"Offer\",\"price\":\"Free\",\"priceCurrency\":\"EUR\",\"url\":\"https:\/\/moianesturisme.cat\/agendacultural\/activitat\/passejades-trementinaires-per-granera-2\/2026-05-03\/\",\"category\":\"primary\",\"availability\":\"inStock\",\"validFrom\":\"1970-01-01T00:00:00+00:00\"},\"performer\":\"Organization\"},{\"@context\":\"http:\/\/schema.org\",\"@type\":\"Event\",\"name\":\"Numa &#8211; El Centru\",\"description\":\"&lt;p&gt;El Numa \\u00e9s un nen que viu a una casa bonica d\\\\'un poble bonic que b\\u00e9 podria ser el vostre. Un dia, la seva mare li fa un regal amb un retall de roba. Un regal fet amb les seves pr\\u00f2pies mans. Aquesta \\u00e9s una hist\\u00f2ria que ens parla de la generositat, de la necessitat&lt;\/p&gt;\\\\n\",\"image\":\"https:\/\/moianesturisme.cat\/agendacultural\/wp-content\/uploads\/2026\/04\/numa.jpg\",\"url\":\"https:\/\/moianesturisme.cat\/agendacultural\/activitat\/numa-el-centru\/\",\"eventAttendanceMode\":\"https:\/\/schema.org\/OfflineEventAttendanceMode\",\"eventStatus\":\"https:\/\/schema.org\/EventScheduled\",\"startDate\":\"2026-05-03T12:00:00+02:00\",\"endDate\":\"2026-05-03T12:45:00+02:00\",\"location\":{\"@type\":\"Place\",\"name\":\"Centre Espai Esc\\u00e8nic Castellter\\u00e7ol\",\"description\":\"\",\"url\":\"https:\/\/moianesturisme.cat\/agendacultural\/recinte\/centre-espai-escenic-castelltercol\/\",\"address\":{\"@type\":\"PostalAddress\",\"streetAddress\":\"c\/ del Rac\\u00f3, 8\",\"addressLocality\":\"Castellter\\u00e7ol\",\"addressRegion\":\"Barcelona\",\"postalCode\":\"08183\"},\"telephone\":\"\",\"sameAs\":\"\"},\"organizer\":{\"@type\":\"Person\",\"name\":\"Ajuntament de Castellter\\u00e7ol\",\"description\":\"\",\"url\":\"https:\/\/www.castelltersol.cat\/\",\"telephone\":\"93 866 61 88\",\"email\":\"ca&#115;tel&#108;ter&#115;o&#108;&#64;&#100;&#105;&#98;a&#46;c&#97;&#116;\",\"sameAs\":\"https:\/\/www.castelltersol.cat\/\"},\"performer\":\"Organization\"},{\"@context\":\"http:\/\/schema.org\",\"@type\":\"Event\",\"name\":\"Taller de Pessebres Art\\u00edstics\",\"description\":\"&lt;p&gt;Places limitades Cal inscripci\\u00f3 pr\\u00e8via A partir de 14 anys M\\u00e9s informaci\\u00f3 i inscripcions: 621 239 002 Organitza: Ajuntament de Monistrol de Calders Col\\u00b7laboren: Diputaci\\u00f3 de Barcelona i Agrupaci\\u00f3 de Pessebristes de Sabadell&lt;\/p&gt;\\\\n\",\"image\":\"https:\/\/moianesturisme.cat\/agendacultural\/wp-content\/uploads\/2026\/01\/619734640_17940350334109625_4183833190768832168_n-e1769093485647.jpg\",\"url\":\"https:\/\/moianesturisme.cat\/agendacultural\/activitat\/taller-de-pessebres-artistics\/2026-05-04\/\",\"eventAttendanceMode\":\"https:\/\/schema.org\/OfflineEventAttendanceMode\",\"eventStatus\":\"https:\/\/schema.org\/EventScheduled\",\"startDate\":\"2026-05-04T17:00:00+02:00\",\"endDate\":\"2026-05-04T19:00:00+02:00\",\"location\":{\"@type\":\"Place\",\"name\":\"Casal l&#8217;Espiga\",\"description\":\"\",\"url\":\"https:\/\/moianesturisme.cat\/agendacultural\/recinte\/casal-lespiga-2\/\",\"address\":{\"@type\":\"PostalAddress\",\"addressCountry\":\"Espanya\"},\"telephone\":\"\",\"sameAs\":\"\"},\"organizer\":{\"@type\":\"Person\",\"name\":\"Ajuntament de Monistrol de Calders\",\"description\":\"\",\"url\":\"https:\/\/www.monistroldecalders.cat\",\"telephone\":\"938399000\",\"email\":\"&#109;&#111;nis&#116;r&#111;&#108;c&#64;mon&#105;s&#116;&#114;&#111;l&#100;eca&#108;&#100;e&#114;s.ca&#116;\",\"sameAs\":\"https:\/\/www.monistroldecalders.cat\"},\"offers\":{\"@type\":\"Offer\",\"price\":\"GRATU\\u00cfT\",\"priceCurrency\":\"EUR\",\"url\":\"https:\/\/moianesturisme.cat\/agendacultural\/activitat\/taller-de-pessebres-artistics\/2026-05-04\/\",\"category\":\"primary\",\"availability\":\"inStock\",\"validFrom\":\"1970-01-01T00:00:00+00:00\"},\"performer\":\"Organization\"},{\"@context\":\"http:\/\/schema.org\",\"@type\":\"Event\",\"name\":\"Caminada per Castellcir\",\"description\":\"\",\"image\":\"https:\/\/moianesturisme.cat\/agendacultural\/wp-content\/uploads\/2023\/08\/logo_GREC.jpg\",\"url\":\"https:\/\/moianesturisme.cat\/agendacultural\/activitat\/caminada-per-castellcir\/2026-05-17\/\",\"eventAttendanceMode\":\"https:\/\/schema.org\/OfflineEventAttendanceMode\",\"eventStatus\":\"https:\/\/schema.org\/EventScheduled\",\"startDate\":\"2026-05-17T09:00:00+02:00\",\"endDate\":\"2026-05-17T12:00:00+02:00\",\"location\":{\"@type\":\"Place\",\"name\":\"Pla\\u00e7a de l&#8217;Era, Castellcir\",\"description\":\"\",\"url\":\"https:\/\/moianesturisme.cat\/agendacultural\/recinte\/placa-de-lera-castellcir\/\",\"address\":{\"@type\":\"PostalAddress\",\"streetAddress\":\"Pla\\u00e7a de l&#039;Era\",\"addressLocality\":\"Castellcir\",\"addressRegion\":\"Barcelona\",\"postalCode\":\"08183\",\"addressCountry\":\"Espanya\"},\"telephone\":\"938 668 151\",\"sameAs\":\"https:\/\/www.castellcir.cat\/el-municipi\/com-arribar-hi\/\"},\"offers\":{\"@type\":\"Offer\",\"price\":\"GRATU\\u00cfT\",\"priceCurrency\":\"EUR\",\"url\":\"https:\/\/moianesturisme.cat\/agendacultural\/activitat\/caminada-per-castellcir\/2026-05-17\/\",\"category\":\"primary\",\"availability\":\"inStock\",\"validFrom\":\"1970-01-01T00:00:00+00:00\"},\"performer\":\"Organization\"},{\"@context\":\"http:\/\/schema.org\",\"@type\":\"Event\",\"name\":\"44a Trobada de Gegants de Moi\\u00e0\",\"description\":\"&lt;p&gt;El dissabte 25 de juliol celebrarem la 44a Trobada de Gegants, amb la participaci\\u00f3 de una quinzena de colles geganteres, vingudes d\\\\'arreu del territori catal\\u00e0.&lt;\/p&gt;\\\\n\",\"url\":\"https:\/\/moianesturisme.cat\/agendacultural\/activitat\/44a-trobada-de-gegants-de-moia\/\",\"eventAttendanceMode\":\"https:\/\/schema.org\/OfflineEventAttendanceMode\",\"eventStatus\":\"https:\/\/schema.org\/EventScheduled\",\"startDate\":\"2026-07-25T18:00:00+02:00\",\"endDate\":\"2026-07-25T20:30:00+02:00\",\"location\":{\"@type\":\"Place\",\"name\":\"Moi\\u00e0\",\"description\":\"\",\"url\":\"https:\/\/moianesturisme.cat\/agendacultural\/recinte\/moia\/\",\"address\":{\"@type\":\"PostalAddress\",\"streetAddress\":\"Pla\\u00e7a Major\",\"addressLocality\":\"Moi\\u00e0\",\"addressRegion\":\"Barcelona\",\"postalCode\":\"08180\"},\"telephone\":\"\",\"sameAs\":\"\"},\"organizer\":{\"@type\":\"Person\",\"name\":\"Geganters de Moi\\u00e0\",\"description\":\"\",\"url\":\"\",\"telephone\":\"\",\"email\":\"\",\"sameAs\":\"\"},\"performer\":\"Organization\"}]\r\n<\/script>\n\t\t<script data-js=\"tribe-events-view-data\" type=\"application\/json\">\n\t{\"slug\":\"list\",\"prev_url\":\"https:\\\/\\\/moianesturisme.cat\\\/agendacultural\\\/activitats\\\/llista\\\/?rest_route=%2Fwp%2Fv2%2Fpages%2F11641&shortcode=997d0690&eventDisplay=past\",\"next_url\":\"\",\"view_class\":\"Tribe\\\\Events\\\\Views\\\\V2\\\\Views\\\\List_View\",\"view_slug\":\"list\",\"view_label\":\"Llista\",\"title\":\"Display of Esdeveniments from 04 de mar\\u00e7 \\u2013 25 de juliol \\u2013 Agenda Cultural del Moian\\u00e8s\",\"events\":[10033450,10033538,10033530,10033511,10033542,10033326,10000467,10033521],\"url\":\"https:\\\/\\\/moianesturisme.cat\\\/agendacultural\\\/activitats\\\/llista\\\/?shortcode=997d0690&hide_subsequent_recurrences=1\",\"url_event_date\":false,\"bar\":{\"keyword\":\"\",\"date\":\"\",\"hide_recurring\":true},\"today\":\"2026-04-27 00:00:00\",\"now\":\"2026-04-27 19:00:46\",\"home_url\":\"https:\\\/\\\/moianesturisme.cat\\\/agendacultural\",\"rest_url\":\"https:\\\/\\\/moianesturisme.cat\\\/agendacultural\\\/wp-json\\\/tribe\\\/views\\\/v2\\\/html\",\"rest_method\":\"GET\",\"rest_nonce\":\"\",\"should_manage_url\":false,\"today_url\":\"https:\\\/\\\/moianesturisme.cat\\\/agendacultural\\\/activitats\\\/llista\\\/?hide_subsequent_recurrences=1&rest_route=%2Fwp%2Fv2%2Fpages%2F11641&shortcode=997d0690\",\"today_title\":\"Cliqueu per seleccionar la data d'avui\",\"today_label\":\"Avui\",\"prev_label\":\"\",\"next_label\":\"\",\"date_formats\":{\"compact\":\"d\\\/m\\\/Y\",\"month_and_year_compact\":\"m\\\/Y\",\"month_and_year\":\"F Y\",\"time_range_separator\":\" a \",\"date_time_separator\":\" - \"},\"messages\":[],\"start_of_week\":\"1\",\"header_title\":\"\",\"header_title_element\":\"h1\",\"content_title\":\"\",\"breadcrumbs\":[],\"before_events\":\"\",\"after_events\":\"\",\"display_events_bar\":true,\"disable_event_search\":false,\"live_refresh\":true,\"ical\":{\"display_link\":true,\"link\":{\"url\":\"https:\\\/\\\/moianesturisme.cat\\\/agendacultural\\\/activitats\\\/llista\\\/?shortcode=997d0690&#038;hide_subsequent_recurrences=1&#038;ical=1\",\"text\":\"Exporta Esdeveniments\",\"title\":\"Utilitzeu-ho per compartir informaci\\u00f3 del calendari a trav\\u00e9s de Google Calendar, Apple iCal i altres aplicacions compatibles.\"}},\"container_classes\":[\"tribe-common\",\"tribe-events\",\"tribe-events-view\",\"tribe-events-view--list\",\"tribe-events--has-filter-bar\",\"tribe-events--filter-bar-horizontal\",\"alignwide\",\"tribe-events-view--shortcode\",\"tribe-events-view--shortcode-997d0690\"],\"container_data\":{\"shortcode\":\"997d0690\"},\"is_past\":false,\"breakpoints\":{\"xsmall\":500,\"medium\":768,\"full\":960},\"breakpoint_pointer\":\"f566a615-b6b7-4331-9d8b-87c9e609f9c3\",\"is_initial_load\":false,\"public_views\":{\"photo\":{\"view_class\":\"Tribe\\\\Events\\\\Pro\\\\Views\\\\V2\\\\Views\\\\Photo_View\",\"view_url\":\"https:\\\/\\\/moianesturisme.cat\\\/agendacultural\\\/activitats\\\/photo\\\/?hide_subsequent_recurrences=1&shortcode=997d0690\",\"view_label\":\"Foto\",\"aria_label\":\"Display Esdeveniments in Foto View\"}},\"show_latest_past\":true,\"past\":false,\"show_now\":true,\"now_label\":\"Propers\",\"now_label_mobile\":\"Propers\",\"show_end\":false,\"selected_start_datetime\":\"2026-04-27\",\"selected_start_date_mobile\":\"27\\\/04\\\/2026\",\"selected_start_date_label\":\"27 d'abril\",\"selected_end_datetime\":\"2026-07-25\",\"selected_end_date_mobile\":\"25\\\/07\\\/2026\",\"selected_end_date_label\":\"25 de juliol\",\"datepicker_date\":\"27\\\/04\\\/2026\",\"subscribe_links\":{\"gcal\":{\"label\":\"Google Calendar\",\"single_label\":\"Afegeix a Google Calendar\",\"visible\":true,\"block_slug\":\"hasGoogleCalendar\"},\"ical\":{\"label\":\"iCalendar\",\"single_label\":\"Afegeix a iCalendar\",\"visible\":true,\"block_slug\":\"hasiCal\"},\"outlook-365\":{\"label\":\"Outlook 365\",\"single_label\":\"Outlook 365\",\"visible\":true,\"block_slug\":\"hasOutlook365\"},\"outlook-live\":{\"label\":\"Outlook Live\",\"single_label\":\"Outlook Live\",\"visible\":true,\"block_slug\":\"hasOutlookLive\"},\"ics\":{\"label\":\"Exporta el fitxer .ics\",\"single_label\":\"Exporta el fitxer .ics\",\"visible\":true,\"block_slug\":null},\"outlook-ics\":{\"label\":\"Exporta el fitxer .ics d'Outlook\",\"single_label\":\"Exporta el fitxer .ics d'Outlook\",\"visible\":true,\"block_slug\":null}},\"layout\":\"horizontal\",\"filterbar_state\":\"open\",\"filters\":[{\"filter_object\":{\"type\":\"select\",\"name\":\"Cerca per categoria\",\"slug\":\"filterbar_category\",\"priority\":1,\"values\":[{\"name\":\"8-M Dia internacional de la dona\",\"depth\":0,\"value\":126,\"data\":{\"slug\":\"8-m-dia-internacional-de-la-dona\"},\"class\":\"tribe-parent-cat tribe-events-category-8-m-dia-internacional-de-la-dona\"},{\"name\":\"Activitat familiar\",\"depth\":0,\"value\":48,\"data\":{\"slug\":\"activitat-familiar\"},\"class\":\"tribe-parent-cat tribe-events-category-activitat-familiar\"},{\"name\":\"Activitat liter\\u00e0ria\",\"depth\":0,\"value\":49,\"data\":{\"slug\":\"activitat-literaria\"},\"class\":\"tribe-parent-cat tribe-events-category-activitat-literaria\"},{\"name\":\"Activitat solid\\u00e0ria\",\"depth\":0,\"value\":177,\"data\":{\"slug\":\"activitat-solidaria\"},\"class\":\"tribe-parent-cat tribe-events-category-activitat-solidaria\"},{\"name\":\"Activitats Infantils\",\"depth\":0,\"value\":178,\"data\":{\"slug\":\"activitats-infantils\"},\"class\":\"tribe-parent-cat tribe-events-category-activitats-infantils\"},{\"name\":\"Activitats peri\\u00f2diques\",\"depth\":0,\"value\":87,\"data\":{\"slug\":\"activitats-periodiques\"},\"class\":\"tribe-parent-cat tribe-events-category-activitats-periodiques\"},{\"name\":\"Altres\",\"depth\":0,\"value\":172,\"data\":{\"slug\":\"altres\"},\"class\":\"tribe-parent-cat tribe-events-category-altres\"},{\"name\":\"Arts esc\\u00e8niques\",\"depth\":0,\"value\":85,\"data\":{\"slug\":\"arts-esceniques\"},\"class\":\"tribe-parent-cat tribe-events-category-arts-esceniques\"},{\"name\":\"Arts visuals i pl\\u00e0stiques\",\"depth\":0,\"value\":86,\"data\":{\"slug\":\"arts-visuals-i-plastiques\"},\"class\":\"tribe-parent-cat tribe-events-category-arts-visuals-i-plastiques\"},{\"name\":\"Carnestoltes\",\"depth\":0,\"value\":125,\"data\":{\"slug\":\"carnestoltes\"},\"class\":\"tribe-parent-cat tribe-events-category-carnestoltes\"},{\"name\":\"Casals d'Estiu\",\"depth\":0,\"value\":130,\"data\":{\"slug\":\"casals-destiu\"},\"class\":\"tribe-parent-cat tribe-events-category-casals-destiu\"},{\"name\":\"Cinema\",\"depth\":0,\"value\":50,\"data\":{\"slug\":\"cinema\"},\"class\":\"tribe-parent-cat tribe-events-category-cinema\"},{\"name\":\"Circ\",\"depth\":0,\"value\":119,\"data\":{\"slug\":\"circ\"},\"class\":\"tribe-parent-cat tribe-events-category-circ\"},{\"name\":\"Comer\\u00e7 i mercats\",\"depth\":0,\"value\":51,\"data\":{\"slug\":\"comerc-i-mercats\"},\"class\":\"tribe-parent-cat tribe-events-category-comerc-i-mercats\"},{\"name\":\"Confer\\u00e8ncies i jornades\",\"depth\":0,\"value\":68,\"data\":{\"slug\":\"conferencies-i-jornades\"},\"class\":\"tribe-parent-cat tribe-events-category-conferencies-i-jornades\"},{\"name\":\"Cultura\",\"depth\":0,\"value\":124,\"data\":{\"slug\":\"cultura\"},\"class\":\"tribe-parent-cat tribe-events-category-cultura\"},{\"name\":\"Cursos i tallers\",\"depth\":0,\"value\":69,\"data\":{\"slug\":\"cursos-i-tallers\"},\"class\":\"tribe-parent-cat tribe-events-category-cursos-i-tallers\"},{\"name\":\"Ecomuseu del Moian\\u00e8s\",\"depth\":0,\"value\":70,\"data\":{\"slug\":\"ecomuseu-del-moianes\"},\"class\":\"tribe-parent-cat tribe-events-category-ecomuseu-del-moianes\"},{\"name\":\"Empresa\",\"depth\":0,\"value\":129,\"data\":{\"slug\":\"empresa\"},\"class\":\"tribe-parent-cat tribe-events-category-empresa\"},{\"name\":\"Espectacles\",\"depth\":0,\"value\":71,\"data\":{\"slug\":\"espectacles\"},\"class\":\"tribe-parent-cat tribe-events-category-espectacles\"},{\"name\":\"Esports\",\"depth\":0,\"value\":72,\"data\":{\"slug\":\"esports\"},\"class\":\"tribe-parent-cat tribe-events-category-esports\"},{\"name\":\"Exposicions\",\"depth\":0,\"value\":73,\"data\":{\"slug\":\"exposicions\"},\"class\":\"tribe-parent-cat tribe-events-category-exposicions\"},{\"name\":\"Festa Major\",\"depth\":0,\"value\":120,\"data\":{\"slug\":\"festa-major\"},\"class\":\"tribe-parent-cat tribe-events-category-festa-major\"},{\"name\":\"Festa Major Moi\\u00e0\",\"depth\":0,\"value\":173,\"data\":{\"slug\":\"festa-major-moia\"},\"class\":\"tribe-parent-cat tribe-events-category-festa-major-moia\"},{\"name\":\"Festival Francesc Vi\\u00f1as\",\"depth\":0,\"value\":174,\"data\":{\"slug\":\"festival-francesc-vinas\"},\"class\":\"tribe-parent-cat tribe-events-category-festival-francesc-vinas\"},{\"name\":\"Fires, festes i tradicions populars\",\"depth\":0,\"value\":74,\"data\":{\"slug\":\"fires-festes-i-tradicions-populars\"},\"class\":\"tribe-parent-cat tribe-events-category-fires-festes-i-tradicions-populars\"},{\"name\":\"Fotografia\",\"depth\":0,\"value\":170,\"data\":{\"slug\":\"fotografia\"},\"class\":\"tribe-parent-cat tribe-events-category-fotografia\"},{\"name\":\"Gastronomia\",\"depth\":0,\"value\":75,\"data\":{\"slug\":\"gastronomia\"},\"class\":\"tribe-parent-cat tribe-events-category-gastronomia\"},{\"name\":\"Gent Gran\",\"depth\":0,\"value\":122,\"data\":{\"slug\":\"gent-gran\"},\"class\":\"tribe-parent-cat tribe-events-category-gent-gran\"},{\"name\":\"Humor\",\"depth\":0,\"value\":175,\"data\":{\"slug\":\"humor\"},\"class\":\"tribe-parent-cat tribe-events-category-humor\"},{\"name\":\"Joventut\",\"depth\":0,\"value\":128,\"data\":{\"slug\":\"joventut\"},\"class\":\"tribe-parent-cat tribe-events-category-joventut\"},{\"name\":\"Llocs d'inter\\u00e8s\",\"depth\":0,\"value\":83,\"data\":{\"slug\":\"llocs-dinteres\"},\"class\":\"tribe-parent-cat tribe-events-category-llocs-dinteres\"},{\"name\":\"Museus\",\"depth\":0,\"value\":176,\"data\":{\"slug\":\"museus\"},\"class\":\"tribe-parent-cat tribe-events-category-museus\"},{\"name\":\"M\\u00fasica\",\"depth\":0,\"value\":76,\"data\":{\"slug\":\"musica\"},\"class\":\"tribe-parent-cat tribe-events-category-musica\"},{\"name\":\"Nadal\",\"depth\":0,\"value\":123,\"data\":{\"slug\":\"nadal\"},\"class\":\"tribe-parent-cat tribe-events-category-nadal\"},{\"name\":\"Patrimoni\",\"depth\":0,\"value\":77,\"data\":{\"slug\":\"patrimoni\"},\"class\":\"tribe-parent-cat tribe-events-category-patrimoni\"},{\"name\":\"Pintura\",\"depth\":0,\"value\":121,\"data\":{\"slug\":\"pintura\"},\"class\":\"tribe-parent-cat tribe-events-category-pintura\"},{\"name\":\"PROVISIONAL\",\"depth\":0,\"value\":117,\"data\":{\"slug\":\"provisional\"},\"class\":\"tribe-parent-cat tribe-events-category-provisional\"},{\"name\":\"Salut\",\"depth\":0,\"value\":78,\"data\":{\"slug\":\"salut\"},\"class\":\"tribe-parent-cat tribe-events-category-salut\"},{\"name\":\"Sant Joan\",\"depth\":0,\"value\":131,\"data\":{\"slug\":\"sant-joan\"},\"class\":\"tribe-parent-cat tribe-events-category-sant-joan\"},{\"name\":\"Sant Jordi\",\"depth\":0,\"value\":127,\"data\":{\"slug\":\"sant-jordi\"},\"class\":\"tribe-parent-cat tribe-events-category-sant-jordi\"},{\"name\":\"Teatre\",\"depth\":0,\"value\":79,\"data\":{\"slug\":\"teatre\"},\"class\":\"tribe-parent-cat tribe-events-category-teatre\"},{\"name\":\"Titelles\",\"depth\":0,\"value\":80,\"data\":{\"slug\":\"titelles\"},\"class\":\"tribe-parent-cat tribe-events-category-titelles\"},{\"name\":\"Turisme\",\"depth\":0,\"value\":81,\"data\":{\"slug\":\"turisme\"},\"class\":\"tribe-parent-cat tribe-events-category-turisme\"},{\"name\":\"Visites i rutes\",\"depth\":0,\"value\":82,\"data\":{\"slug\":\"visites-i-rutes\"},\"class\":\"tribe-parent-cat tribe-events-category-visites-i-rutes\"}],\"currentValue\":[],\"isActiveFilter\":true,\"queryArgs\":[],\"joinClause\":\"\",\"whereClause\":\"\",\"stack_managed\":false},\"label\":\"Cerca per categoria\",\"selections_count\":\"\",\"selections\":\"\",\"toggle_id\":\"filterbar_category-toggle-f566a615-b6b7-4331-9d8b-87c9e609f9c3\",\"container_id\":\"filterbar_category-container-f566a615-b6b7-4331-9d8b-87c9e609f9c3\",\"pill_toggle_id\":\"filterbar_category-pill-toggle-f566a615-b6b7-4331-9d8b-87c9e609f9c3\",\"is_open\":false,\"name\":\"tribe_eventcategory[]\",\"fields\":[{\"type\":\"dropdown\",\"value\":\"\",\"id\":\"tribe-events-filterbar-823dc95d-filterbar_category\",\"name\":\"tribe_eventcategory[]\",\"options\":[{\"text\":\"8-M Dia internacional de la dona\",\"id\":\"126\",\"value\":126},{\"text\":\"Activitat familiar\",\"id\":\"48\",\"value\":48},{\"text\":\"Activitat liter\\u00e0ria\",\"id\":\"49\",\"value\":49},{\"text\":\"Activitat solid\\u00e0ria\",\"id\":\"177\",\"value\":177},{\"text\":\"Activitats Infantils\",\"id\":\"178\",\"value\":178},{\"text\":\"Activitats peri\\u00f2diques\",\"id\":\"87\",\"value\":87},{\"text\":\"Altres\",\"id\":\"172\",\"value\":172},{\"text\":\"Arts esc\\u00e8niques\",\"id\":\"85\",\"value\":85},{\"text\":\"Arts visuals i pl\\u00e0stiques\",\"id\":\"86\",\"value\":86},{\"text\":\"Carnestoltes\",\"id\":\"125\",\"value\":125},{\"text\":\"Casals d'Estiu\",\"id\":\"130\",\"value\":130},{\"text\":\"Cinema\",\"id\":\"50\",\"value\":50},{\"text\":\"Circ\",\"id\":\"119\",\"value\":119},{\"text\":\"Comer\\u00e7 i mercats\",\"id\":\"51\",\"value\":51},{\"text\":\"Confer\\u00e8ncies i jornades\",\"id\":\"68\",\"value\":68},{\"text\":\"Cultura\",\"id\":\"124\",\"value\":124},{\"text\":\"Cursos i tallers\",\"id\":\"69\",\"value\":69},{\"text\":\"Ecomuseu del Moian\\u00e8s\",\"id\":\"70\",\"value\":70},{\"text\":\"Empresa\",\"id\":\"129\",\"value\":129},{\"text\":\"Espectacles\",\"id\":\"71\",\"value\":71},{\"text\":\"Esports\",\"id\":\"72\",\"value\":72},{\"text\":\"Exposicions\",\"id\":\"73\",\"value\":73},{\"text\":\"Festa Major\",\"id\":\"120\",\"value\":120},{\"text\":\"Festa Major Moi\\u00e0\",\"id\":\"173\",\"value\":173},{\"text\":\"Festival Francesc Vi\\u00f1as\",\"id\":\"174\",\"value\":174},{\"text\":\"Fires, festes i tradicions populars\",\"id\":\"74\",\"value\":74},{\"text\":\"Fotografia\",\"id\":\"170\",\"value\":170},{\"text\":\"Gastronomia\",\"id\":\"75\",\"value\":75},{\"text\":\"Gent Gran\",\"id\":\"122\",\"value\":122},{\"text\":\"Humor\",\"id\":\"175\",\"value\":175},{\"text\":\"Joventut\",\"id\":\"128\",\"value\":128},{\"text\":\"Llocs d'inter\\u00e8s\",\"id\":\"83\",\"value\":83},{\"text\":\"Museus\",\"id\":\"176\",\"value\":176},{\"text\":\"M\\u00fasica\",\"id\":\"76\",\"value\":76},{\"text\":\"Nadal\",\"id\":\"123\",\"value\":123},{\"text\":\"Patrimoni\",\"id\":\"77\",\"value\":77},{\"text\":\"Pintura\",\"id\":\"121\",\"value\":121},{\"text\":\"PROVISIONAL\",\"id\":\"117\",\"value\":117},{\"text\":\"Salut\",\"id\":\"78\",\"value\":78},{\"text\":\"Sant Joan\",\"id\":\"131\",\"value\":131},{\"text\":\"Sant Jordi\",\"id\":\"127\",\"value\":127},{\"text\":\"Teatre\",\"id\":\"79\",\"value\":79},{\"text\":\"Titelles\",\"id\":\"80\",\"value\":80},{\"text\":\"Turisme\",\"id\":\"81\",\"value\":81},{\"text\":\"Visites i rutes\",\"id\":\"82\",\"value\":82}]}],\"type\":\"dropdown\"},{\"filter_object\":{\"type\":\"select\",\"name\":\"Cerca per municipis\",\"slug\":\"_ecp_custom_2\",\"priority\":12,\"values\":{\"5\":{\"name\":\"Calders\",\"value\":\"Calders\"},\"11\":{\"name\":\"Castellcir\",\"value\":\"Castellcir\"},\"1\":{\"name\":\"Castellter\\u00e7ol\",\"value\":\"Castellter\\u00e7ol\"},\"10\":{\"name\":\"Collsuspina\",\"value\":\"Collsuspina\"},\"4\":{\"name\":\"Granera\",\"value\":\"Granera\"},\"6\":{\"name\":\"L\\u2019Estany\",\"value\":\"L\\u2019Estany\"},\"0\":{\"name\":\"Moi\\u00e0\",\"value\":\"Moi\\u00e0\"},\"3\":{\"name\":\"Monistrol de Calders\",\"value\":\"Monistrol de Calders\"},\"12\":{\"name\":\"Santa Maria d\\u2019Ol\\u00f3\",\"value\":\"Santa Maria d\\u2019Ol\\u00f3\"},\"2\":{\"name\":\"Sant Quirze Safaja\",\"value\":\"Sant Quirze Safaja\"},\"7\":{\"name\":\"\\u00c0mbit comarcal Moian\\u00e8s\",\"value\":\"\\u00c0mbit comarcal Moian\\u00e8s\"}},\"currentValue\":null,\"isActiveFilter\":true,\"queryArgs\":[],\"joinClause\":\"\",\"whereClause\":\"\",\"stack_managed\":false},\"label\":\"Cerca per municipis\",\"selections_count\":\"\",\"selections\":\"\",\"toggle_id\":\"_ecp_custom_2-toggle-f566a615-b6b7-4331-9d8b-87c9e609f9c3\",\"container_id\":\"_ecp_custom_2-container-f566a615-b6b7-4331-9d8b-87c9e609f9c3\",\"pill_toggle_id\":\"_ecp_custom_2-pill-toggle-f566a615-b6b7-4331-9d8b-87c9e609f9c3\",\"is_open\":false,\"name\":\"tribe__ecp_custom_2[]\",\"fields\":[{\"type\":\"dropdown\",\"value\":null,\"id\":\"tribe-events-filterbar-ea6bdcf4-_ecp_custom_2\",\"name\":\"tribe__ecp_custom_2[]\",\"options\":[{\"text\":\"Calders\",\"id\":\"Calders\",\"value\":\"Calders\"},{\"text\":\"Castellcir\",\"id\":\"Castellcir\",\"value\":\"Castellcir\"},{\"text\":\"Castellter\\u00e7ol\",\"id\":\"Castellter\\u00e7ol\",\"value\":\"Castellter\\u00e7ol\"},{\"text\":\"Collsuspina\",\"id\":\"Collsuspina\",\"value\":\"Collsuspina\"},{\"text\":\"Granera\",\"id\":\"Granera\",\"value\":\"Granera\"},{\"text\":\"L\\u2019Estany\",\"id\":\"L\\u2019Estany\",\"value\":\"L\\u2019Estany\"},{\"text\":\"Moi\\u00e0\",\"id\":\"Moi\\u00e0\",\"value\":\"Moi\\u00e0\"},{\"text\":\"Monistrol de Calders\",\"id\":\"Monistrol de Calders\",\"value\":\"Monistrol de Calders\"},{\"text\":\"Santa Maria d\\u2019Ol\\u00f3\",\"id\":\"Santa Maria d\\u2019Ol\\u00f3\",\"value\":\"Santa Maria d\\u2019Ol\\u00f3\"},{\"text\":\"Sant Quirze Safaja\",\"id\":\"Sant Quirze Safaja\",\"value\":\"Sant Quirze Safaja\"},{\"text\":\"\\u00c0mbit comarcal Moian\\u00e8s\",\"id\":\"\\u00c0mbit comarcal Moian\\u00e8s\",\"value\":\"\\u00c0mbit comarcal Moian\\u00e8s\"}]}],\"type\":\"dropdown\"}],\"selected_filters\":[],\"mobile_initial_state_control\":true,\"display_recurring_toggle\":false,\"_context\":{\"slug\":\"list\",\"should_manage_url\":false},\"text\":\"S'est\\u00e0 carregant...\",\"classes\":[\"tribe-common-c-loader__dot\",\"tribe-common-c-loader__dot--third\"]}<\/script>\n\n\t\t\n\t\t\n<header  class=\"tribe-events-header tribe-events-header--has-event-search\" >\n\t\n\t\n\t\n\t\n\t<div\n\t class=\"tribe-events-header__events-bar tribe-events-c-events-bar tribe-events-c-events-bar--border\" \tdata-js=\"tribe-events-events-bar\"\n>\n\n\t<h2 class=\"tribe-common-a11y-visual-hide\">\n\t\tNavegaci\u00f3 visual i cerca d&#039;Esdeveniments\t<\/h2>\n\n\t\t\t<button\n\tclass=\"tribe-events-c-events-bar__search-button\"\n\taria-controls=\"tribe-events-search-container\"\n\taria-expanded=\"false\"\n\tdata-js=\"tribe-events-search-button\"\n>\n\t<svg  class=\"tribe-common-c-svgicon tribe-common-c-svgicon--search tribe-events-c-events-bar__search-button-icon-svg\"  viewBox=\"0 0 16 16\" xmlns=\"http:\/\/www.w3.org\/2000\/svg\"  aria-hidden=\"true\"><path fill-rule=\"evenodd\" clip-rule=\"evenodd\" d=\"M11.164 10.133L16 14.97 14.969 16l-4.836-4.836a6.225 6.225 0 01-3.875 1.352 6.24 6.24 0 01-4.427-1.832A6.272 6.272 0 010 6.258 6.24 6.24 0 011.831 1.83 6.272 6.272 0 016.258 0c1.67 0 3.235.658 4.426 1.831a6.272 6.272 0 011.832 4.427c0 1.422-.48 2.773-1.352 3.875zM6.258 1.458c-1.28 0-2.49.498-3.396 1.404-1.866 1.867-1.866 4.925 0 6.791a4.774 4.774 0 003.396 1.405c1.28 0 2.489-.498 3.395-1.405 1.867-1.866 1.867-4.924 0-6.79a4.774 4.774 0 00-3.395-1.405z\"\/><\/svg>\n\t<span class=\"tribe-events-c-events-bar__search-button-text tribe-common-a11y-visual-hide\">\n\t\tCerca\t<\/span>\n<\/button>\n\n\t\t<div\n\t\t\tclass=\"tribe-events-c-events-bar__search-container\"\n\t\t\tid=\"tribe-events-search-container\"\n\t\t\tdata-js=\"tribe-events-search-container\"\n\t\t>\n\t\t\t<div\n\tclass=\"tribe-events-c-events-bar__search\"\n\tid=\"tribe-events-events-bar-search\"\n\tdata-js=\"tribe-events-events-bar-search\"\n>\n\t<form\n\t\tclass=\"tribe-events-c-search tribe-events-c-events-bar__search-form\"\n\t\tmethod=\"get\"\n\t\tdata-js=\"tribe-events-view-form\"\n\t\trole=\"search\"\n\t>\n\t\t<input type=\"hidden\" name=\"tribe-events-views[url]\" value=\"https:\/\/moianesturisme.cat\/agendacultural\/activitats\/llista\/?shortcode=997d0690&#038;hide_subsequent_recurrences=1\" \/>\n\n\t\t<div class=\"tribe-events-c-search__input-group\">\n\t\t\t<div\n\tclass=\"tribe-common-form-control-text tribe-events-c-search__input-control tribe-events-c-search__input-control--keyword\"\n\tdata-js=\"tribe-events-events-bar-input-control\"\n>\n\t<label class=\"tribe-common-form-control-text__label\" for=\"tribe-events-events-bar-keyword\">\n\t\tIntrodu\u00efu la paraula clau. Cerqueu Esdeveniments per paraula clau.\t<\/label>\n\t<input\n\t\tclass=\"tribe-common-form-control-text__input tribe-events-c-search__input\"\n\t\tdata-js=\"tribe-events-events-bar-input-control-input\"\n\t\ttype=\"text\"\n\t\tid=\"tribe-events-events-bar-keyword\"\n\t\tname=\"tribe-events-views[tribe-bar-search]\"\n\t\tvalue=\"\"\n\t\tplaceholder=\"Cerca esdeveniments\"\n\t\taria-label=\"Introdu\u00efu la paraula clau. Cerqueu esdeveniments per paraula clau.\"\n\t\/>\n\t<svg  class=\"tribe-common-c-svgicon tribe-common-c-svgicon--search tribe-events-c-search__input-control-icon-svg\"  viewBox=\"0 0 16 16\" xmlns=\"http:\/\/www.w3.org\/2000\/svg\"  aria-hidden=\"true\"><path fill-rule=\"evenodd\" clip-rule=\"evenodd\" d=\"M11.164 10.133L16 14.97 14.969 16l-4.836-4.836a6.225 6.225 0 01-3.875 1.352 6.24 6.24 0 01-4.427-1.832A6.272 6.272 0 010 6.258 6.24 6.24 0 011.831 1.83 6.272 6.272 0 016.258 0c1.67 0 3.235.658 4.426 1.831a6.272 6.272 0 011.832 4.427c0 1.422-.48 2.773-1.352 3.875zM6.258 1.458c-1.28 0-2.49.498-3.396 1.404-1.866 1.867-1.866 4.925 0 6.791a4.774 4.774 0 003.396 1.405c1.28 0 2.489-.498 3.395-1.405 1.867-1.866 1.867-4.924 0-6.79a4.774 4.774 0 00-3.395-1.405z\"\/><\/svg>\n<\/div>\n\t\t<\/div>\n\n\t\t<button\n\tclass=\"tribe-common-c-btn tribe-events-c-search__button\"\n\ttype=\"submit\"\n\tname=\"submit-bar\"\n>\n\tTroba Esdeveniments<\/button>\n\t<\/form>\n<\/div>\n\t\t<\/div>\n\t\n\t<div class=\"tribe-events-c-events-bar__filter-button-container\">\n\t<button\n\t\t class=\"tribe-events-c-events-bar__filter-button tribe-events-c-events-bar__filter-button--active\" \t\taria-controls=\"tribe-filter-bar--f566a615-b6b7-4331-9d8b-87c9e609f9c3\"\n\t\taria-expanded=\"true\"\n\t\tdata-js=\"tribe-events-filter-button\"\n\t>\n\t\t<svg aria-hidden=\"true\"  class=\"tribe-events-c-events-bar__filter-button-icon tribe-common-c-svgicon tribe-common-c-svgicon--filter\"  viewBox=\"0 0 18 18\" xmlns=\"http:\/\/www.w3.org\/2000\/svg\"><path fill-rule=\"evenodd\" clip-rule=\"evenodd\" d=\"M4.44 1a.775.775 0 10-1.55 0v1.89H1a.775.775 0 000 1.55h1.89v1.893a.775.775 0 001.55 0V4.44H17a.775.775 0 000-1.55H4.44V1zM.224 14.332c0-.428.347-.775.775-.775h12.56v-1.893a.775.775 0 011.55 0v1.893h1.89a.775.775 0 010 1.55h-1.89v1.89a.775.775 0 01-1.55 0v-1.89H.998a.775.775 0 01-.775-.775z\"\/><\/svg>\n\t\t<span class=\"tribe-events-c-events-bar__filter-button-text tribe-common-b2 tribe-common-a11y-visual-hide\">\n\t\t\tAmaga els filtres\t\t<\/span>\n\t<\/button>\n<\/div>\n<div class=\"tribe-events-c-events-bar__views\">\n\t<h3 class=\"tribe-common-a11y-visual-hide\">\n\t\tNavegaci\u00f3 de visualitzacions Esdeveniment\t<\/h3>\n\t<div  class=\"tribe-events-c-view-selector tribe-events-c-view-selector--labels tribe-events-c-view-selector--tabs\"  data-js=\"tribe-events-view-selector\">\n\t\t<button\n\t\t\tclass=\"tribe-events-c-view-selector__button tribe-common-c-btn__clear\"\n\t\t\tdata-js=\"tribe-events-view-selector-button\"\n\t\t\taria-current=\"true\"\n\t\t\taria-label=\"Select Calendar View\"\n\t\t>\n\t\t\t<span class=\"tribe-events-c-view-selector__button-icon\">\n\t\t\t\t<svg  class=\"tribe-common-c-svgicon tribe-common-c-svgicon--list tribe-events-c-view-selector__button-icon-svg\"  viewBox=\"0 0 19 19\" xmlns=\"http:\/\/www.w3.org\/2000\/svg\"><path fill-rule=\"evenodd\" clip-rule=\"evenodd\" d=\"M.451.432V17.6c0 .238.163.432.364.432H18.12c.2 0 .364-.194.364-.432V.432c0-.239-.163-.432-.364-.432H.815c-.2 0-.364.193-.364.432zm.993.81h16.024V3.56H1.444V1.24zM17.468 3.56H1.444v13.227h16.024V3.56z\" class=\"tribe-common-c-svgicon__svg-fill\"\/><g clip-path=\"url(#tribe-events-c-view-selector__button-icon-svg-0)\" class=\"tribe-common-c-svgicon__svg-fill\"><path fill-rule=\"evenodd\" clip-rule=\"evenodd\" d=\"M11.831 4.912v1.825c0 .504.409.913.913.913h1.825a.913.913 0 00.912-.913V4.912A.913.913 0 0014.57 4h-1.825a.912.912 0 00-.913.912z\"\/><path d=\"M8.028 7.66a.449.449 0 00.446-.448v-.364c0-.246-.2-.448-.446-.448h-4.13a.449.449 0 00-.447.448v.364c0 .246.201.448.447.448h4.13zM9.797 5.26a.449.449 0 00.447-.448v-.364c0-.246-.201-.448-.447-.448h-5.9a.449.449 0 00-.446.448v.364c0 .246.201.448.447.448h5.9z\"\/><\/g><g clip-path=\"url(#tribe-events-c-view-selector__button-icon-svg-1)\" class=\"tribe-common-c-svgicon__svg-fill\"><path fill-rule=\"evenodd\" clip-rule=\"evenodd\" d=\"M11.831 10.912v1.825c0 .505.409.913.913.913h1.825a.913.913 0 00.912-.912v-1.825A.913.913 0 0014.57 10h-1.825a.912.912 0 00-.913.912z\"\/><path d=\"M8.028 13.66a.449.449 0 00.446-.448v-.364c0-.246-.2-.448-.446-.448h-4.13a.449.449 0 00-.447.448v.364c0 .246.201.448.447.448h4.13zM9.797 11.26a.449.449 0 00.447-.448v-.364c0-.246-.201-.448-.447-.448h-5.9a.449.449 0 00-.446.448v.364c0 .246.201.448.447.448h5.9z\"\/><\/g><defs><clipPath id=\"tribe-events-c-view-selector__button-icon-svg-0\"><path transform=\"translate(3.451 4)\" d=\"M0 0h13v4H0z\"\/><\/clipPath><clipPath id=\"tribe-events-c-view-selector__button-icon-svg-1\"><path transform=\"translate(3.451 10)\" d=\"M0 0h13v4H0z\"\/><\/clipPath><\/defs><\/svg>\n\t\t\t<\/span>\n\t\t\t<span class=\"tribe-events-c-view-selector__button-text tribe-common-a11y-visual-hide\">\n\t\t\t\tLlista\t\t\t<\/span>\n\t\t\t<svg  class=\"tribe-common-c-svgicon tribe-common-c-svgicon--caret-down tribe-events-c-view-selector__button-icon-caret-svg\"  viewBox=\"0 0 10 7\" xmlns=\"http:\/\/www.w3.org\/2000\/svg\" aria-hidden=\"true\"><path fill-rule=\"evenodd\" clip-rule=\"evenodd\" d=\"M1.008.609L5 4.6 8.992.61l.958.958L5 6.517.05 1.566l.958-.958z\" class=\"tribe-common-c-svgicon__svg-fill\"\/><\/svg>\n\t\t<\/button>\n\t\t<div\n\tclass=\"tribe-events-c-view-selector__content\"\n\tid=\"tribe-events-view-selector-content\"\n\tdata-js=\"tribe-events-view-selector-list-container\"\n>\n\t<ul class=\"tribe-events-c-view-selector__list\">\n\t\t\t\t\t<li class=\"tribe-events-c-view-selector__list-item tribe-events-c-view-selector__list-item--photo\">\n\t<a\n\t\thref=\"https:\/\/moianesturisme.cat\/agendacultural\/activitats\/photo\/?hide_subsequent_recurrences=1&#038;shortcode=997d0690\"\n\t\tclass=\"tribe-events-c-view-selector__list-item-link\"\n\t\tdata-js=\"tribe-events-view-link\"\n\t\taria-label=\"Display Esdeveniments in Foto View\"\n\t>\n\t\t<span class=\"tribe-events-c-view-selector__list-item-icon\">\n\t\t\t<svg  class=\"tribe-common-c-svgicon tribe-common-c-svgicon--photo tribe-events-c-view-selector__list-item-icon-svg\"  viewBox=\"0 0 19 18\" xmlns=\"http:\/\/www.w3.org\/2000\/svg\"><path fill-rule=\"evenodd\" clip-rule=\"evenodd\" d=\"M17.536 0H.539a.484.484 0 00-.495.483v17.034c0 .27.218.483.495.483h16.997a.484.484 0 00.495-.483V.483A.484.484 0 0017.536 0zm-.515.986V13.73l-1.907-2.938c-.555-.58-1.584-.58-2.139 0l-1.327 1.41-3.841-4.31a1.548 1.548 0 00-1.169-.502c-.435 0-.871.193-1.148.522l-4.436 4.929V.986h15.967zM1.054 14.329v2.705h15.987v-1.835l-2.66-3.73c-.178-.175-.495-.175-.653 0l-1.703 1.816c-.1.097-.218.174-.377.155a.569.569 0 01-.376-.174L7.054 8.53a.577.577 0 00-.416-.174.504.504 0 00-.396.174l-5.188 5.798z\" class=\"tribe-common-c-svgicon__svg-fill\"\/><path fill-rule=\"evenodd\" clip-rule=\"evenodd\" d=\"M14.682 5.875c0 1.043-.825 1.875-1.82 1.875-.993 0-1.818-.832-1.818-1.875C11.044 4.83 11.85 4 12.863 4c1.012 0 1.819.831 1.819 1.875zm-.957 0c0-.483-.393-.89-.862-.89s-.863.407-.863.89c0 .483.394.889.863.889s.862-.406.862-.89z\" class=\"tribe-common-c-svgicon__svg-fill\"\/><\/svg>\n\t\t<\/span>\n\t\t<span class=\"tribe-events-c-view-selector__list-item-text\">\n\t\t\tFoto\t\t<\/span>\n\t<\/a>\n<\/li>\n\t\t\t<\/ul>\n<\/div>\n\t<\/div>\n<\/div>\n\n<\/div>\n<div\n\t class=\"tribe-filter-bar tribe-filter-bar--horizontal tribe-filter-bar--open\" \tid=\"tribe-filter-bar--f566a615-b6b7-4331-9d8b-87c9e609f9c3\"\n\tdata-js=\"tribe-filter-bar\"\n\tdata-mobile-initial-state-control=\"true\"\n\taria-hidden=\"false\"\n>\n\t<form\n\t\tclass=\"tribe-filter-bar__form\"\n\t\tmethod=\"post\"\n\t\taction=\"\"\n\t\taria-labelledby=\"tribe-filter-bar__form-heading--f566a615-b6b7-4331-9d8b-87c9e609f9c3\"\n\t\taria-describedby=\"tribe-filter-bar__form-description--f566a615-b6b7-4331-9d8b-87c9e609f9c3\"\n\t>\n\n\t\t<h2\n\t\t\tclass=\"tribe-filter-bar__form-heading tribe-common-h5 tribe-common-h--alt tribe-common-a11y-visual-hide\"\n\t\t\tid=\"tribe-filter-bar__form-heading--f566a615-b6b7-4331-9d8b-87c9e609f9c3\"\n\t\t>\n\t\t\tFiltres\t\t<\/h2>\n\n\t\t<p\n\t\t\tclass=\"tribe-filter-bar__form-description tribe-common-a11y-visual-hide\"\n\t\t\tid=\"tribe-filter-bar__form-description--f566a615-b6b7-4331-9d8b-87c9e609f9c3\"\n\t\t>\n\t\t\tChanging any of the form inputs will cause the list of events to refresh with the filtered results.\t\t<\/p>\n\n\t\t\n\t\t<div class=\"tribe-filter-bar__actions\">\n\t<button\n\t\tclass=\"tribe-filter-bar__action-done tribe-common-c-btn-border tribe-common-c-btn-border--secondary\"\n\t\tdata-js=\"tribe-filter-bar__action-done\"\n\t\ttype=\"button\"\n\t\taria-controls=\"tribe-filter-bar--f566a615-b6b7-4331-9d8b-87c9e609f9c3\"\n\t\taria-expanded=\"true\"\n\t>\n\t\tFet\t<\/button>\n\t<button\n\t class=\"tribe-filter-bar-c-clear-button tribe-common-c-btn-border tribe-common-c-btn-border--alt tribe-filter-bar__action-clear\" \ttype=\"reset\"\n\tdata-js=\"tribe-filter-bar-c-clear-button\"\n>\n\t<svg  class=\"tribe-common-c-svgicon tribe-common-c-svgicon--reset tribe-filter-bar-c-clear-button__reset-icon\"  viewBox=\"0 0 14 14\" xmlns=\"http:\/\/www.w3.org\/2000\/svg\"><path d=\"M12.268 7.5a5.633 5.633 0 11-.886-3.033M11.4 1v3.467H7.934\" stroke-width=\"1.5\" stroke-linecap=\"round\" stroke-linejoin=\"round\"\/><\/svg>\n\t<span class=\"tribe-filter-bar-c-clear-button__text\">\n\t\tNeteja\t<\/span>\n<\/button>\n<\/div>\n\n\t\t<div\n\tclass=\"tribe-filter-bar__filters-container\"\n\tdata-js=\"tribe-filter-bar-filters-container\"\n>\n\t<div class=\"tribe-filter-bar__filters\">\n\t\t\t\t\t<div  class=\"tribe-filter-bar-c-filter tribe-filter-bar-c-filter--pill tribe-filter-bar-c-filter--dropdown\" >\n\t<div class=\"tribe-filter-bar-c-filter__toggle-wrapper\">\n\t\t<h3 class=\"tribe-filter-bar-c-filter__toggle-heading\">\n\t\t\t<button\n\t\t\t\tclass=\"tribe-filter-bar-c-filter__toggle tribe-common-b1 tribe-common-b2--min-medium\"\n\t\t\t\tid=\"filterbar_category-toggle-f566a615-b6b7-4331-9d8b-87c9e609f9c3\"\n\t\t\t\ttype=\"button\"\n\t\t\t\taria-controls=\"filterbar_category-container-f566a615-b6b7-4331-9d8b-87c9e609f9c3\"\n\t\t\t\taria-expanded=\"false\"\n\t\t\t\tdata-js=\"tribe-events-accordion-trigger tribe-filter-bar-c-filter-toggle\"\n\t\t\t>\n\t\t\t<div class=\"tribe-filter-bar-c-filter__toggle-text\">\n\t\t\t\t<span class=\"tribe-filter-bar-c-filter__toggle-label\">Cerca per categoria<\/span><span class=\"tribe-filter-bar-c-filter__toggle-label-colon\">:<\/span>\n\t\t\t\t\t\t\t\t<span class=\"tribe-filter-bar-c-filter__toggle-selections\">\n\t\t\t\t\t\t\t\t\t<\/span>\n\t\t\t<\/div>\n\n\t\t\t<span class=\"tribe-filter-bar-c-filter__toggle-icon tribe-filter-bar-c-filter__toggle-icon--plus\">\n\t\t\t\t<svg  class=\"tribe-common-c-svgicon tribe-common-c-svgicon--plus tribe-filter-bar-c-filter__toggle-plus-icon\"  viewBox=\"0 0 12 12\" xmlns=\"http:\/\/www.w3.org\/2000\/svg\"><path d=\"M11 5.881H1M5.88 1v10\" stroke-width=\"2\" stroke-linecap=\"square\"\/><\/svg>\n\t\t\t\t<span class=\"tribe-filter-bar-c-filter__toggle-icon-text tribe-common-a11y-visual-hide\">\n\t\t\t\t\tObre el filtre\t\t\t\t<\/span>\n\t\t\t<\/span>\n\n\t\t\t<span class=\"tribe-filter-bar-c-filter__toggle-icon tribe-filter-bar-c-filter__toggle-icon--minus\">\n\t\t\t\t<svg  class=\"tribe-common-c-svgicon tribe-common-c-svgicon--minus tribe-filter-bar-c-filter__toggle-minus-icon\"  viewBox=\"0 0 12 3\" xmlns=\"http:\/\/www.w3.org\/2000\/svg\"><path d=\"M11 1.88H1\" stroke-width=\"2\" stroke-linecap=\"square\"\/><\/svg>\n\t\t\t\t<span class=\"tribe-filter-bar-c-filter__toggle-icon-text tribe-common-a11y-visual-hide\">\n\t\t\t\t\tTanca el filtre\t\t\t\t<\/span>\n\t\t\t<\/span>\n\t\t\t<\/button>\n\t\t<\/h3>\n\t\t\t\t<h3 class=\"tribe-filter-bar-c-filter__remove-heading\">\n\t\t\t<button class=\"tribe-filter-bar-c-filter__remove-button\" type=\"button\">\n\t\t\t\t<svg  class=\"tribe-common-c-svgicon tribe-common-c-svgicon--close-alt tribe-filter-bar-c-filter__remove-button-icon\"  viewBox=\"0 0 8 8\" xmlns=\"http:\/\/www.w3.org\/2000\/svg\"><path d=\"M1 1l6 6M7 1L1 7\" stroke-width=\"1.5\" stroke-linecap=\"round\" stroke-linejoin=\"round\"\/><\/svg>\n\t\t\t\t<span class=\"tribe-filter-bar-c-filter__remove-button-text tribe-common-a11y-visual-hide\">\n\t\t\t\t\tElimina els filtres\t\t\t\t<\/span>\n\t\t\t<\/button>\n\t\t<\/h3>\n\t\t\t<\/div>\n\n\n\t<div\n\t\tclass=\"tribe-filter-bar-c-filter__container\"\n\t\tid=\"filterbar_category-container-f566a615-b6b7-4331-9d8b-87c9e609f9c3\"\n\t\taria-hidden=\"true\"\n\t\taria-labelledby=\"filterbar_category-toggle-f566a615-b6b7-4331-9d8b-87c9e609f9c3 filterbar_category-pill-toggle-f566a615-b6b7-4331-9d8b-87c9e609f9c3\"\n\t>\n\t\t<fieldset class=\"tribe-filter-bar-c-filter__filters-fieldset\">\n\t\t\t<legend class=\"tribe-filter-bar-c-filter__filters-legend tribe-common-h6 tribe-common-h--alt tribe-common-a11y-visual-hide\">\n\t\t\t\tCerca per categoria\t\t\t<\/legend>\n\n\t\t\t\t\t\t<h3 class=\"tribe-filter-bar-c-filter__close-heading\">\n\t\t\t\t<button\n\t\t\t\t\tclass=\"tribe-filter-bar-c-filter__filters-close\"\n\t\t\t\t\ttype=\"button\"\n\t\t\t\t\tdata-js=\"tribe-filter-bar-c-filter-close\"\n\t\t\t\t>\n\t\t\t\t\t<svg  class=\"tribe-common-c-svgicon tribe-common-c-svgicon--close tribe-filter-bar-c-filter__filters-close-icon\"  viewBox=\"0 0 12 12\" xmlns=\"http:\/\/www.w3.org\/2000\/svg\"><path d=\"M11 1L1 11M1 1l10 10\" stroke-width=\"2\" stroke-miterlimit=\"10\" stroke-linecap=\"round\" stroke-linejoin=\"round\"\/><\/svg>\n\t\t\t\t\t<span class=\"tribe-filter-bar-c-filter__filters-close-text tribe-common-a11y-visual-hide\">\n\t\t\t\t\t\tTanca el filtre\t\t\t\t\t<\/span>\n\t\t\t\t<\/button>\n\t\t\t<\/h3>\n\t\t\t\n\t\t\t<div class=\"tribe-filter-bar-c-filter__filter-fields\">\n\t\t\t\t<div  class=\"tribe-filter-bar-c-dropdown\" >\n\t<input\n\t\tclass=\"tribe-filter-bar-c-dropdown__input\"\n\t\tid=\"tribe-events-filterbar-823dc95d-filterbar_category\"\n\t\tdata-js=\"tribe-filter-bar-c-dropdown-input\"\n\t\tname=\"tribe_eventcategory[]\"\n\t\ttype=\"hidden\"\n\t\tvalue=\"\"\n\t\tdata-allow-html\n\t\tdata-dropdown-css-width=\"false\"\n\t\tdata-options=\"[{&quot;text&quot;:&quot;8-M Dia internacional de la dona&quot;,&quot;id&quot;:&quot;126&quot;,&quot;value&quot;:126},{&quot;text&quot;:&quot;Activitat familiar&quot;,&quot;id&quot;:&quot;48&quot;,&quot;value&quot;:48},{&quot;text&quot;:&quot;Activitat liter\\u00e0ria&quot;,&quot;id&quot;:&quot;49&quot;,&quot;value&quot;:49},{&quot;text&quot;:&quot;Activitat solid\\u00e0ria&quot;,&quot;id&quot;:&quot;177&quot;,&quot;value&quot;:177},{&quot;text&quot;:&quot;Activitats Infantils&quot;,&quot;id&quot;:&quot;178&quot;,&quot;value&quot;:178},{&quot;text&quot;:&quot;Activitats peri\\u00f2diques&quot;,&quot;id&quot;:&quot;87&quot;,&quot;value&quot;:87},{&quot;text&quot;:&quot;Altres&quot;,&quot;id&quot;:&quot;172&quot;,&quot;value&quot;:172},{&quot;text&quot;:&quot;Arts esc\\u00e8niques&quot;,&quot;id&quot;:&quot;85&quot;,&quot;value&quot;:85},{&quot;text&quot;:&quot;Arts visuals i pl\\u00e0stiques&quot;,&quot;id&quot;:&quot;86&quot;,&quot;value&quot;:86},{&quot;text&quot;:&quot;Carnestoltes&quot;,&quot;id&quot;:&quot;125&quot;,&quot;value&quot;:125},{&quot;text&quot;:&quot;Casals d&#039;Estiu&quot;,&quot;id&quot;:&quot;130&quot;,&quot;value&quot;:130},{&quot;text&quot;:&quot;Cinema&quot;,&quot;id&quot;:&quot;50&quot;,&quot;value&quot;:50},{&quot;text&quot;:&quot;Circ&quot;,&quot;id&quot;:&quot;119&quot;,&quot;value&quot;:119},{&quot;text&quot;:&quot;Comer\\u00e7 i mercats&quot;,&quot;id&quot;:&quot;51&quot;,&quot;value&quot;:51},{&quot;text&quot;:&quot;Confer\\u00e8ncies i jornades&quot;,&quot;id&quot;:&quot;68&quot;,&quot;value&quot;:68},{&quot;text&quot;:&quot;Cultura&quot;,&quot;id&quot;:&quot;124&quot;,&quot;value&quot;:124},{&quot;text&quot;:&quot;Cursos i tallers&quot;,&quot;id&quot;:&quot;69&quot;,&quot;value&quot;:69},{&quot;text&quot;:&quot;Ecomuseu del Moian\\u00e8s&quot;,&quot;id&quot;:&quot;70&quot;,&quot;value&quot;:70},{&quot;text&quot;:&quot;Empresa&quot;,&quot;id&quot;:&quot;129&quot;,&quot;value&quot;:129},{&quot;text&quot;:&quot;Espectacles&quot;,&quot;id&quot;:&quot;71&quot;,&quot;value&quot;:71},{&quot;text&quot;:&quot;Esports&quot;,&quot;id&quot;:&quot;72&quot;,&quot;value&quot;:72},{&quot;text&quot;:&quot;Exposicions&quot;,&quot;id&quot;:&quot;73&quot;,&quot;value&quot;:73},{&quot;text&quot;:&quot;Festa Major&quot;,&quot;id&quot;:&quot;120&quot;,&quot;value&quot;:120},{&quot;text&quot;:&quot;Festa Major Moi\\u00e0&quot;,&quot;id&quot;:&quot;173&quot;,&quot;value&quot;:173},{&quot;text&quot;:&quot;Festival Francesc Vi\\u00f1as&quot;,&quot;id&quot;:&quot;174&quot;,&quot;value&quot;:174},{&quot;text&quot;:&quot;Fires, festes i tradicions populars&quot;,&quot;id&quot;:&quot;74&quot;,&quot;value&quot;:74},{&quot;text&quot;:&quot;Fotografia&quot;,&quot;id&quot;:&quot;170&quot;,&quot;value&quot;:170},{&quot;text&quot;:&quot;Gastronomia&quot;,&quot;id&quot;:&quot;75&quot;,&quot;value&quot;:75},{&quot;text&quot;:&quot;Gent Gran&quot;,&quot;id&quot;:&quot;122&quot;,&quot;value&quot;:122},{&quot;text&quot;:&quot;Humor&quot;,&quot;id&quot;:&quot;175&quot;,&quot;value&quot;:175},{&quot;text&quot;:&quot;Joventut&quot;,&quot;id&quot;:&quot;128&quot;,&quot;value&quot;:128},{&quot;text&quot;:&quot;Llocs d&#039;inter\\u00e8s&quot;,&quot;id&quot;:&quot;83&quot;,&quot;value&quot;:83},{&quot;text&quot;:&quot;Museus&quot;,&quot;id&quot;:&quot;176&quot;,&quot;value&quot;:176},{&quot;text&quot;:&quot;M\\u00fasica&quot;,&quot;id&quot;:&quot;76&quot;,&quot;value&quot;:76},{&quot;text&quot;:&quot;Nadal&quot;,&quot;id&quot;:&quot;123&quot;,&quot;value&quot;:123},{&quot;text&quot;:&quot;Patrimoni&quot;,&quot;id&quot;:&quot;77&quot;,&quot;value&quot;:77},{&quot;text&quot;:&quot;Pintura&quot;,&quot;id&quot;:&quot;121&quot;,&quot;value&quot;:121},{&quot;text&quot;:&quot;PROVISIONAL&quot;,&quot;id&quot;:&quot;117&quot;,&quot;value&quot;:117},{&quot;text&quot;:&quot;Salut&quot;,&quot;id&quot;:&quot;78&quot;,&quot;value&quot;:78},{&quot;text&quot;:&quot;Sant Joan&quot;,&quot;id&quot;:&quot;131&quot;,&quot;value&quot;:131},{&quot;text&quot;:&quot;Sant Jordi&quot;,&quot;id&quot;:&quot;127&quot;,&quot;value&quot;:127},{&quot;text&quot;:&quot;Teatre&quot;,&quot;id&quot;:&quot;79&quot;,&quot;value&quot;:79},{&quot;text&quot;:&quot;Titelles&quot;,&quot;id&quot;:&quot;80&quot;,&quot;value&quot;:80},{&quot;text&quot;:&quot;Turisme&quot;,&quot;id&quot;:&quot;81&quot;,&quot;value&quot;:81},{&quot;text&quot;:&quot;Visites i rutes&quot;,&quot;id&quot;:&quot;82&quot;,&quot;value&quot;:82}]\"\n\t\tdata-attach-container\n\t\tplaceholder=\"Seleccionar\"\n\t\tstyle=\"width: 100%;\" \t\/>\n<\/div>\n\t\t\t<\/div>\n\t\t<\/fieldset>\n\t<\/div>\n<\/div>\n\t\t\t\t\t<div  class=\"tribe-filter-bar-c-filter tribe-filter-bar-c-filter--pill tribe-filter-bar-c-filter--dropdown\" >\n\t<div class=\"tribe-filter-bar-c-filter__toggle-wrapper\">\n\t\t<h3 class=\"tribe-filter-bar-c-filter__toggle-heading\">\n\t\t\t<button\n\t\t\t\tclass=\"tribe-filter-bar-c-filter__toggle tribe-common-b1 tribe-common-b2--min-medium\"\n\t\t\t\tid=\"_ecp_custom_2-toggle-f566a615-b6b7-4331-9d8b-87c9e609f9c3\"\n\t\t\t\ttype=\"button\"\n\t\t\t\taria-controls=\"_ecp_custom_2-container-f566a615-b6b7-4331-9d8b-87c9e609f9c3\"\n\t\t\t\taria-expanded=\"false\"\n\t\t\t\tdata-js=\"tribe-events-accordion-trigger tribe-filter-bar-c-filter-toggle\"\n\t\t\t>\n\t\t\t<div class=\"tribe-filter-bar-c-filter__toggle-text\">\n\t\t\t\t<span class=\"tribe-filter-bar-c-filter__toggle-label\">Cerca per municipis<\/span><span class=\"tribe-filter-bar-c-filter__toggle-label-colon\">:<\/span>\n\t\t\t\t\t\t\t\t<span class=\"tribe-filter-bar-c-filter__toggle-selections\">\n\t\t\t\t\t\t\t\t\t<\/span>\n\t\t\t<\/div>\n\n\t\t\t<span class=\"tribe-filter-bar-c-filter__toggle-icon tribe-filter-bar-c-filter__toggle-icon--plus\">\n\t\t\t\t<svg  class=\"tribe-common-c-svgicon tribe-common-c-svgicon--plus tribe-filter-bar-c-filter__toggle-plus-icon\"  viewBox=\"0 0 12 12\" xmlns=\"http:\/\/www.w3.org\/2000\/svg\"><path d=\"M11 5.881H1M5.88 1v10\" stroke-width=\"2\" stroke-linecap=\"square\"\/><\/svg>\n\t\t\t\t<span class=\"tribe-filter-bar-c-filter__toggle-icon-text tribe-common-a11y-visual-hide\">\n\t\t\t\t\tObre el filtre\t\t\t\t<\/span>\n\t\t\t<\/span>\n\n\t\t\t<span class=\"tribe-filter-bar-c-filter__toggle-icon tribe-filter-bar-c-filter__toggle-icon--minus\">\n\t\t\t\t<svg  class=\"tribe-common-c-svgicon tribe-common-c-svgicon--minus tribe-filter-bar-c-filter__toggle-minus-icon\"  viewBox=\"0 0 12 3\" xmlns=\"http:\/\/www.w3.org\/2000\/svg\"><path d=\"M11 1.88H1\" stroke-width=\"2\" stroke-linecap=\"square\"\/><\/svg>\n\t\t\t\t<span class=\"tribe-filter-bar-c-filter__toggle-icon-text tribe-common-a11y-visual-hide\">\n\t\t\t\t\tTanca el filtre\t\t\t\t<\/span>\n\t\t\t<\/span>\n\t\t\t<\/button>\n\t\t<\/h3>\n\t\t\t\t<h3 class=\"tribe-filter-bar-c-filter__remove-heading\">\n\t\t\t<button class=\"tribe-filter-bar-c-filter__remove-button\" type=\"button\">\n\t\t\t\t<svg  class=\"tribe-common-c-svgicon tribe-common-c-svgicon--close-alt tribe-filter-bar-c-filter__remove-button-icon\"  viewBox=\"0 0 8 8\" xmlns=\"http:\/\/www.w3.org\/2000\/svg\"><path d=\"M1 1l6 6M7 1L1 7\" stroke-width=\"1.5\" stroke-linecap=\"round\" stroke-linejoin=\"round\"\/><\/svg>\n\t\t\t\t<span class=\"tribe-filter-bar-c-filter__remove-button-text tribe-common-a11y-visual-hide\">\n\t\t\t\t\tElimina els filtres\t\t\t\t<\/span>\n\t\t\t<\/button>\n\t\t<\/h3>\n\t\t\t<\/div>\n\n\n\t<div\n\t\tclass=\"tribe-filter-bar-c-filter__container\"\n\t\tid=\"_ecp_custom_2-container-f566a615-b6b7-4331-9d8b-87c9e609f9c3\"\n\t\taria-hidden=\"true\"\n\t\taria-labelledby=\"_ecp_custom_2-toggle-f566a615-b6b7-4331-9d8b-87c9e609f9c3 _ecp_custom_2-pill-toggle-f566a615-b6b7-4331-9d8b-87c9e609f9c3\"\n\t>\n\t\t<fieldset class=\"tribe-filter-bar-c-filter__filters-fieldset\">\n\t\t\t<legend class=\"tribe-filter-bar-c-filter__filters-legend tribe-common-h6 tribe-common-h--alt tribe-common-a11y-visual-hide\">\n\t\t\t\tCerca per municipis\t\t\t<\/legend>\n\n\t\t\t\t\t\t<h3 class=\"tribe-filter-bar-c-filter__close-heading\">\n\t\t\t\t<button\n\t\t\t\t\tclass=\"tribe-filter-bar-c-filter__filters-close\"\n\t\t\t\t\ttype=\"button\"\n\t\t\t\t\tdata-js=\"tribe-filter-bar-c-filter-close\"\n\t\t\t\t>\n\t\t\t\t\t<svg  class=\"tribe-common-c-svgicon tribe-common-c-svgicon--close tribe-filter-bar-c-filter__filters-close-icon\"  viewBox=\"0 0 12 12\" xmlns=\"http:\/\/www.w3.org\/2000\/svg\"><path d=\"M11 1L1 11M1 1l10 10\" stroke-width=\"2\" stroke-miterlimit=\"10\" stroke-linecap=\"round\" stroke-linejoin=\"round\"\/><\/svg>\n\t\t\t\t\t<span class=\"tribe-filter-bar-c-filter__filters-close-text tribe-common-a11y-visual-hide\">\n\t\t\t\t\t\tTanca el filtre\t\t\t\t\t<\/span>\n\t\t\t\t<\/button>\n\t\t\t<\/h3>\n\t\t\t\n\t\t\t<div class=\"tribe-filter-bar-c-filter__filter-fields\">\n\t\t\t\t<div  class=\"tribe-filter-bar-c-dropdown\" >\n\t<input\n\t\tclass=\"tribe-filter-bar-c-dropdown__input\"\n\t\tid=\"tribe-events-filterbar-ea6bdcf4-_ecp_custom_2\"\n\t\tdata-js=\"tribe-filter-bar-c-dropdown-input\"\n\t\tname=\"tribe__ecp_custom_2[]\"\n\t\ttype=\"hidden\"\n\t\tvalue=\"\"\n\t\tdata-allow-html\n\t\tdata-dropdown-css-width=\"false\"\n\t\tdata-options=\"[{&quot;text&quot;:&quot;Calders&quot;,&quot;id&quot;:&quot;Calders&quot;,&quot;value&quot;:&quot;Calders&quot;},{&quot;text&quot;:&quot;Castellcir&quot;,&quot;id&quot;:&quot;Castellcir&quot;,&quot;value&quot;:&quot;Castellcir&quot;},{&quot;text&quot;:&quot;Castellter\\u00e7ol&quot;,&quot;id&quot;:&quot;Castellter\\u00e7ol&quot;,&quot;value&quot;:&quot;Castellter\\u00e7ol&quot;},{&quot;text&quot;:&quot;Collsuspina&quot;,&quot;id&quot;:&quot;Collsuspina&quot;,&quot;value&quot;:&quot;Collsuspina&quot;},{&quot;text&quot;:&quot;Granera&quot;,&quot;id&quot;:&quot;Granera&quot;,&quot;value&quot;:&quot;Granera&quot;},{&quot;text&quot;:&quot;L\\u2019Estany&quot;,&quot;id&quot;:&quot;L\\u2019Estany&quot;,&quot;value&quot;:&quot;L\\u2019Estany&quot;},{&quot;text&quot;:&quot;Moi\\u00e0&quot;,&quot;id&quot;:&quot;Moi\\u00e0&quot;,&quot;value&quot;:&quot;Moi\\u00e0&quot;},{&quot;text&quot;:&quot;Monistrol de Calders&quot;,&quot;id&quot;:&quot;Monistrol de Calders&quot;,&quot;value&quot;:&quot;Monistrol de Calders&quot;},{&quot;text&quot;:&quot;Santa Maria d\\u2019Ol\\u00f3&quot;,&quot;id&quot;:&quot;Santa Maria d\\u2019Ol\\u00f3&quot;,&quot;value&quot;:&quot;Santa Maria d\\u2019Ol\\u00f3&quot;},{&quot;text&quot;:&quot;Sant Quirze Safaja&quot;,&quot;id&quot;:&quot;Sant Quirze Safaja&quot;,&quot;value&quot;:&quot;Sant Quirze Safaja&quot;},{&quot;text&quot;:&quot;\\u00c0mbit comarcal Moian\\u00e8s&quot;,&quot;id&quot;:&quot;\\u00c0mbit comarcal Moian\\u00e8s&quot;,&quot;value&quot;:&quot;\\u00c0mbit comarcal Moian\\u00e8s&quot;}]\"\n\t\tdata-attach-container\n\t\tplaceholder=\"Seleccionar\"\n\t\tstyle=\"width: 100%;\" \t\/>\n<\/div>\n\t\t\t<\/div>\n\t\t<\/fieldset>\n\t<\/div>\n<\/div>\n\t\t\t<\/div>\n<\/div>\n\n\t\t<div\n\tclass=\"tribe-filter-bar__filters-slider-container tribe-swiper-container\"\n\tdata-js=\"tribe-filter-bar-filters-slider-container\"\n>\n\t<div class=\"tribe-filter-bar__filters-slider-wrapper tribe-swiper-wrapper\">\n\t\t\t\t\t<div class=\"tribe-filter-bar__filters-slide tribe-swiper-slide\">\n\t\t\t\t<div  class=\"tribe-filter-bar-c-pill tribe-filter-bar-c-pill--button tribe-filter-bar__filters-slide-pill\"   data-filter-name=\"tribe_eventcategory[]\"  >\n\t<button\n\t\t class=\"tribe-filter-bar-c-pill__pill tribe-common-b2 tribe-common-b3--min-medium\" \t\t id=\"filterbar_category-pill-toggle-f566a615-b6b7-4331-9d8b-87c9e609f9c3\" aria-controls=\"filterbar_category-container-f566a615-b6b7-4331-9d8b-87c9e609f9c3\" aria-expanded=\"false\" data-js=\"tribe-events-accordion-trigger tribe-filter-bar-filters-slide-pill\" \t\ttype=\"button\"\n\t>\n\t\t<span class=\"tribe-filter-bar-c-pill__pill-label\">Cerca per categoria<\/span><span class=\"tribe-filter-bar-c-pill__pill-label-colon\">:<\/span>\n\t\t<span class=\"tribe-filter-bar-c-pill__pill-selections\">\n\t\t\t\t\t<\/span>\n\t<\/button>\n\t<button class=\"tribe-filter-bar-c-pill__remove-button\" data-js=\"tribe-filter-bar-c-pill__remove-button\" type=\"button\" area-label=\"Elimina els filtres\">\n\t\t<svg  class=\"tribe-common-c-svgicon tribe-common-c-svgicon--close-alt tribe-filter-bar-c-pill__remove-button-icon\"  viewBox=\"0 0 8 8\" xmlns=\"http:\/\/www.w3.org\/2000\/svg\"><path d=\"M1 1l6 6M7 1L1 7\" stroke-width=\"1.5\" stroke-linecap=\"round\" stroke-linejoin=\"round\"\/><\/svg>\n\t\t<span class=\"tribe-filter-bar-c-pill__remove-button-text tribe-common-a11y-visual-hide\">\n\t\t\tElimina els filtres\t\t<\/span>\n\t<\/button>\n<\/div>\n\t\t\t<\/div>\n\t\t\t\t\t<div class=\"tribe-filter-bar__filters-slide tribe-swiper-slide\">\n\t\t\t\t<div  class=\"tribe-filter-bar-c-pill tribe-filter-bar-c-pill--button tribe-filter-bar__filters-slide-pill\"   data-filter-name=\"tribe__ecp_custom_2[]\"  >\n\t<button\n\t\t class=\"tribe-filter-bar-c-pill__pill tribe-common-b2 tribe-common-b3--min-medium\" \t\t id=\"_ecp_custom_2-pill-toggle-f566a615-b6b7-4331-9d8b-87c9e609f9c3\" aria-controls=\"_ecp_custom_2-container-f566a615-b6b7-4331-9d8b-87c9e609f9c3\" aria-expanded=\"false\" data-js=\"tribe-events-accordion-trigger tribe-filter-bar-filters-slide-pill\" \t\ttype=\"button\"\n\t>\n\t\t<span class=\"tribe-filter-bar-c-pill__pill-label\">Cerca per municipis<\/span><span class=\"tribe-filter-bar-c-pill__pill-label-colon\">:<\/span>\n\t\t<span class=\"tribe-filter-bar-c-pill__pill-selections\">\n\t\t\t\t\t<\/span>\n\t<\/button>\n\t<button class=\"tribe-filter-bar-c-pill__remove-button\" data-js=\"tribe-filter-bar-c-pill__remove-button\" type=\"button\" area-label=\"Elimina els filtres\">\n\t\t<svg  class=\"tribe-common-c-svgicon tribe-common-c-svgicon--close-alt tribe-filter-bar-c-pill__remove-button-icon\"  viewBox=\"0 0 8 8\" xmlns=\"http:\/\/www.w3.org\/2000\/svg\"><path d=\"M1 1l6 6M7 1L1 7\" stroke-width=\"1.5\" stroke-linecap=\"round\" stroke-linejoin=\"round\"\/><\/svg>\n\t\t<span class=\"tribe-filter-bar-c-pill__remove-button-text tribe-common-a11y-visual-hide\">\n\t\t\tElimina els filtres\t\t<\/span>\n\t<\/button>\n<\/div>\n\t\t\t<\/div>\n\t\t\t<\/div>\n\n\t<div class=\"tribe-filter-bar__filters-slider-nav\">\n\t\t<button\n\t\t\tclass=\"tribe-filter-bar__filters-slider-nav-button tribe-filter-bar__filters-slider-nav-button--prev\"\n\t\t\tdata-js=\"tribe-filter-bar-filters-slider-nav-button tribe-filter-bar-filters-slider-nav-button-prev\"\n\t\t\ttype=\"button\"\n\t\t>\n\t\t\t<svg  class=\"tribe-common-c-svgicon tribe-common-c-svgicon--caret-left tribe-filter-bar__filters-slider-nav-button-icon\"  xmlns=\"http:\/\/www.w3.org\/2000\/svg\" viewBox=\"0 0 10 16\" aria-hidden=\"true\"><path d=\"M9.7 14.4l-1.5 1.5L.3 8 8.2.1l1.5 1.5L3.3 8l6.4 6.4z\"\/><\/svg>\n\t\t<\/button>\n\t\t<button\n\t\t\tclass=\"tribe-filter-bar__filters-slider-nav-button tribe-filter-bar__filters-slider-nav-button--next\"\n\t\t\tdata-js=\"tribe-filter-bar-filters-slider-nav-button tribe-filter-bar-filters-slider-nav-button-next\"\n\t\t\ttype=\"button\"\n\t\t>\n\t\t\t<svg  class=\"tribe-common-c-svgicon tribe-common-c-svgicon--caret-right tribe-filter-bar__filters-slider-nav-button-icon\"  xmlns=\"http:\/\/www.w3.org\/2000\/svg\" viewBox=\"0 0 10 16\" aria-hidden=\"true\"><path d=\"M.3 1.6L1.8.1 9.7 8l-7.9 7.9-1.5-1.5L6.7 8 .3 1.6z\"\/><\/svg>\n\t\t<\/button>\n\t<\/div>\n<\/div>\n\n\t<\/form>\n<\/div>\n\n\n\t\n\t<div class=\"tribe-events-c-top-bar tribe-events-header__top-bar\">\n\n\t<nav class=\"tribe-events-c-top-bar__nav tribe-common-a11y-hidden\">\n\t<ul class=\"tribe-events-c-top-bar__nav-list\">\n\t\t<li class=\"tribe-events-c-top-bar__nav-list-item\">\n\t<a\n\t\thref=\"https:\/\/moianesturisme.cat\/agendacultural\/activitats\/llista\/?rest_route=%2Fwp%2Fv2%2Fpages%2F11641&#038;shortcode=997d0690&#038;eventDisplay=past\"\n\t\tclass=\"tribe-common-c-btn-icon tribe-common-c-btn-icon--caret-left tribe-events-c-top-bar__nav-link tribe-events-c-top-bar__nav-link--prev\"\n\t\taria-label=\"Esdeveniments anteriors\"\n\t\ttitle=\"Esdeveniments anteriors\"\n\t\tdata-js=\"tribe-events-view-link\"\n\t>\n\t\t<svg  class=\"tribe-common-c-svgicon tribe-common-c-svgicon--caret-left tribe-common-c-btn-icon__icon-svg tribe-events-c-top-bar__nav-link-icon-svg\"  xmlns=\"http:\/\/www.w3.org\/2000\/svg\" viewBox=\"0 0 10 16\" aria-hidden=\"true\"><path d=\"M9.7 14.4l-1.5 1.5L.3 8 8.2.1l1.5 1.5L3.3 8l6.4 6.4z\"\/><\/svg>\n\t<\/a>\n<\/li>\n\n\t\t<li class=\"tribe-events-c-top-bar__nav-list-item\">\n\t<button\n\t\tclass=\"tribe-common-c-btn-icon tribe-common-c-btn-icon--caret-right tribe-events-c-top-bar__nav-link tribe-events-c-top-bar__nav-link--next\"\n\t\taria-label=\"Esdeveniments posteriors\"\n\t\ttitle=\"Esdeveniments posteriors\"\n\t\tdisabled\n\t>\n\t\t<svg  class=\"tribe-common-c-svgicon tribe-common-c-svgicon--caret-right tribe-common-c-btn-icon__icon-svg tribe-events-c-top-bar__nav-link-icon-svg\"  xmlns=\"http:\/\/www.w3.org\/2000\/svg\" viewBox=\"0 0 10 16\" aria-hidden=\"true\"><path d=\"M.3 1.6L1.8.1 9.7 8l-7.9 7.9-1.5-1.5L6.7 8 .3 1.6z\"\/><\/svg>\n\t<\/button>\n<\/li>\n\t<\/ul>\n<\/nav>\n\n\t<a\n\thref=\"https:\/\/moianesturisme.cat\/agendacultural\/activitats\/llista\/?hide_subsequent_recurrences=1&#038;rest_route=%2Fwp%2Fv2%2Fpages%2F11641&#038;shortcode=997d0690\"\n\tclass=\"tribe-common-c-btn-border-small tribe-events-c-top-bar__today-button tribe-common-a11y-hidden\"\n\tdata-js=\"tribe-events-view-link\"\n\taria-label=\"Cliqueu per seleccionar la data d&#039;avui\"\n\ttitle=\"Cliqueu per seleccionar la data d&#039;avui\"\n>\n\tAvui<\/a>\n\n\t<div class=\"tribe-events-c-top-bar__datepicker\">\n\t<button\n\t\tclass=\"tribe-common-c-btn__clear tribe-common-h3 tribe-common-h--alt tribe-events-c-top-bar__datepicker-button\"\n\t\tdata-js=\"tribe-events-top-bar-datepicker-button\"\n\t\ttype=\"button\"\n\t\taria-label=\"Cliqueu per desplegar la selecci\u00f3 de data\"\n\t\ttitle=\"Cliqueu per desplegar la selecci\u00f3 de data\"\n\t>\n\t\t<time\n\t\t\tdatetime=\"2026-04-27\"\n\t\t\tclass=\"tribe-events-c-top-bar__datepicker-time\"\n\t\t>\n\t\t\t\t\t\t\t<span class=\"tribe-events-c-top-bar__datepicker-mobile\">\n\t\t\t\t\tPropers\t\t\t\t<\/span>\n\t\t\t\t<span class=\"tribe-events-c-top-bar__datepicker-desktop tribe-common-a11y-hidden\">\n\t\t\t\t\tPropers\t\t\t\t<\/span>\n\t\t\t\t\t<\/time>\n\t\t\t\t<svg  class=\"tribe-common-c-svgicon tribe-common-c-svgicon--caret-down tribe-events-c-top-bar__datepicker-button-icon-svg\"  viewBox=\"0 0 10 7\" xmlns=\"http:\/\/www.w3.org\/2000\/svg\" aria-hidden=\"true\"><path fill-rule=\"evenodd\" clip-rule=\"evenodd\" d=\"M1.008.609L5 4.6 8.992.61l.958.958L5 6.517.05 1.566l.958-.958z\" class=\"tribe-common-c-svgicon__svg-fill\"\/><\/svg>\n\t<\/button>\n\t<label\n\t\tclass=\"tribe-events-c-top-bar__datepicker-label tribe-common-a11y-visual-hide\"\n\t\tfor=\"tribe-events-top-bar-date\"\n\t>\n\t\tSelecciona una data.\t<\/label>\n\t<input\n\t\ttype=\"text\"\n\t\tclass=\"tribe-events-c-top-bar__datepicker-input tribe-common-a11y-visual-hide\"\n\t\tdata-js=\"tribe-events-top-bar-date\"\n\t\tid=\"tribe-events-top-bar-date\"\n\t\tname=\"tribe-events-views[tribe-bar-date]\"\n\t\tvalue=\"27\/04\/2026\"\n\t\ttabindex=\"-1\"\n\t\tautocomplete=\"off\"\n\t\treadonly=\"readonly\"\n\t\/>\n\t<div class=\"tribe-events-c-top-bar__datepicker-container\" data-js=\"tribe-events-top-bar-datepicker-container\"><\/div>\n\t<template class=\"tribe-events-c-top-bar__datepicker-template-prev-icon\">\n\t\t<svg  class=\"tribe-common-c-svgicon tribe-common-c-svgicon--caret-left tribe-events-c-top-bar__datepicker-nav-icon-svg\"  xmlns=\"http:\/\/www.w3.org\/2000\/svg\" viewBox=\"0 0 10 16\" aria-hidden=\"true\"><path d=\"M9.7 14.4l-1.5 1.5L.3 8 8.2.1l1.5 1.5L3.3 8l6.4 6.4z\"\/><\/svg>\n\t<\/template>\n\t<template class=\"tribe-events-c-top-bar__datepicker-template-next-icon\">\n\t\t<svg  class=\"tribe-common-c-svgicon tribe-common-c-svgicon--caret-right tribe-events-c-top-bar__datepicker-nav-icon-svg\"  xmlns=\"http:\/\/www.w3.org\/2000\/svg\" viewBox=\"0 0 10 16\" aria-hidden=\"true\"><path d=\"M.3 1.6L1.8.1 9.7 8l-7.9 7.9-1.5-1.5L6.7 8 .3 1.6z\"\/><\/svg>\n\t<\/template>\n<\/div>\n\n\t<div class=\"tribe-events-c-top-bar__actions tribe-common-a11y-hidden\">\n\t<\/div>\n\n<\/div>\n<\/header>\n\n\t\t\n\t\t<div\n\t\t\tclass=\"tribe-events-calendar-list\"\n\t\t\taria-label=\"\n\t\t\tList of Esdeveniments\t\t\t\"\n\t\t>\n\n\t\t\t\t\t\t\t\n\t\t\t\t<h2 class=\"tribe-events-calendar-list__month-separator\">\n\t<time\n\t\tclass=\"tribe-events-calendar-list__month-separator-text tribe-common-h7 tribe-common-h6--min-medium tribe-common-h--alt\"\n\t\tdatetime=\"2026-04\"\n\t>\n\t\tabril 2026\t<\/time>\n<\/h2>\n\n\t\t\t\t<div  class=\"tribe-common-g-row tribe-events-calendar-list__event-row\" >\n\n\t<div class=\"tribe-events-calendar-list__event-wrapper tribe-common-g-col\">\n\t\t<article  class=\"tribe-events-calendar-list__event tribe-common-g-row tribe-common-g-row--gutters post-10033450 tribe_events type-tribe_events status-publish has-post-thumbnail hentry tribe_events_cat-gent-gran tribe_events_cat-salut cat_gent-gran cat_salut tribe-recurring-event tribe-recurring-event-parent\" >\n\n\t\t\t<div class=\"tribe-events-calendar-list__event-details tribe-common-g-col\">\n\n\t\t\t\t<header class=\"tribe-events-calendar-list__event-header\">\n\t\t\t\t\t<div class=\"tribe-events-calendar-list__event-datetime-wrapper tribe-common-b2\">\n\t\t<time class=\"tribe-events-calendar-list__event-datetime\" datetime=\"2026-03-04\">\n\t\t<span class=\"tribe-event-date-start\">04 de mar\u00e7 - 16:00<\/span> a <span class=\"tribe-event-date-end\">29 d'abril - 17:00<\/span>\t<\/time>\n\t\n<span class=\"tribe-events-calendar-series-archive__container\">\n\t<a\n\t\thref=\"https:\/\/moianesturisme.cat\/agendacultural\/series\/envelliment-de-la-ment-i-les-demencies-atencio-a-persones-cuidadores\/\"\n\t\tclass=\"tribe-events-calendar-series-archive__link\"\n\t\ttitle=\"Esdeveniments peri\u00f2dics\"\n\t>\n\t\t\n<svg  class=\"tribe-common-c-svgicon tribe-common-c-svgicon--series tribe-events-series-archive__icon\"  width=\"14\" height=\"12\" viewBox=\"0 0 14 12\" fill=\"none\" xmlns=\"http:\/\/www.w3.org\/2000\/svg\">\n\t<title>Esdeveniments peri\u00f2dics<\/title>\n\t<rect x=\"0.5\" y=\"4.5\" width=\"9\" height=\"7\" \/>\n\t<path d=\"M2 2.5H11.5V10\" \/>\n\t<path d=\"M4 0.5H13.5V8\" \/>\n<\/svg>\n\t\t<span  class=\"tec_series_marker__title\"  >ENVELLIMENT DE LA MENT I LES DEM\u00c8NCIES. Atenci\u00f3 a persones cuidadores.<\/span>\n\t<\/a>\n<\/span>\n<\/div>\n\t\t\t\t\t<h3 class=\"tribe-events-calendar-list__event-title tribe-common-h6 tribe-common-h4--min-medium\">\n\t<a\n\t\thref=\"https:\/\/moianesturisme.cat\/agendacultural\/activitat\/envelliment-de-la-ment-i-les-demencies-atencio-a-persones-cuidadores\/2026-03-04\/\"\n\t\ttitle=\"ENVELLIMENT DE LA MENT I LES DEM\u00c8NCIES. Atenci\u00f3 a persones cuidadores.\"\n\t\trel=\"bookmark\"\n\t\tclass=\"tribe-events-calendar-list__event-title-link tribe-common-anchor-thin\"\n\t>\n\t\tENVELLIMENT DE LA MENT I LES DEM\u00c8NCIES. Atenci\u00f3 a persones cuidadores.\t<\/a>\n<\/h3>\n\t\t\t\t\n\t\t\t\t\t\n\t\t\t\t\t <!-- MUNICIPI -->\n\t\t\t\t\t\t\t\t\t    \t\t\t\t    \t<div class=\"tribe-events-pro-photo__event-municipi\">\n\t\t\t\t\t\t\t<span class=\"tribe-events-pro-itembold\">Municipi: <\/span>\n\t\t\t\t    \t\t<span class=\"tribe-events-c-small-cta__municipi\">Moi\u00e0<\/span>\n\t\t\t\t    \t<\/div>\n\t\t\t\t    \t\t\t\t\t\t\t\t\t\t\n\t\t\t\t\t<!-- RECINTE -->\n\t\t\t\t\t\t\t\t\t    \t<div class=\"tribe-events-pro-photo__venue\">\n\t\t\t\t\t\t\t<span class=\"tribe-events-pro-itembold\">Lloc \/ Recinte: <\/span>\n\t\t\t\t   \t\t\tCan Carner\t\t\t\t   \t\t<\/div>\n\t\t\t\t\t\t\t\t\t\t\n\t\t\t\t\t<!-- ORGANITZA -->\n\t\t\t\t\t\t\t\t\t\t\t<div class=\"tribe-events-pro-photo__organizer\">\n\t\t\t\t\t\t\t\t\t\t\t\t\t\t\t<span class=\"tribe-events-pro-itembold\">Organitza: <\/span>\n\t\t\t\t\t\t\tLa Creu Roja Moian\u00e8s\t\t\t        \t<\/div>\n\t\t\t\t\t\t\t\t\t\t\n\t\t\t\t\t<!-- COST -->\n\t\t\t\t\t\t\t\t        \t<div class=\"tribe-events-c-small-cta tribe-common-b3 tribe-events-pro-photo__event-cost\">\n\t\t\t\t\t\t\t<span class=\"tribe-events-pro-itembold\">Preu: <\/span>\n\t\t\t\t\t\t\t<span class=\"tribe-events-c-small-cta__price\">\n\t\t\t       \t\t\t\tFree\t\t\t        \t\t<\/span>\n\t\t\t       \t\t <\/div>\n\t\t\t\t\t\t\t\t\t<\/header>\n\n\t\t\t\t<!-- RESUM -->\n\t\t\t\t\t\t\t    \t<div class=\"tribe-events-pro-photo__event-excerpt\">\n\t\t\t    \t\tEspai de coneixen\u00e7a sobre les dem\u00e8ncies i com abordar-les.\t\t\t    \t<\/div>\n\t\t\t\t\n\t\t\t<\/div>\n\t\t<\/article>\n\t<\/div>\n\n<\/div>\n\n\t\t\t\t\t\t\t\n\t\t\t\t\n\t\t\t\t<div  class=\"tribe-common-g-row tribe-events-calendar-list__event-row\" >\n\n\t<div class=\"tribe-events-calendar-list__event-wrapper tribe-common-g-col\">\n\t\t<article  class=\"tribe-events-calendar-list__event tribe-common-g-row tribe-common-g-row--gutters post-10033538 tribe_events type-tribe_events status-publish has-post-thumbnail hentry tribe_events_cat-activitat-literaria tribe_events_cat-cultura tribe_events_cat-sant-jordi cat_activitat-literaria cat_cultura cat_sant-jordi\" >\n\n\t\t\t<div class=\"tribe-events-calendar-list__event-details tribe-common-g-col\">\n\n\t\t\t\t<header class=\"tribe-events-calendar-list__event-header\">\n\t\t\t\t\t<div class=\"tribe-events-calendar-list__event-datetime-wrapper tribe-common-b2\">\n\t\t<time class=\"tribe-events-calendar-list__event-datetime\" datetime=\"2026-04-14\">\n\t\t<span class=\"tribe-event-date-start\">14 d'abril - 18:00<\/span> a <span class=\"tribe-event-date-end\">12 de maig - 21:00<\/span>\t<\/time>\n\t<\/div>\n\t\t\t\t\t<h3 class=\"tribe-events-calendar-list__event-title tribe-common-h6 tribe-common-h4--min-medium\">\n\t<a\n\t\thref=\"https:\/\/moianesturisme.cat\/agendacultural\/activitat\/taller-descriptura-experimentacio-creativa-per-sant-jordi\/\"\n\t\ttitle=\"Taller d&#8217;escriptura: Experimentaci\u00f3 creativa, per Sant Jordi\"\n\t\trel=\"bookmark\"\n\t\tclass=\"tribe-events-calendar-list__event-title-link tribe-common-anchor-thin\"\n\t>\n\t\tTaller d&#8217;escriptura: Experimentaci\u00f3 creativa, per Sant Jordi\t<\/a>\n<\/h3>\n\t\t\t\t\n\t\t\t\t\t\n\t\t\t\t\t <!-- MUNICIPI -->\n\t\t\t\t\t\t\t\t\t    \t\t\t\t    \t<div class=\"tribe-events-pro-photo__event-municipi\">\n\t\t\t\t\t\t\t<span class=\"tribe-events-pro-itembold\">Municipi: <\/span>\n\t\t\t\t    \t\t<span class=\"tribe-events-c-small-cta__municipi\">Moi\u00e0<\/span>\n\t\t\t\t    \t<\/div>\n\t\t\t\t    \t\t\t\t\t\t\t\t\t\t\n\t\t\t\t\t<!-- RECINTE -->\n\t\t\t\t\t\t\t\t\t    \t<div class=\"tribe-events-pro-photo__venue\">\n\t\t\t\t\t\t\t<span class=\"tribe-events-pro-itembold\">Lloc \/ Recinte: <\/span>\n\t\t\t\t   \t\t\tCan Carner\t\t\t\t   \t\t<\/div>\n\t\t\t\t\t\t\t\t\t\t\n\t\t\t\t\t<!-- ORGANITZA -->\n\t\t\t\t\t\t\t\t\t\t\t<div class=\"tribe-events-pro-photo__organizer\">\n\t\t\t\t\t\t\t\t\t\t\t\t\t\t\t<span class=\"tribe-events-pro-itembold\">Organitza: <\/span>\n\t\t\t\t\t\t\tConsell Comarcal del Moian\u00e8s\t\t\t        \t<\/div>\n\t\t\t\t\t\t\t\t\t\t\n\t\t\t\t\t<!-- COST -->\n\t\t\t\t\t\t\t\t\t<\/header>\n\n\t\t\t\t<!-- RESUM -->\n\t\t\t\t\t\t\t    \t<div class=\"tribe-events-pro-photo__event-excerpt\">\n\t\t\t    \t\tA c\u00e0rrec d&#039;Helena Valls Pi - educadora, escriptora i monologuista\t\t\t    \t<\/div>\n\t\t\t\t\n\t\t\t<\/div>\n\t\t<\/article>\n\t<\/div>\n\n<\/div>\n\n\t\t\t\t\t\t\t\n\t\t\t\t\n\t\t\t\t<div  class=\"tribe-common-g-row tribe-events-calendar-list__event-row\" >\n\n\t<div class=\"tribe-events-calendar-list__event-wrapper tribe-common-g-col\">\n\t\t<article  class=\"tribe-events-calendar-list__event tribe-common-g-row tribe-common-g-row--gutters post-10033530 tribe_events type-tribe_events status-publish has-post-thumbnail hentry tribe_events_cat-activitat-literaria cat_activitat-literaria\" >\n\n\t\t\t<div class=\"tribe-events-calendar-list__event-details tribe-common-g-col\">\n\n\t\t\t\t<header class=\"tribe-events-calendar-list__event-header\">\n\t\t\t\t\t<div class=\"tribe-events-calendar-list__event-datetime-wrapper tribe-common-b2\">\n\t\t<time class=\"tribe-events-calendar-list__event-datetime\" datetime=\"2026-04-27\">\n\t\t<span class=\"tribe-event-date-start\">27 d'abril - 19:30<\/span> a <span class=\"tribe-event-time\">20:30<\/span>\t<\/time>\n\t<\/div>\n\t\t\t\t\t<h3 class=\"tribe-events-calendar-list__event-title tribe-common-h6 tribe-common-h4--min-medium\">\n\t<a\n\t\thref=\"https:\/\/moianesturisme.cat\/agendacultural\/activitat\/club-de-lectura-lauca-del-senyor-esteve\/\"\n\t\ttitle=\"Club de lectura: \u2018L\u2019auca del senyor Esteve\u2019\"\n\t\trel=\"bookmark\"\n\t\tclass=\"tribe-events-calendar-list__event-title-link tribe-common-anchor-thin\"\n\t>\n\t\tClub de lectura: \u2018L\u2019auca del senyor Esteve\u2019\t<\/a>\n<\/h3>\n\t\t\t\t\n\t\t\t\t\t\n\t\t\t\t\t <!-- MUNICIPI -->\n\t\t\t\t\t\t\t\t\t    \t\t\t\t\t\t\t\t\t\t\n\t\t\t\t\t<!-- RECINTE -->\n\t\t\t\t\t\t\t\t\t    \t<div class=\"tribe-events-pro-photo__venue\">\n\t\t\t\t\t\t\t<span class=\"tribe-events-pro-itembold\">Lloc \/ Recinte: <\/span>\n\t\t\t\t   \t\t\tBiblioteca de Moi\u00e0\t\t\t\t   \t\t<\/div>\n\t\t\t\t\t\t\t\t\t\t\n\t\t\t\t\t<!-- ORGANITZA -->\n\t\t\t\t\t\t\t\t\t\t\t<div class=\"tribe-events-pro-photo__organizer\">\n\t\t\t\t\t\t\t\t\t\t\t\t\t\t\t<span class=\"tribe-events-pro-itembold\">Organitza: <\/span>\n\t\t\t\t\t\t\tBiblioteca de Moi\u00e0\t\t\t        \t<\/div>\n\t\t\t\t\t\t\t\t\t\t\n\t\t\t\t\t<!-- COST -->\n\t\t\t\t\t\t\t\t\t<\/header>\n\n\t\t\t\t<!-- RESUM -->\n\t\t\t\t\n\t\t\t<\/div>\n\t\t<\/article>\n\t<\/div>\n\n<\/div>\n\n\t\t\t\t\t\t\t\n\t\t\t\t<h2 class=\"tribe-events-calendar-list__month-separator\">\n\t<time\n\t\tclass=\"tribe-events-calendar-list__month-separator-text tribe-common-h7 tribe-common-h6--min-medium tribe-common-h--alt\"\n\t\tdatetime=\"2026-05\"\n\t>\n\t\tmaig 2026\t<\/time>\n<\/h2>\n\n\t\t\t\t<div  class=\"tribe-common-g-row tribe-events-calendar-list__event-row\" >\n\n\t<div class=\"tribe-events-calendar-list__event-wrapper tribe-common-g-col\">\n\t\t<article  class=\"tribe-events-calendar-list__event tribe-common-g-row tribe-common-g-row--gutters post-10033511 tribe_events type-tribe_events status-publish has-post-thumbnail hentry tribe_events_cat-cursos-i-tallers tribe_events_cat-gastronomia tribe_events_cat-salut tribe_events_cat-turisme tribe_events_cat-visites-i-rutes cat_cursos-i-tallers cat_gastronomia cat_salut cat_turisme cat_visites-i-rutes tribe-recurring-event tribe-recurring-event-parent\" >\n\n\t\t\t<div class=\"tribe-events-calendar-list__event-details tribe-common-g-col\">\n\n\t\t\t\t<header class=\"tribe-events-calendar-list__event-header\">\n\t\t\t\t\t<div class=\"tribe-events-calendar-list__event-datetime-wrapper tribe-common-b2\">\n\t\t<time class=\"tribe-events-calendar-list__event-datetime\" datetime=\"2026-05-03\">\n\t\t<span class=\"tribe-event-date-start\">03 de maig - 11:00<\/span> a <span class=\"tribe-event-time\">13:00<\/span>\t<\/time>\n\t\n<span class=\"tribe-events-calendar-series-archive__container\">\n\t<a\n\t\thref=\"https:\/\/moianesturisme.cat\/agendacultural\/series\/passejades-trementinaires-per-granera-2\/\"\n\t\tclass=\"tribe-events-calendar-series-archive__link\"\n\t\ttitle=\"Esdeveniments peri\u00f2dics\"\n\t>\n\t\t\n<svg  class=\"tribe-common-c-svgicon tribe-common-c-svgicon--series tribe-events-series-archive__icon\"  width=\"14\" height=\"12\" viewBox=\"0 0 14 12\" fill=\"none\" xmlns=\"http:\/\/www.w3.org\/2000\/svg\">\n\t<title>Esdeveniments peri\u00f2dics<\/title>\n\t<rect x=\"0.5\" y=\"4.5\" width=\"9\" height=\"7\" \/>\n\t<path d=\"M2 2.5H11.5V10\" \/>\n\t<path d=\"M4 0.5H13.5V8\" \/>\n<\/svg>\n\t\t<span  class=\"tec_series_marker__title\"  >Passejades Trementinaires per Granera<\/span>\n\t<\/a>\n<\/span>\n<\/div>\n\t\t\t\t\t<h3 class=\"tribe-events-calendar-list__event-title tribe-common-h6 tribe-common-h4--min-medium\">\n\t<a\n\t\thref=\"https:\/\/moianesturisme.cat\/agendacultural\/activitat\/passejades-trementinaires-per-granera-2\/2026-05-03\/\"\n\t\ttitle=\"Passejades Trementinaires per Granera\"\n\t\trel=\"bookmark\"\n\t\tclass=\"tribe-events-calendar-list__event-title-link tribe-common-anchor-thin\"\n\t>\n\t\tPassejades Trementinaires per Granera\t<\/a>\n<\/h3>\n\t\t\t\t\n\t\t\t\t\t\n\t\t\t\t\t <!-- MUNICIPI -->\n\t\t\t\t\t\t\t\t\t    \t\t\t\t    \t<div class=\"tribe-events-pro-photo__event-municipi\">\n\t\t\t\t\t\t\t<span class=\"tribe-events-pro-itembold\">Municipi: <\/span>\n\t\t\t\t    \t\t<span class=\"tribe-events-c-small-cta__municipi\">Granera<\/span>\n\t\t\t\t    \t<\/div>\n\t\t\t\t    \t\t\t\t\t\t\t\t\t\t\n\t\t\t\t\t<!-- RECINTE -->\n\t\t\t\t\t\t\t\t\t    \t<div class=\"tribe-events-pro-photo__venue\">\n\t\t\t\t\t\t\t<span class=\"tribe-events-pro-itembold\">Lloc \/ Recinte: <\/span>\n\t\t\t\t   \t\t\tPunt d&#8217;Informaci\u00f3 de Granera\t\t\t\t   \t\t<\/div>\n\t\t\t\t\t\t\t\t\t\t\n\t\t\t\t\t<!-- ORGANITZA -->\n\t\t\t\t\t\t\t\t\t\t\t<div class=\"tribe-events-pro-photo__organizer\">\n\t\t\t\t\t\t\t\t\t\t\t\t\t\t\t<span class=\"tribe-events-pro-itembold\">Organitza: <\/span>\n\t\t\t\t\t\t\tPunt d&#8217;Informaci\u00f3 de Granera del Parc Natural de Sant Lloren\u00e7 del Munt i l&#8217;Obac\t\t\t        \t<\/div>\n\t\t\t\t\t\t\t\t\t\t\n\t\t\t\t\t<!-- COST -->\n\t\t\t\t\t\t\t\t        \t<div class=\"tribe-events-c-small-cta tribe-common-b3 tribe-events-pro-photo__event-cost\">\n\t\t\t\t\t\t\t<span class=\"tribe-events-pro-itembold\">Preu: <\/span>\n\t\t\t\t\t\t\t<span class=\"tribe-events-c-small-cta__price\">\n\t\t\t       \t\t\t\tFree\t\t\t        \t\t<\/span>\n\t\t\t       \t\t <\/div>\n\t\t\t\t\t\t\t\t\t<\/header>\n\n\t\t\t\t<!-- RESUM -->\n\t\t\t\t\t\t\t    \t<div class=\"tribe-events-pro-photo__event-excerpt\">\n\t\t\t    \t\tRecorregut a peu per diversos paratges de Granera durant el qual coneixerem plantes silvestres i els seus usos medicinals i gastron\u00f2mics.\t\t\t    \t<\/div>\n\t\t\t\t\n\t\t\t<\/div>\n\t\t<\/article>\n\t<\/div>\n\n<\/div>\n\n\t\t\t\t\t\t\t\n\t\t\t\t\n\t\t\t\t<div  class=\"tribe-common-g-row tribe-events-calendar-list__event-row\" >\n\n\t<div class=\"tribe-events-calendar-list__event-wrapper tribe-common-g-col\">\n\t\t<article  class=\"tribe-events-calendar-list__event tribe-common-g-row tribe-common-g-row--gutters post-10033542 tribe_events type-tribe_events status-publish has-post-thumbnail hentry tribe_events_cat-arts-esceniques cat_arts-esceniques\" >\n\n\t\t\t<div class=\"tribe-events-calendar-list__event-details tribe-common-g-col\">\n\n\t\t\t\t<header class=\"tribe-events-calendar-list__event-header\">\n\t\t\t\t\t<div class=\"tribe-events-calendar-list__event-datetime-wrapper tribe-common-b2\">\n\t\t<time class=\"tribe-events-calendar-list__event-datetime\" datetime=\"2026-05-03\">\n\t\t<span class=\"tribe-event-date-start\">03 de maig - 12:00<\/span> a <span class=\"tribe-event-time\">12:45<\/span>\t<\/time>\n\t<\/div>\n\t\t\t\t\t<h3 class=\"tribe-events-calendar-list__event-title tribe-common-h6 tribe-common-h4--min-medium\">\n\t<a\n\t\thref=\"https:\/\/moianesturisme.cat\/agendacultural\/activitat\/numa-el-centru\/\"\n\t\ttitle=\"Numa &#8211; El Centru\"\n\t\trel=\"bookmark\"\n\t\tclass=\"tribe-events-calendar-list__event-title-link tribe-common-anchor-thin\"\n\t>\n\t\tNuma &#8211; El Centru\t<\/a>\n<\/h3>\n\t\t\t\t\n\t\t\t\t\t\n\t\t\t\t\t <!-- MUNICIPI -->\n\t\t\t\t\t\t\t\t\t    \t\t\t\t    \t<div class=\"tribe-events-pro-photo__event-municipi\">\n\t\t\t\t\t\t\t<span class=\"tribe-events-pro-itembold\">Municipi: <\/span>\n\t\t\t\t    \t\t<span class=\"tribe-events-c-small-cta__municipi\">Castellter\u00e7ol<\/span>\n\t\t\t\t    \t<\/div>\n\t\t\t\t    \t\t\t\t\t\t\t\t\t\t\n\t\t\t\t\t<!-- RECINTE -->\n\t\t\t\t\t\t\t\t\t    \t<div class=\"tribe-events-pro-photo__venue\">\n\t\t\t\t\t\t\t<span class=\"tribe-events-pro-itembold\">Lloc \/ Recinte: <\/span>\n\t\t\t\t   \t\t\tCentre Espai Esc\u00e8nic Castellter\u00e7ol\t\t\t\t   \t\t<\/div>\n\t\t\t\t\t\t\t\t\t\t\n\t\t\t\t\t<!-- ORGANITZA -->\n\t\t\t\t\t\t\t\t\t\t\t<div class=\"tribe-events-pro-photo__organizer\">\n\t\t\t\t\t\t\t\t\t\t\t\t\t\t\t<span class=\"tribe-events-pro-itembold\">Organitza: <\/span>\n\t\t\t\t\t\t\tAjuntament de Castellter\u00e7ol\t\t\t        \t<\/div>\n\t\t\t\t\t\t\t\t\t\t\n\t\t\t\t\t<!-- COST -->\n\t\t\t\t\t\t\t\t\t<\/header>\n\n\t\t\t\t<!-- RESUM -->\n\t\t\t\t\t\t\t    \t<div class=\"tribe-events-pro-photo__event-excerpt\">\n\t\t\t    \t\tTitelles pr a p\u00fablic familiar\t\t\t    \t<\/div>\n\t\t\t\t\n\t\t\t<\/div>\n\t\t<\/article>\n\t<\/div>\n\n<\/div>\n\n\t\t\t\t\t\t\t\n\t\t\t\t\n\t\t\t\t<div  class=\"tribe-common-g-row tribe-events-calendar-list__event-row\" >\n\n\t<div class=\"tribe-events-calendar-list__event-wrapper tribe-common-g-col\">\n\t\t<article  class=\"tribe-events-calendar-list__event tribe-common-g-row tribe-common-g-row--gutters post-10033326 tribe_events type-tribe_events status-publish has-post-thumbnail hentry tribe_events_cat-cursos-i-tallers cat_cursos-i-tallers tribe-recurring-event tribe-recurring-event-parent\" >\n\n\t\t\t<div class=\"tribe-events-calendar-list__event-details tribe-common-g-col\">\n\n\t\t\t\t<header class=\"tribe-events-calendar-list__event-header\">\n\t\t\t\t\t<div class=\"tribe-events-calendar-list__event-datetime-wrapper tribe-common-b2\">\n\t\t<time class=\"tribe-events-calendar-list__event-datetime\" datetime=\"2026-05-04\">\n\t\t<span class=\"tribe-event-date-start\">04 de maig - 17:00<\/span> a <span class=\"tribe-event-time\">19:00<\/span>\t<\/time>\n\t\n<span class=\"tribe-events-calendar-series-archive__container\">\n\t<a\n\t\thref=\"https:\/\/moianesturisme.cat\/agendacultural\/series\/taller-de-pessebres-artistics\/\"\n\t\tclass=\"tribe-events-calendar-series-archive__link\"\n\t\ttitle=\"Esdeveniments peri\u00f2dics\"\n\t>\n\t\t\n<svg  class=\"tribe-common-c-svgicon tribe-common-c-svgicon--series tribe-events-series-archive__icon\"  width=\"14\" height=\"12\" viewBox=\"0 0 14 12\" fill=\"none\" xmlns=\"http:\/\/www.w3.org\/2000\/svg\">\n\t<title>Esdeveniments peri\u00f2dics<\/title>\n\t<rect x=\"0.5\" y=\"4.5\" width=\"9\" height=\"7\" \/>\n\t<path d=\"M2 2.5H11.5V10\" \/>\n\t<path d=\"M4 0.5H13.5V8\" \/>\n<\/svg>\n\t\t<span  class=\"tec_series_marker__title\"  >Taller de Pessebres Art\u00edstics<\/span>\n\t<\/a>\n<\/span>\n<\/div>\n\t\t\t\t\t<h3 class=\"tribe-events-calendar-list__event-title tribe-common-h6 tribe-common-h4--min-medium\">\n\t<a\n\t\thref=\"https:\/\/moianesturisme.cat\/agendacultural\/activitat\/taller-de-pessebres-artistics\/2026-05-04\/\"\n\t\ttitle=\"Taller de Pessebres Art\u00edstics\"\n\t\trel=\"bookmark\"\n\t\tclass=\"tribe-events-calendar-list__event-title-link tribe-common-anchor-thin\"\n\t>\n\t\tTaller de Pessebres Art\u00edstics\t<\/a>\n<\/h3>\n\t\t\t\t\n\t\t\t\t\t\n\t\t\t\t\t <!-- MUNICIPI -->\n\t\t\t\t\t\t\t\t\t    \t\t\t\t    \t<div class=\"tribe-events-pro-photo__event-municipi\">\n\t\t\t\t\t\t\t<span class=\"tribe-events-pro-itembold\">Municipi: <\/span>\n\t\t\t\t    \t\t<span class=\"tribe-events-c-small-cta__municipi\">Monistrol de Calders<\/span>\n\t\t\t\t    \t<\/div>\n\t\t\t\t    \t\t\t\t\t\t\t\t\t\t\n\t\t\t\t\t<!-- RECINTE -->\n\t\t\t\t\t\t\t\t\t    \t<div class=\"tribe-events-pro-photo__venue\">\n\t\t\t\t\t\t\t<span class=\"tribe-events-pro-itembold\">Lloc \/ Recinte: <\/span>\n\t\t\t\t   \t\t\tCasal l&#8217;Espiga\t\t\t\t   \t\t<\/div>\n\t\t\t\t\t\t\t\t\t\t\n\t\t\t\t\t<!-- ORGANITZA -->\n\t\t\t\t\t\t\t\t\t\t\t<div class=\"tribe-events-pro-photo__organizer\">\n\t\t\t\t\t\t\t\t\t\t\t\t\t\t\t<span class=\"tribe-events-pro-itembold\">Organitza: <\/span>\n\t\t\t\t\t\t\tAjuntament de Monistrol de Calders\t\t\t        \t<\/div>\n\t\t\t\t\t\t\t\t\t\t\n\t\t\t\t\t<!-- COST -->\n\t\t\t\t\t\t\t\t        \t<div class=\"tribe-events-c-small-cta tribe-common-b3 tribe-events-pro-photo__event-cost\">\n\t\t\t\t\t\t\t<span class=\"tribe-events-pro-itembold\">Preu: <\/span>\n\t\t\t\t\t\t\t<span class=\"tribe-events-c-small-cta__price\">\n\t\t\t       \t\t\t\tGRATU\u00cfT\t\t\t        \t\t<\/span>\n\t\t\t       \t\t <\/div>\n\t\t\t\t\t\t\t\t\t<\/header>\n\n\t\t\t\t<!-- RESUM -->\n\t\t\t\t\t\t\t    \t<div class=\"tribe-events-pro-photo__event-excerpt\">\n\t\t\t    \t\tTaller a c\u00e0rrec de Joan Carles Capdevila, de l\u2019Agrupaci\u00f3 de Pessebristes de Sabadell\t\t\t    \t<\/div>\n\t\t\t\t\n\t\t\t<\/div>\n\t\t<\/article>\n\t<\/div>\n\n<\/div>\n\n\t\t\t\t\t\t\t\n\t\t\t\t\n\t\t\t\t<div  class=\"tribe-common-g-row tribe-events-calendar-list__event-row\" >\n\n\t<div class=\"tribe-events-calendar-list__event-wrapper tribe-common-g-col\">\n\t\t<article  class=\"tribe-events-calendar-list__event tribe-common-g-row tribe-common-g-row--gutters post-10000467 tribe_events type-tribe_events status-publish has-post-thumbnail hentry tribe_events_cat-activitat-familiar tribe_events_cat-esports tribe_events_cat-llocs-dinteres tribe_events_cat-salut tribe_events_cat-turisme tribe_events_cat-visites-i-rutes cat_activitat-familiar cat_esports cat_llocs-dinteres cat_salut cat_turisme cat_visites-i-rutes tribe-recurring-event tribe-recurring-event-parent\" >\n\n\t\t\t<div class=\"tribe-events-calendar-list__event-details tribe-common-g-col\">\n\n\t\t\t\t<header class=\"tribe-events-calendar-list__event-header\">\n\t\t\t\t\t<div class=\"tribe-events-calendar-list__event-datetime-wrapper tribe-common-b2\">\n\t\t<time class=\"tribe-events-calendar-list__event-datetime\" datetime=\"2026-05-17\">\n\t\t<span class=\"tribe-event-date-start\">17 de maig - 9:00<\/span> a <span class=\"tribe-event-time\">12:00<\/span>\t<\/time>\n\t\n<span class=\"tribe-events-calendar-series-archive__container\">\n\t<a\n\t\thref=\"https:\/\/moianesturisme.cat\/agendacultural\/series\/caminada-per-castellcir\/\"\n\t\tclass=\"tribe-events-calendar-series-archive__link\"\n\t\ttitle=\"Esdeveniments peri\u00f2dics\"\n\t>\n\t\t\n<svg  class=\"tribe-common-c-svgicon tribe-common-c-svgicon--series tribe-events-series-archive__icon\"  width=\"14\" height=\"12\" viewBox=\"0 0 14 12\" fill=\"none\" xmlns=\"http:\/\/www.w3.org\/2000\/svg\">\n\t<title>Esdeveniments peri\u00f2dics<\/title>\n\t<rect x=\"0.5\" y=\"4.5\" width=\"9\" height=\"7\" \/>\n\t<path d=\"M2 2.5H11.5V10\" \/>\n\t<path d=\"M4 0.5H13.5V8\" \/>\n<\/svg>\n\t\t<span  class=\"tec_series_marker__title\"  >Caminada per Castellcir<\/span>\n\t<\/a>\n<\/span>\n<\/div>\n\t\t\t\t\t<h3 class=\"tribe-events-calendar-list__event-title tribe-common-h6 tribe-common-h4--min-medium\">\n\t<a\n\t\thref=\"https:\/\/moianesturisme.cat\/agendacultural\/activitat\/caminada-per-castellcir\/2026-05-17\/\"\n\t\ttitle=\"Caminada per Castellcir\"\n\t\trel=\"bookmark\"\n\t\tclass=\"tribe-events-calendar-list__event-title-link tribe-common-anchor-thin\"\n\t>\n\t\tCaminada per Castellcir\t<\/a>\n<\/h3>\n\t\t\t\t\n\t\t\t\t\t\n\t\t\t\t\t <!-- MUNICIPI -->\n\t\t\t\t\t\t\t\t\t    \t\t\t\t    \t<div class=\"tribe-events-pro-photo__event-municipi\">\n\t\t\t\t\t\t\t<span class=\"tribe-events-pro-itembold\">Municipi: <\/span>\n\t\t\t\t    \t\t<span class=\"tribe-events-c-small-cta__municipi\">Castellcir<\/span>\n\t\t\t\t    \t<\/div>\n\t\t\t\t    \t\t\t\t\t\t\t\t\t\t\n\t\t\t\t\t<!-- RECINTE -->\n\t\t\t\t\t\t\t\t\t    \t<div class=\"tribe-events-pro-photo__venue\">\n\t\t\t\t\t\t\t<span class=\"tribe-events-pro-itembold\">Lloc \/ Recinte: <\/span>\n\t\t\t\t   \t\t\tPla\u00e7a de l&#8217;Era, Castellcir\t\t\t\t   \t\t<\/div>\n\t\t\t\t\t\t\t\t\t\t\n\t\t\t\t\t<!-- ORGANITZA -->\n\t\t\t\t\t\t\t\t\t\t\n\t\t\t\t\t<!-- COST -->\n\t\t\t\t\t\t\t\t        \t<div class=\"tribe-events-c-small-cta tribe-common-b3 tribe-events-pro-photo__event-cost\">\n\t\t\t\t\t\t\t<span class=\"tribe-events-pro-itembold\">Preu: <\/span>\n\t\t\t\t\t\t\t<span class=\"tribe-events-c-small-cta__price\">\n\t\t\t       \t\t\t\tGRATU\u00cfT\t\t\t        \t\t<\/span>\n\t\t\t       \t\t <\/div>\n\t\t\t\t\t\t\t\t\t<\/header>\n\n\t\t\t\t<!-- RESUM -->\n\t\t\t\t\t\t\t    \t<div class=\"tribe-events-pro-photo__event-excerpt\">\n\t\t\t    \t\tA les 9h a la pla\u00e7a de l\u2019Era, cal portar aigua i cal\u00e7at adequat. Es pot suspendre per mal temps, consulteu a l&#039;Ajuntament de Castellcir.\t\t\t    \t<\/div>\n\t\t\t\t\n\t\t\t<\/div>\n\t\t<\/article>\n\t<\/div>\n\n<\/div>\n\n\t\t\t\t\t\t\t\n\t\t\t\t<h2 class=\"tribe-events-calendar-list__month-separator\">\n\t<time\n\t\tclass=\"tribe-events-calendar-list__month-separator-text tribe-common-h7 tribe-common-h6--min-medium tribe-common-h--alt\"\n\t\tdatetime=\"2026-07\"\n\t>\n\t\tjuliol 2026\t<\/time>\n<\/h2>\n\n\t\t\t\t<div  class=\"tribe-common-g-row tribe-events-calendar-list__event-row\" >\n\n\t<div class=\"tribe-events-calendar-list__event-wrapper tribe-common-g-col\">\n\t\t<article  class=\"tribe-events-calendar-list__event tribe-common-g-row tribe-common-g-row--gutters post-10033521 tribe_events type-tribe_events status-publish hentry\" >\n\n\t\t\t<div class=\"tribe-events-calendar-list__event-details tribe-common-g-col\">\n\n\t\t\t\t<header class=\"tribe-events-calendar-list__event-header\">\n\t\t\t\t\t<div class=\"tribe-events-calendar-list__event-datetime-wrapper tribe-common-b2\">\n\t\t<time class=\"tribe-events-calendar-list__event-datetime\" datetime=\"2026-07-25\">\n\t\t<span class=\"tribe-event-date-start\">25 de juliol - 18:00<\/span> a <span class=\"tribe-event-time\">20:30<\/span>\t<\/time>\n\t<\/div>\n\t\t\t\t\t<h3 class=\"tribe-events-calendar-list__event-title tribe-common-h6 tribe-common-h4--min-medium\">\n\t<a\n\t\thref=\"https:\/\/moianesturisme.cat\/agendacultural\/activitat\/44a-trobada-de-gegants-de-moia\/\"\n\t\ttitle=\"44a Trobada de Gegants de Moi\u00e0\"\n\t\trel=\"bookmark\"\n\t\tclass=\"tribe-events-calendar-list__event-title-link tribe-common-anchor-thin\"\n\t>\n\t\t44a Trobada de Gegants de Moi\u00e0\t<\/a>\n<\/h3>\n\t\t\t\t\n\t\t\t\t\t\n\t\t\t\t\t <!-- MUNICIPI -->\n\t\t\t\t\t\t\t\t\t    \t\t\t\t    \t<div class=\"tribe-events-pro-photo__event-municipi\">\n\t\t\t\t\t\t\t<span class=\"tribe-events-pro-itembold\">Municipi: <\/span>\n\t\t\t\t    \t\t<span class=\"tribe-events-c-small-cta__municipi\">Moi\u00e0<\/span>\n\t\t\t\t    \t<\/div>\n\t\t\t\t    \t\t\t\t\t\t\t\t\t\t\n\t\t\t\t\t<!-- RECINTE -->\n\t\t\t\t\t\t\t\t\t    \t<div class=\"tribe-events-pro-photo__venue\">\n\t\t\t\t\t\t\t<span class=\"tribe-events-pro-itembold\">Lloc \/ Recinte: <\/span>\n\t\t\t\t   \t\t\tMoi\u00e0\t\t\t\t   \t\t<\/div>\n\t\t\t\t\t\t\t\t\t\t\n\t\t\t\t\t<!-- ORGANITZA -->\n\t\t\t\t\t\t\t\t\t\t\t<div class=\"tribe-events-pro-photo__organizer\">\n\t\t\t\t\t\t\t\t\t\t\t\t\t\t\t<span class=\"tribe-events-pro-itembold\">Organitza: <\/span>\n\t\t\t\t\t\t\tGeganters de Moi\u00e0\t\t\t        \t<\/div>\n\t\t\t\t\t\t\t\t\t\t\n\t\t\t\t\t<!-- COST -->\n\t\t\t\t\t\t\t\t\t<\/header>\n\n\t\t\t\t<!-- RESUM -->\n\t\t\t\t\n\t\t\t<\/div>\n\t\t<\/article>\n\t<\/div>\n\n<\/div>\n\n\t\t\t\n\t\t<\/div>\n\n\t\t<nav class=\"tribe-events-calendar-list-nav tribe-events-c-nav\">\n\t<ul class=\"tribe-events-c-nav__list\">\n\t\t<li class=\"tribe-events-c-nav__list-item tribe-events-c-nav__list-item--prev\">\n\t<a\n\t\thref=\"https:\/\/moianesturisme.cat\/agendacultural\/activitats\/llista\/?rest_route=%2Fwp%2Fv2%2Fpages%2F11641&#038;shortcode=997d0690&#038;eventDisplay=past\"\n\t\trel=\"prev\"\n\t\tclass=\"tribe-events-c-nav__prev tribe-common-b2 tribe-common-b1--min-medium\"\n\t\tdata-js=\"tribe-events-view-link\"\n\t\taria-label=\"Esdeveniments anteriors\"\n\t\ttitle=\"Esdeveniments anteriors\"\n\t>\n\t\t<svg  class=\"tribe-common-c-svgicon tribe-common-c-svgicon--caret-left tribe-events-c-nav__prev-icon-svg\"  xmlns=\"http:\/\/www.w3.org\/2000\/svg\" viewBox=\"0 0 10 16\" aria-hidden=\"true\"><path d=\"M9.7 14.4l-1.5 1.5L.3 8 8.2.1l1.5 1.5L3.3 8l6.4 6.4z\"\/><\/svg>\n\t\t<span class=\"tribe-events-c-nav__prev-label\">\n\t\t\t<span class=\"tribe-events-c-nav__prev-label-plural tribe-common-a11y-visual-hide\">Esdeveniments<\/span> anteriors\t\t<\/span>\n\t<\/a>\n<\/li>\n\n\t\t<li class=\"tribe-events-c-nav__list-item tribe-events-c-nav__list-item--today\">\n\t<a\n\t\thref=\"https:\/\/moianesturisme.cat\/agendacultural\/activitats\/llista\/?hide_subsequent_recurrences=1&#038;rest_route=%2Fwp%2Fv2%2Fpages%2F11641&#038;shortcode=997d0690\"\n\t\tclass=\"tribe-events-c-nav__today tribe-common-b2\"\n\t\tdata-js=\"tribe-events-view-link\"\n\t\taria-label=\"Cliqueu per seleccionar la data d&#039;avui\"\n\t\ttitle=\"Cliqueu per seleccionar la data d&#039;avui\"\n\t>\n\t\tAvui\t<\/a>\n<\/li>\n\n\t\t<li class=\"tribe-events-c-nav__list-item tribe-events-c-nav__list-item--next\">\n\t<button\n\t\tclass=\"tribe-events-c-nav__next tribe-common-b2 tribe-common-b1--min-medium\"\n\t\taria-label=\"Esdeveniments posteriors\"\n\t\ttitle=\"Esdeveniments posteriors\"\n\t\tdisabled\n\t>\n\t\t<span class=\"tribe-events-c-nav__next-label\">\n\t\t\t<span class=\"tribe-events-c-nav__next-label-plural tribe-common-a11y-visual-hide\">Esdeveniments<\/span> posteriors\t\t<\/span>\n\t\t<svg  class=\"tribe-common-c-svgicon tribe-common-c-svgicon--caret-right tribe-events-c-nav__next-icon-svg\"  xmlns=\"http:\/\/www.w3.org\/2000\/svg\" viewBox=\"0 0 10 16\" aria-hidden=\"true\"><path d=\"M.3 1.6L1.8.1 9.7 8l-7.9 7.9-1.5-1.5L6.7 8 .3 1.6z\"\/><\/svg>\n\t<\/button>\n<\/li>\n\t<\/ul>\n<\/nav>\n\n\t\t<div class=\"tribe-events-c-subscribe-dropdown__container\">\n\t<div class=\"tribe-events-c-subscribe-dropdown\">\n\t\t<div class=\"tribe-common-c-btn-border tribe-events-c-subscribe-dropdown__button\">\n\t\t\t<button\n\t\t\t\tclass=\"tribe-events-c-subscribe-dropdown__button-text tribe-common-c-btn--clear\"\n\t\t\t\taria-expanded=\"false\"\n\t\t\t\taria-controls=\"tribe-events-subscribe-dropdown-content\"\n\t\t\t\taria-label=\"\"\n\t\t\t>\n\t\t\t\tSubscriviu-vos al calendari\t\t\t<\/button>\n\t\t\t<svg  class=\"tribe-common-c-svgicon tribe-common-c-svgicon--caret-down tribe-events-c-subscribe-dropdown__button-icon\"  viewBox=\"0 0 10 7\" xmlns=\"http:\/\/www.w3.org\/2000\/svg\" aria-hidden=\"true\"><path fill-rule=\"evenodd\" clip-rule=\"evenodd\" d=\"M1.008.609L5 4.6 8.992.61l.958.958L5 6.517.05 1.566l.958-.958z\" class=\"tribe-common-c-svgicon__svg-fill\"\/><\/svg>\n\t\t<\/div>\n\t\t<div id=\"tribe-events-c-subscribe-dropdown-content\" class=\"tribe-events-c-subscribe-dropdown__content\">\n\t\t\t<ul class=\"tribe-events-c-subscribe-dropdown__list\">\n\t\t\t\t\t\t\t\t\t\n<li class=\"tribe-events-c-subscribe-dropdown__list-item\">\n\t<a\n\t\thref=\"https:\/\/www.google.com\/calendar\/render?cid=webcal%3A%2F%2Fmoianesturisme.cat%2Fagendacultural%2F%3Fpost_type%3Dtribe_events%26ical%3D1%26eventDisplay%3Dlist\"\n\t\tclass=\"tribe-events-c-subscribe-dropdown__list-item-link\"\n\t\ttarget=\"_blank\"\n\t\trel=\"noopener noreferrer nofollow noindex\"\n\t>\n\t\tGoogle Calendar\t<\/a>\n<\/li>\n\t\t\t\t\t\t\t\t\t\n<li class=\"tribe-events-c-subscribe-dropdown__list-item\">\n\t<a\n\t\thref=\"webcal:\/\/moianesturisme.cat\/agendacultural\/?post_type=tribe_events&#038;ical=1&#038;eventDisplay=list\"\n\t\tclass=\"tribe-events-c-subscribe-dropdown__list-item-link\"\n\t\ttarget=\"_blank\"\n\t\trel=\"noopener noreferrer nofollow noindex\"\n\t>\n\t\tiCalendar\t<\/a>\n<\/li>\n\t\t\t\t\t\t\t\t\t\n<li class=\"tribe-events-c-subscribe-dropdown__list-item\">\n\t<a\n\t\thref=\"https:\/\/outlook.office.com\/owa?path=\/calendar\/action\/compose&#038;rru=addsubscription&#038;url=webcal%3A%2F%2Fmoianesturisme.cat%2Fagendacultural%2F%3Fpost_type%3Dtribe_events%26ical%3D1%26eventDisplay%3Dlist&#038;name=Agenda+Cultural+del+Moian\u00e8s+Display+of+Esdeveniments+from++\u2013++\u2013+Agenda+Cultural+del+Moian\u00e8s\"\n\t\tclass=\"tribe-events-c-subscribe-dropdown__list-item-link\"\n\t\ttarget=\"_blank\"\n\t\trel=\"noopener noreferrer nofollow noindex\"\n\t>\n\t\tOutlook 365\t<\/a>\n<\/li>\n\t\t\t\t\t\t\t\t\t\n<li class=\"tribe-events-c-subscribe-dropdown__list-item\">\n\t<a\n\t\thref=\"https:\/\/outlook.live.com\/owa?path=\/calendar\/action\/compose&#038;rru=addsubscription&#038;url=webcal%3A%2F%2Fmoianesturisme.cat%2Fagendacultural%2F%3Fpost_type%3Dtribe_events%26ical%3D1%26eventDisplay%3Dlist&#038;name=Agenda+Cultural+del+Moian\u00e8s+Display+of+Esdeveniments+from++\u2013++\u2013+Agenda+Cultural+del+Moian\u00e8s\"\n\t\tclass=\"tribe-events-c-subscribe-dropdown__list-item-link\"\n\t\ttarget=\"_blank\"\n\t\trel=\"noopener noreferrer nofollow noindex\"\n\t>\n\t\tOutlook Live\t<\/a>\n<\/li>\n\t\t\t\t\t\t\t\t\t\n<li class=\"tribe-events-c-subscribe-dropdown__list-item\">\n\t<a\n\t\thref=\"https:\/\/moianesturisme.cat\/agendacultural\/activitats\/llista\/?shortcode=997d0690&#038;hide_subsequent_recurrences=1&#038;ical=1\"\n\t\tclass=\"tribe-events-c-subscribe-dropdown__list-item-link\"\n\t\ttarget=\"_blank\"\n\t\trel=\"noopener noreferrer nofollow noindex\"\n\t>\n\t\tExporta el fitxer .ics\t<\/a>\n<\/li>\n\t\t\t\t\t\t\t\t\t\n<li class=\"tribe-events-c-subscribe-dropdown__list-item\">\n\t<a\n\t\thref=\"https:\/\/moianesturisme.cat\/agendacultural\/activitats\/llista\/?shortcode=997d0690&#038;outlook-ical=1#038;hide_subsequent_recurrences=1&#038;ical=1\"\n\t\tclass=\"tribe-events-c-subscribe-dropdown__list-item-link\"\n\t\ttarget=\"_blank\"\n\t\trel=\"noopener noreferrer nofollow noindex\"\n\t>\n\t\tExporta el fitxer .ics d&#039;Outlook\t<\/a>\n<\/li>\n\t\t\t\t\t\t\t<\/ul>\n\t\t<\/div>\n\t<\/div>\n<\/div>\n\n\t\t\n\t<\/section>\n<\/div>\n\n<script data-js='tribe-events-view-nonce-data' type='application\/json'>{\"tvn1\":\"d41c7a5d49\",\"tvn2\":\"\"}<\/script><\/div><\/div><\/div><\/div><\/p>\n","protected":false},"excerpt":{"rendered":"","protected":false},"author":1,"featured_media":0,"parent":0,"menu_order":1,"comment_status":"closed","ping_status":"closed","template":"100-width.php","meta":{"_acf_changed":false,"footnotes":""},"class_list":["post-11641","page","type-page","status-publish","hentry"],"acf":[],"_links":{"self":[{"href":"https:\/\/moianesturisme.cat\/agendacultural\/wp-json\/wp\/v2\/pages\/11641","targetHints":{"allow":["GET"]}}],"collection":[{"href":"https:\/\/moianesturisme.cat\/agendacultural\/wp-json\/wp\/v2\/pages"}],"about":[{"href":"https:\/\/moianesturisme.cat\/agendacultural\/wp-json\/wp\/v2\/types\/page"}],"author":[{"embeddable":true,"href":"https:\/\/moianesturisme.cat\/agendacultural\/wp-json\/wp\/v2\/users\/1"}],"replies":[{"embeddable":true,"href":"https:\/\/moianesturisme.cat\/agendacultural\/wp-json\/wp\/v2\/comments?post=11641"}],"version-history":[{"count":21,"href":"https:\/\/moianesturisme.cat\/agendacultural\/wp-json\/wp\/v2\/pages\/11641\/revisions"}],"predecessor-version":[{"id":15629,"href":"https:\/\/moianesturisme.cat\/agendacultural\/wp-json\/wp\/v2\/pages\/11641\/revisions\/15629"}],"wp:attachment":[{"href":"https:\/\/moianesturisme.cat\/agendacultural\/wp-json\/wp\/v2\/media?parent=11641"}],"curies":[{"name":"wp","href":"https:\/\/api.w.org\/{rel}","templated":true}]}}