{"id":6697,"date":"2023-06-20T15:51:59","date_gmt":"2023-06-20T13:51:59","guid":{"rendered":"https:\/\/moianesturisme.cat\/agendacultural\/?post_type=equipaments&#038;p=6697"},"modified":"2025-02-04T18:09:20","modified_gmt":"2025-02-04T16:09:20","slug":"centre-dart-contemporani-i-sostenibiltiat-forn-de-la-calc-cacis","status":"publish","type":"equipaments","link":"https:\/\/moianesturisme.cat\/agendacultural\/equipaments\/centre-dart-contemporani-i-sostenibiltiat-forn-de-la-calc-cacis\/","title":{"rendered":"CENTRE D\u2019ART CONTEMPORANI I SOSTENIBILTIAT \u2013 FORN DE LA CAL\u00c7 (CACIS)"},"content":{"rendered":"<div class=\"fusion-fullwidth fullwidth-box fusion-builder-row-1 fusion-flex-container nonhundred-percent-fullwidth non-hundred-percent-height-scrolling\" style=\"--awb-border-radius-top-left:0px;--awb-border-radius-top-right:0px;--awb-border-radius-bottom-right:0px;--awb-border-radius-bottom-left:0px;--awb-flex-wrap:wrap;\" ><div class=\"fusion-builder-row fusion-row fusion-flex-align-items-flex-start fusion-flex-content-wrap\" style=\"max-width:1216.8px;margin-left: calc(-4% \/ 2 );margin-right: calc(-4% \/ 2 );\"><div class=\"fusion-layout-column fusion_builder_column fusion-builder-column-0 fusion_builder_column_1_1 1_1 fusion-flex-column\" style=\"--awb-bg-size:cover;--awb-width-large:100%;--awb-margin-top-large:0px;--awb-spacing-right-large:1.92%;--awb-margin-bottom-large:0px;--awb-spacing-left-large:1.92%;--awb-width-medium:100%;--awb-spacing-right-medium:1.92%;--awb-spacing-left-medium:1.92%;--awb-width-small:100%;--awb-spacing-right-small:1.92%;--awb-spacing-left-small:1.92%;\"><div class=\"fusion-column-wrapper fusion-flex-justify-content-flex-start fusion-content-layout-column\"><div class=\"fusion-text fusion-text-1\"><p><span data-contrast=\"auto\">El Centre d\u2019Art Contemporani i Sostenibilitat\u00a0 &#8211; El Forn de la Cal\u00e7 (CACIS), orientat a la creaci\u00f3, difusi\u00f3 i estudi de nous llenguatges de l\u2019art contemporani, la naturalesa i la sostenibilitat a nivell nacional i internacional amb intervencions sobre el paisatge, exposicions temporals i formaci\u00f3 especialitzada.\u00a0<\/span><span data-ccp-props=\"{&quot;201341983&quot;:0,&quot;335559739&quot;:160,&quot;335559740&quot;:259}\">\u00a0<\/span><\/p>\n<p><span data-contrast=\"auto\">Es centra en 3 eixos:\u00a0<\/span><span data-ccp-props=\"{&quot;201341983&quot;:0,&quot;335559739&quot;:160,&quot;335559740&quot;:259}\">\u00a0<\/span><\/p>\n<ul>\n<li data-leveltext=\"-\" data-font=\"Calibri\" data-listid=\"7\" data-list-defn-props=\"{&quot;335551671&quot;:0,&quot;335552541&quot;:1,&quot;335559684&quot;:-2,&quot;335559685&quot;:720,&quot;335559991&quot;:360,&quot;469769226&quot;:&quot;Calibri&quot;,&quot;469769242&quot;:&#091;8226&#093;,&quot;469777803&quot;:&quot;left&quot;,&quot;469777804&quot;:&quot;-&quot;,&quot;469777815&quot;:&quot;hybridMultilevel&quot;}\" aria-setsize=\"-1\" data-aria-posinset=\"0\" data-aria-level=\"1\"><b><span data-contrast=\"auto\">Patrimoni:<\/span><\/b><span data-contrast=\"auto\"> els forns de la cal\u00e7 i la pedra seca: patrimoni industrial.\u00a0<\/span><span data-ccp-props=\"{&quot;201341983&quot;:0,&quot;335559739&quot;:160,&quot;335559740&quot;:259}\">\u00a0<\/span><\/li>\n<\/ul>\n<p><span data-contrast=\"auto\">El Centre d\u2019Art Contemporani i Sostenibilitat El Forn de la Cal\u00e7 (CACIS) est\u00e0 situat en un dels conjunts de forns de cal\u00e7 m\u00e9s representatius del Patrimoni industrial de Catalunya. I \u00e9s d\u2019aquest conjunt d\u2019edificacions recuperades de que en rep el nom.\u00a0<\/span><span data-ccp-props=\"{&quot;201341983&quot;:0,&quot;335559685&quot;:720,&quot;335559739&quot;:160,&quot;335559740&quot;:259}\">\u00a0<\/span><\/p>\n<p><span data-contrast=\"auto\">Tots els edificis del complex del Forn de la Cal\u00e7a de Calders estan dissenyats amb criteris d\u2019arquitectura bioclim\u00e0tica i cercant un grau adequat de confort alhora que s\u2019apliquen criteris de sostenibilitat i efici\u00e8ncia energ\u00e8tica.\u00a0<\/span><span data-ccp-props=\"{&quot;201341983&quot;:0,&quot;335559685&quot;:720,&quot;335559739&quot;:160,&quot;335559740&quot;:259}\">\u00a0<\/span><\/p>\n<p><span data-contrast=\"auto\">La investigaci\u00f3 sobre el patrimoni esdev\u00e9 un del eixos fonamentals de les accions desenvolupades des del centre, essent la recuperaci\u00f3 de les construccions arquitect\u00f2niques del voltant, fetes amb la t\u00e8cnica de la pedra seca, una de les l\u00ednies fonamentals d\u2019acci\u00f3.\u00a0<\/span><span data-ccp-props=\"{&quot;201341983&quot;:0,&quot;335559685&quot;:720,&quot;335559739&quot;:160,&quot;335559740&quot;:259}\">\u00a0<\/span><\/p>\n<p><span data-ccp-props=\"{&quot;201341983&quot;:0,&quot;335559685&quot;:720,&quot;335559739&quot;:160,&quot;335559740&quot;:259}\">\u00a0<\/span><\/p>\n<ul>\n<li data-leveltext=\"-\" data-font=\"Calibri\" data-listid=\"7\" data-list-defn-props=\"{&quot;335551671&quot;:0,&quot;335552541&quot;:1,&quot;335559684&quot;:-2,&quot;335559685&quot;:720,&quot;335559991&quot;:360,&quot;469769226&quot;:&quot;Calibri&quot;,&quot;469769242&quot;:&#091;8226&#093;,&quot;469777803&quot;:&quot;left&quot;,&quot;469777804&quot;:&quot;-&quot;,&quot;469777815&quot;:&quot;hybridMultilevel&quot;}\" aria-setsize=\"-1\" data-aria-posinset=\"0\" data-aria-level=\"1\"><b><span data-contrast=\"auto\">Art<\/span><\/b><span data-contrast=\"auto\">: CACIS \u2013 Centre d\u2019Art Contemporani i Sostenibilitat.\u00a0<\/span><span data-ccp-props=\"{&quot;201341983&quot;:0,&quot;335559739&quot;:160,&quot;335559740&quot;:259}\">\u00a0<\/span><\/li>\n<\/ul>\n<p><span data-contrast=\"auto\">\u00c9s un espai dedicat a l\u2019experimentaci\u00f3, investigaci\u00f3 i difusi\u00f3 de les pr\u00e0ctiques art\u00edstic-culturals amb la voluntat d\u2019estimular la discussi\u00f3, cr\u00edtica i reflexi\u00f3 necess\u00e0ria per cercar una nova visi\u00f3 de la realitat, fomentant la sostenibilitat com estrat\u00e8gia de reforma.\u00a0<\/span><span data-ccp-props=\"{&quot;201341983&quot;:0,&quot;335559685&quot;:720,&quot;335559739&quot;:160,&quot;335559740&quot;:259}\">\u00a0<\/span><\/p>\n<p><span data-contrast=\"auto\">Actualment CACIS forma part de la xarxa de f\u00e0briques de producci\u00f3 i difusi\u00f3 de nous pensaments contemporanis de Catalunya aportant activitats, programes i exposicions al panorama cultural del Territori. Presenta cada any una convocat\u00f2ria internacional de projectes amb resid\u00e8ncia que permet realitzar els projectes seleccionats al mateix centre gr\u00e0cies a les beques atorgades.\u00a0<\/span><span data-ccp-props=\"{&quot;201341983&quot;:0,&quot;335559685&quot;:720,&quot;335559739&quot;:160,&quot;335559740&quot;:259}\">\u00a0<\/span><\/p>\n<p><span data-ccp-props=\"{&quot;201341983&quot;:0,&quot;335559739&quot;:160,&quot;335559740&quot;:259}\">\u00a0<\/span><\/p>\n<ul>\n<li data-leveltext=\"-\" data-font=\"Calibri\" data-listid=\"7\" data-list-defn-props=\"{&quot;335551671&quot;:0,&quot;335552541&quot;:1,&quot;335559684&quot;:-2,&quot;335559685&quot;:720,&quot;335559991&quot;:360,&quot;469769226&quot;:&quot;Calibri&quot;,&quot;469769242&quot;:&#091;8226&#093;,&quot;469777803&quot;:&quot;left&quot;,&quot;469777804&quot;:&quot;-&quot;,&quot;469777815&quot;:&quot;hybridMultilevel&quot;}\" aria-setsize=\"-1\" data-aria-posinset=\"0\" data-aria-level=\"1\"><b><span data-contrast=\"auto\">Educaci\u00f3:<\/span><\/b><span data-contrast=\"auto\"> un projecte educatiu a trav\u00e9s de l\u2019art i la sostenibilitat.\u00a0\u00a0<\/span><span data-ccp-props=\"{&quot;201341983&quot;:0,&quot;335559739&quot;:160,&quot;335559740&quot;:259}\">\u00a0<\/span><\/li>\n<\/ul>\n<p><span data-contrast=\"auto\">El programa dissenyat pel Centre juntament amb artistes i educadors parteix de l\u2019art contemporani com a via d\u2019expressi\u00f3 per sensibilitzar a la societat sobre l\u2019\u00fas responsable dels recursos naturals amb la voluntat de fer descobrir, a infants, joves i p\u00fablic en general, les problem\u00e0tiques ambientals actuals i animar-los a realitzar projectes i accions adre\u00e7ades a millorat l\u2019entorn.\u00a0<\/span><span data-ccp-props=\"{&quot;201341983&quot;:0,&quot;335559685&quot;:720,&quot;335559739&quot;:160,&quot;335559740&quot;:259}\">\u00a0<\/span><\/p>\n<p><span data-contrast=\"auto\">Tallers de natura foment part del programa educatiu que Cacis presenta a les escoles adre\u00e7ats als cicles infantil, prim\u00e0ria i secund\u00e0ria. La utilitzaci\u00f3 d\u2019elements de la natura com a materials, les intervencions en la pr\u00f2pia natura o l\u2019observaci\u00f3 de l\u2019entorn natural formen part dels objectius dels tallers que es poden fer al Cacis El Forn de la Cal\u00e7.\u00a0<\/span><span data-ccp-props=\"{&quot;201341983&quot;:0,&quot;335559685&quot;:720,&quot;335559739&quot;:160,&quot;335559740&quot;:259}\">\u00a0<\/span><\/p>\n<p><span data-ccp-props=\"{&quot;201341983&quot;:0,&quot;335559739&quot;:160,&quot;335559740&quot;:259}\">\u00a0<\/span><\/p>\n<p><b><span data-contrast=\"auto\">FORN DE LA CAL\u00c7 \u2013 ECOMUSEU DEL MOIAN\u00c8S<\/span><\/b><span data-ccp-props=\"{&quot;201341983&quot;:0,&quot;335559739&quot;:160,&quot;335559740&quot;:259}\">\u00a0<\/span><\/p>\n<p><span data-contrast=\"auto\">Element format per\u202ftres forns circulars de cal\u00e7\u202fa tocar la casa del mateix nom. La tradici\u00f3 d\u2019explotaci\u00f3 de la pedra calc\u00e0ria a la zona es remunta al segle X, tot i que aquests daten de meitats del segle XIX i van ser explotats fins als anys 50 del segle XX.<\/span><span data-ccp-props=\"{&quot;134233117&quot;:false,&quot;134233118&quot;:false,&quot;201341983&quot;:0,&quot;335559738&quot;:0,&quot;335559739&quot;:0,&quot;335559740&quot;:240}\">\u00a0<\/span><\/p>\n<p><span data-contrast=\"auto\">Aquests forns es feien en llocs on hi havia pedra de cal\u00e7 i llenya. Tot i que la seva utilitzaci\u00f3 era espor\u00e0dica, tenien una durada limitada, ja que quan es co\u00efa la cal\u00e7 tamb\u00e9 es co\u00efa el forn, havent-se comprovat que a cada cuita el desgast de les parets era d\u2019uns 2 cm.<\/span><span data-ccp-props=\"{&quot;134233117&quot;:false,&quot;134233118&quot;:false,&quot;201341983&quot;:0,&quot;335559738&quot;:0,&quot;335559739&quot;:192,&quot;335559740&quot;:240}\">\u00a0<\/span><\/p>\n<p><span data-contrast=\"auto\">Actualment, al costat dels forns s\u2019hi troba el\u202f<\/span><i><span data-contrast=\"auto\">Centre d\u2019Art Contemporani i Sostenible El Forn de la Cal\u00e7 (CACIS),\u202f<\/span><\/i><span data-contrast=\"auto\">que es dedica a la investigaci\u00f3, producci\u00f3 i exhibici\u00f3 de projectes de cultura i art contemporanis, especialment els relacionats amb l\u2019ecologia i el medi natural del lloc.<\/span><span data-ccp-props=\"{&quot;134233117&quot;:false,&quot;134233118&quot;:false,&quot;201341983&quot;:0,&quot;335559738&quot;:0,&quot;335559739&quot;:0,&quot;335559740&quot;:240}\">\u00a0<\/span><\/p>\n<\/div><\/div><\/div><\/div><\/div>\n","protected":false},"excerpt":{"rendered":"<p>Creaci\u00f3, difusi\u00f3 i estudi de nous llenguatges de l\u2019art contemporani, la naturalesa i la sostenibilitat i lloc visitable de l\u2019Ecomuseu del Moian\u00e8s.<\/p>\n","protected":false},"featured_media":6698,"menu_order":0,"template":"","meta":{"_acf_changed":false},"c_equipaments":[100,96,99],"municipis-equipaments":[134],"class_list":["post-6697","equipaments","type-equipaments","status-publish","has-post-thumbnail","hentry","c_equipaments-altres-espais","c_equipaments-ecomuseu-del-moianes","c_equipaments-sales-dexposicions","municipis-equipaments-equipaments-calders"],"acf":[],"_links":{"self":[{"href":"https:\/\/moianesturisme.cat\/agendacultural\/wp-json\/wp\/v2\/equipaments\/6697","targetHints":{"allow":["GET"]}}],"collection":[{"href":"https:\/\/moianesturisme.cat\/agendacultural\/wp-json\/wp\/v2\/equipaments"}],"about":[{"href":"https:\/\/moianesturisme.cat\/agendacultural\/wp-json\/wp\/v2\/types\/equipaments"}],"wp:featuredmedia":[{"embeddable":true,"href":"https:\/\/moianesturisme.cat\/agendacultural\/wp-json\/wp\/v2\/media\/6698"}],"wp:attachment":[{"href":"https:\/\/moianesturisme.cat\/agendacultural\/wp-json\/wp\/v2\/media?parent=6697"}],"wp:term":[{"taxonomy":"c_equipaments","embeddable":true,"href":"https:\/\/moianesturisme.cat\/agendacultural\/wp-json\/wp\/v2\/c_equipaments?post=6697"},{"taxonomy":"municipis-equipaments","embeddable":true,"href":"https:\/\/moianesturisme.cat\/agendacultural\/wp-json\/wp\/v2\/municipis-equipaments?post=6697"}],"curies":[{"name":"wp","href":"https:\/\/api.w.org\/{rel}","templated":true}]}}