{"id":6664,"date":"2023-06-19T15:47:20","date_gmt":"2023-06-19T13:47:20","guid":{"rendered":"https:\/\/moianesturisme.cat\/agendacultural\/?post_type=equipaments&#038;p=6664"},"modified":"2025-08-27T13:28:25","modified_gmt":"2025-08-27T11:28:25","slug":"espai-hemalosa","status":"publish","type":"equipaments","link":"https:\/\/moianesturisme.cat\/agendacultural\/equipaments\/espai-hemalosa\/","title":{"rendered":"ESPAI HEMALOSA"},"content":{"rendered":"<div class=\"fusion-fullwidth fullwidth-box fusion-builder-row-1 fusion-flex-container nonhundred-percent-fullwidth non-hundred-percent-height-scrolling\" style=\"--awb-border-radius-top-left:0px;--awb-border-radius-top-right:0px;--awb-border-radius-bottom-right:0px;--awb-border-radius-bottom-left:0px;--awb-flex-wrap:wrap;\" ><div class=\"fusion-builder-row fusion-row fusion-flex-align-items-flex-start fusion-flex-content-wrap\" style=\"max-width:1216.8px;margin-left: calc(-4% \/ 2 );margin-right: calc(-4% \/ 2 );\"><div class=\"fusion-layout-column fusion_builder_column fusion-builder-column-0 fusion_builder_column_1_1 1_1 fusion-flex-column\" style=\"--awb-bg-size:cover;--awb-width-large:100%;--awb-margin-top-large:0px;--awb-spacing-right-large:1.92%;--awb-margin-bottom-large:0px;--awb-spacing-left-large:1.92%;--awb-width-medium:100%;--awb-spacing-right-medium:1.92%;--awb-spacing-left-medium:1.92%;--awb-width-small:100%;--awb-spacing-right-small:1.92%;--awb-spacing-left-small:1.92%;\"><div class=\"fusion-column-wrapper fusion-flex-justify-content-flex-start fusion-content-layout-column\"><div class=\"fusion-text fusion-text-1\"><p><span data-contrast=\"none\">L\u2019antiga f\u00e0brica Hemalosa del 1924 s\u2019ha convertit en un ampli espai polivalent al serveis dels ve\u00efns i ve\u00efnes.\u00a0<\/span><span data-ccp-props=\"{&quot;201341983&quot;:0,&quot;335559739&quot;:160,&quot;335559740&quot;:259}\">\u00a0<\/span><\/p>\n<p><span data-contrast=\"none\">Al vest\u00edbul hi trobem l&#8217;Ecomuseu amb informaci\u00f3 sobre la hist\u00f2ria del poble d&#8217;Ol\u00f3, una exposici\u00f3 dedicada al t\u00e8xtil i el seu pes hist\u00f2ric a Ol\u00f3 amb dos telers antics restaurats, informaci\u00f3 tur\u00edstica sobre el poble i la comarca\u202fi tamb\u00e9 informaci\u00f3 sobre els altres llocs que formen part de l&#8217;Ecomuseu del Moian\u00e8s. Estem adherits al segell de sostenibilitat BIOSPHERE, PAISATGES DE BARCELONA.<\/span><\/p>\n<p><span data-contrast=\"none\">L&#8217;edifici\u202ffa les funcions tamb\u00e9 d&#8217;espai cultural i compta amb: <\/span><\/p>\n<p><span data-contrast=\"none\">&#8211; Un gran auditori per a concerts, teatre, projeccions i espectacles de gran format<\/span><\/p>\n<p><span data-contrast=\"none\">&#8211; Dues sales petites per a cursets i tallers (una prove\u00efda amb cuina)<\/span><\/p>\n<p><span data-contrast=\"none\">&#8211; Un petit magatzem<\/span><\/p>\n<p><span data-contrast=\"none\">&#8211; Dos camerinos amb dutxa i lavabos<\/span><br \/>\n<span data-ccp-props=\"{&quot;201341983&quot;:0,&quot;335559739&quot;:160,&quot;335559740&quot;:259}\">\u00a0<\/span><\/p>\n<p><b><span data-contrast=\"none\">ESPAI HEMALOSA \u2013 ECOMUSEU DEL MOIAN\u00c8S\u00a0<\/span><\/b><span data-ccp-props=\"{&quot;201341983&quot;:0,&quot;335559731&quot;:708,&quot;335559739&quot;:160,&quot;335559740&quot;:240}\">\u00a0<\/span><\/p>\n<p><span data-contrast=\"none\">El radial de L\u2019Ecomuseu de Santa Maria d\u2019Ol\u00f3, a trav\u00e9s de l\u2019exposici\u00f3 \u201cOl\u00f3 a ritme de teler\u201d, explica com el poble va passar de ser un indret preindustrial a nivell dom\u00e8stic a una poblaci\u00f3 totalment industrialitzada a partir de l\u2019establiment de dues f\u00e0briques t\u00e8xtils, Borr\u00e0s i Hemalosa, que van canviar la hist\u00f2ria dels olonencs. Durant la d\u00e8cada dels vint aquestes dues f\u00e0briques feren que s\u2019establ\u00eds la poblaci\u00f3 de Santa Maria d\u2019Ol\u00f3 i que en determinades \u00e8poques fins i tot augment\u00e9s. Com si d\u2019una col\u00f2nia t\u00e8xtil es tract\u00e9s, els dos propietaris de les f\u00e0briques impulsaren nous serveis i infraestructures a la vegada que controlaven les iniciatives promogudes.<\/span><span data-ccp-props=\"{&quot;134233117&quot;:false,&quot;134233118&quot;:false,&quot;201341983&quot;:0,&quot;335559738&quot;:0,&quot;335559739&quot;:192,&quot;335559740&quot;:240}\">\u00a0<\/span><\/p>\n<p><span data-contrast=\"none\">Una d\u2019aquestes f\u00e8briques, la f\u00e0brica Hemalosa, s\u2019ha rehabilitat i reconvertit en l\u2019Espai Hemalosa, un equipament que engloba l\u2019Ecomuseu, un gran auditori i dues sales polivalents. L\u2019Ecomuseu est\u00e0 format per un espai d\u2019acollida i un punt d\u2019informaci\u00f3 i per l\u2019exposisi\u00f3 \u201cOl\u00f3 a ritme de teler\u201d. Al llarg del recorregut els visitants podran con\u00e8ixer la hist\u00f2ria del poble de Santa Maria d\u2019Ol\u00f3 tot fent \u00e8mfasi al proc\u00e9s d\u2019industrialitzaci\u00f3 que visqu\u00e9. Els plafons de l\u2019exposici\u00f3 es complementen amb vitrines amb peces originals relacionades amb el treball t\u00e8xtil, amb dos telers restaurats i amb un audiovisual d\u2019entrevistes als antics treballadors de la f\u00e0brica Borr\u00e0s i Hemalosa.<\/span><span data-ccp-props=\"{&quot;134233117&quot;:false,&quot;134233118&quot;:false,&quot;201341983&quot;:0,&quot;335559738&quot;:0,&quot;335559739&quot;:0,&quot;335559740&quot;:240}\">\u00a0<\/span><\/p>\n<p><span data-ccp-props=\"{&quot;201341983&quot;:0,&quot;335559739&quot;:160,&quot;335559740&quot;:240}\">\u00a0<\/span><\/p>\n<\/div><\/div><\/div><\/div><\/div>\n","protected":false},"excerpt":{"rendered":"<p> Espai polivalent amb l\u2019Ecomuseu del Moian\u00e8s, una exposici\u00f3 dedicada al t\u00e8xtil i un auditori per concerts, teatre&#8230;\u00a0<\/p>\n","protected":false},"featured_media":15492,"menu_order":0,"template":"","meta":{"_acf_changed":false},"c_equipaments":[100,96,97,99],"municipis-equipaments":[143],"class_list":["post-6664","equipaments","type-equipaments","status-publish","has-post-thumbnail","hentry","c_equipaments-altres-espais","c_equipaments-ecomuseu-del-moianes","c_equipaments-equipaments-arts-esceniques","c_equipaments-sales-dexposicions","municipis-equipaments-equipaments-santa-maria-d-olo"],"acf":[],"_links":{"self":[{"href":"https:\/\/moianesturisme.cat\/agendacultural\/wp-json\/wp\/v2\/equipaments\/6664","targetHints":{"allow":["GET"]}}],"collection":[{"href":"https:\/\/moianesturisme.cat\/agendacultural\/wp-json\/wp\/v2\/equipaments"}],"about":[{"href":"https:\/\/moianesturisme.cat\/agendacultural\/wp-json\/wp\/v2\/types\/equipaments"}],"wp:featuredmedia":[{"embeddable":true,"href":"https:\/\/moianesturisme.cat\/agendacultural\/wp-json\/wp\/v2\/media\/15492"}],"wp:attachment":[{"href":"https:\/\/moianesturisme.cat\/agendacultural\/wp-json\/wp\/v2\/media?parent=6664"}],"wp:term":[{"taxonomy":"c_equipaments","embeddable":true,"href":"https:\/\/moianesturisme.cat\/agendacultural\/wp-json\/wp\/v2\/c_equipaments?post=6664"},{"taxonomy":"municipis-equipaments","embeddable":true,"href":"https:\/\/moianesturisme.cat\/agendacultural\/wp-json\/wp\/v2\/municipis-equipaments?post=6664"}],"curies":[{"name":"wp","href":"https:\/\/api.w.org\/{rel}","templated":true}]}}