{"id":6587,"date":"2023-06-12T16:59:49","date_gmt":"2023-06-12T14:59:49","guid":{"rendered":"https:\/\/moianesturisme.cat\/agendacultural\/?post_type=equipaments&#038;p=6587"},"modified":"2024-07-04T12:16:34","modified_gmt":"2024-07-04T10:16:34","slug":"casa-museu-enric-prat-de-la-riba","status":"publish","type":"equipaments","link":"https:\/\/moianesturisme.cat\/agendacultural\/equipaments\/casa-museu-enric-prat-de-la-riba\/","title":{"rendered":"CASA MUSEU ENRIC PRAT DE LA RIBA"},"content":{"rendered":"<div class=\"fusion-fullwidth fullwidth-box fusion-builder-row-1 fusion-flex-container nonhundred-percent-fullwidth non-hundred-percent-height-scrolling\" style=\"--awb-border-radius-top-left:0px;--awb-border-radius-top-right:0px;--awb-border-radius-bottom-right:0px;--awb-border-radius-bottom-left:0px;--awb-flex-wrap:wrap;\" ><div class=\"fusion-builder-row fusion-row fusion-flex-align-items-flex-start fusion-flex-content-wrap\" style=\"max-width:1216.8px;margin-left: calc(-4% \/ 2 );margin-right: calc(-4% \/ 2 );\"><div class=\"fusion-layout-column fusion_builder_column fusion-builder-column-0 fusion_builder_column_1_1 1_1 fusion-flex-column\" style=\"--awb-bg-size:cover;--awb-width-large:100%;--awb-margin-top-large:0px;--awb-spacing-right-large:1.92%;--awb-margin-bottom-large:0px;--awb-spacing-left-large:1.92%;--awb-width-medium:100%;--awb-spacing-right-medium:1.92%;--awb-spacing-left-medium:1.92%;--awb-width-small:100%;--awb-spacing-right-small:1.92%;--awb-spacing-left-small:1.92%;\"><div class=\"fusion-column-wrapper fusion-flex-justify-content-flex-start fusion-content-layout-column\"><div class=\"fusion-text fusion-text-1\"><p><span data-contrast=\"auto\">La casa Prat de la Riba o antiga casa Padr\u00f3s (s.XVII) declarada monument hist\u00f2ric-art\u00edstic pel fet d\u2019haver-hi nascut i mort Enric Prat de la Riba i Sarr\u00e0 (1870-1917).<\/span><span data-ccp-props=\"{&quot;134233117&quot;:false,&quot;134233118&quot;:false,&quot;201341983&quot;:0,&quot;335559738&quot;:300,&quot;335559739&quot;:300,&quot;335559740&quot;:240}\">\u00a0<\/span><\/p>\n<p><span data-contrast=\"auto\">La fam\u00edlia va donar la casa a la Generalitat (1982) perqu\u00e8 en fes mem\u00f2ria del llegat del pol\u00edtic. El 1984 s\u2019inaugur\u00e0 i des de llavors s\u2019ha convertit en casa-museu on a m\u00e9s de poder visitar les estances privades i records personals d\u2019Enric Prat de la Riba es fa un recorregut per la seva biografia com a pensador i comunicador i per la seva obra de govern.\u00a0<\/span><span data-ccp-props=\"{&quot;134233117&quot;:false,&quot;134233118&quot;:false,&quot;201341983&quot;:0,&quot;335559738&quot;:300,&quot;335559739&quot;:300,&quot;335559740&quot;:240}\">\u00a0<\/span><\/p>\n<p><span data-contrast=\"auto\">Est\u00e0 gestionat per l\u2019Ag\u00e8ncia Catalana de Patrimoni del Departament de Cultura de la Generalitat i des de 2004 integrat al MCH (Museu d\u2019Hist\u00f2ria de Catalunya)<\/span><span data-ccp-props=\"{&quot;134233117&quot;:false,&quot;134233118&quot;:false,&quot;201341983&quot;:0,&quot;335559738&quot;:300,&quot;335559739&quot;:300,&quot;335559740&quot;:240}\">\u00a0<\/span><\/p>\n<p><span data-contrast=\"auto\">La casa museu Prat de la Riba vol recordar la figura d&#8217;aquest pol\u00edtic, pe\u00e7a cabdal de la pol\u00edtica de principis del segle XX. Aquesta casa, on va n\u00e9ixer i va morir, preserva l&#8217;ambient i el mobiliari de l&#8217;\u00e8poca i ens permet endinsar-nos en els espais familiars i de treball de Prat de la Riba.<\/span><span data-ccp-props=\"{&quot;134233117&quot;:false,&quot;134233118&quot;:false,&quot;201341983&quot;:0,&quot;335559738&quot;:300,&quot;335559739&quot;:300,&quot;335559740&quot;:240}\">\u00a0<\/span><\/p>\n<p><span data-contrast=\"auto\">Un muntatge audiovisual ens acompanya al llarg de la visita per resseguir la seva traject\u00f2ria professional. Els seus escrits com a jurista, la tasca com a director de\u202fLa Veu de Catalunya\u202fo l&#8217;exercici de c\u00e0rrecs p\u00fablics van estar sempre adre\u00e7ats a desenvolupar el seu ideari.<\/span><span data-ccp-props=\"{&quot;134233117&quot;:false,&quot;134233118&quot;:false,&quot;201341983&quot;:0,&quot;335559738&quot;:300,&quot;335559739&quot;:300,&quot;335559740&quot;:240}\">\u00a0<\/span><\/p>\n<p><span data-contrast=\"auto\">Entre la seva actuaci\u00f3 pol\u00edtica destaca l&#8217;impuls de la Mancomunitat de Catalunya, de la qual fou el primer president. Des d&#8217;all\u00e0, Prat de la Riba i els seus col\u00b7laboradors van impulsar la modernitzaci\u00f3 del pa\u00eds, van ampliar les infraestructures i els centres de salut i van donar suport a la formaci\u00f3 i a la cultura.<\/span><span data-ccp-props=\"{&quot;134233117&quot;:false,&quot;134233118&quot;:false,&quot;201341983&quot;:0,&quot;335559738&quot;:300,&quot;335559739&quot;:300,&quot;335559740&quot;:240}\">\u00a0<\/span><\/p>\n<\/div><\/div><\/div><\/div><\/div>\n","protected":false},"excerpt":{"rendered":"<p> Casa Museu al voltant de la figura del pol\u00edtic Enric Prat de la Riba.  <\/p>\n","protected":false},"featured_media":6588,"menu_order":0,"template":"","meta":{"_acf_changed":false},"c_equipaments":[98],"municipis-equipaments":[136],"class_list":["post-6587","equipaments","type-equipaments","status-publish","has-post-thumbnail","hentry","c_equipaments-museus","municipis-equipaments-equipaments-castelltercol"],"acf":[],"_links":{"self":[{"href":"https:\/\/moianesturisme.cat\/agendacultural\/wp-json\/wp\/v2\/equipaments\/6587","targetHints":{"allow":["GET"]}}],"collection":[{"href":"https:\/\/moianesturisme.cat\/agendacultural\/wp-json\/wp\/v2\/equipaments"}],"about":[{"href":"https:\/\/moianesturisme.cat\/agendacultural\/wp-json\/wp\/v2\/types\/equipaments"}],"wp:featuredmedia":[{"embeddable":true,"href":"https:\/\/moianesturisme.cat\/agendacultural\/wp-json\/wp\/v2\/media\/6588"}],"wp:attachment":[{"href":"https:\/\/moianesturisme.cat\/agendacultural\/wp-json\/wp\/v2\/media?parent=6587"}],"wp:term":[{"taxonomy":"c_equipaments","embeddable":true,"href":"https:\/\/moianesturisme.cat\/agendacultural\/wp-json\/wp\/v2\/c_equipaments?post=6587"},{"taxonomy":"municipis-equipaments","embeddable":true,"href":"https:\/\/moianesturisme.cat\/agendacultural\/wp-json\/wp\/v2\/municipis-equipaments?post=6587"}],"curies":[{"name":"wp","href":"https:\/\/api.w.org\/{rel}","templated":true}]}}