{"id":15228,"date":"2025-04-16T09:45:33","date_gmt":"2025-04-16T07:45:33","guid":{"rendered":"https:\/\/moianesturisme.cat\/agendacultural\/?post_type=calendari_festiu&#038;p=15228"},"modified":"2025-05-09T13:37:04","modified_gmt":"2025-05-09T11:37:04","slug":"moia","status":"publish","type":"calendari_festiu","link":"https:\/\/moianesturisme.cat\/agendacultural\/calendari_festiu\/moia\/","title":{"rendered":"Moi\u00e0"},"content":{"rendered":"<p><b>GENER<\/b><\/p>\n<p>\u2013 Cavalcada de Reis. Arribada dels reis de l\u2019Orient.<\/p>\n<p>\u2013 Cursa de Muntanya Dos turons<\/p>\n<p>\u2013 Festa Major d\u2019Hivern. Festa de Sant Sebasti\u00e0, patr\u00f3 de Moi\u00e0 (els garrofins i danses tradicionals) \/ 19 i 20 de gener<\/p>\n<p>\u2013 Els Tres Tombs\u00a0\/ El segon cap de setmana despr\u00e9s del dia 17 de gener.<\/p>\n<p><strong>FEBRER \u2013 MAR\u00c7<\/strong><\/p>\n<p>\u2013 Carnestoltes\u00a0\/ El dissabte seg\u00fcent del Carnestoltes oficial<\/p>\n<p><b>ABRIL<\/b><\/p>\n<p>\u2013 Setmana Santa \u2013 Els Armats\u00a0\/ Dijous Sant a la pla\u00e7a Major<\/p>\n<p>\u2013 La Process\u00f3 \/ Divendres Sant<\/p>\n<p>\u2013 Cantanda de Caramelles pels carrers de la vila\u00a0\/ Per Pasqua Florida<\/p>\n<p>\u2013 Sant Jordi\u00a0\/ 23 d\u2019abril<\/p>\n<p>\u2013 Festa del Porc<b><br \/>\n<\/b><\/p>\n<p><b>JUNY<\/b><\/p>\n<p>\u2013 Arribada de la Flama del Canig\u00f3 i Revetlla de Sant Joan\u00a0\/ 23 de juny<\/p>\n<p>\u2013 Aplec a Ferrerons\u00a0\/ El diumenge m\u00e9s proper a Sant Pere<\/p>\n<p><strong>JULIOL<\/strong><\/p>\n<p>\u2013 Trobada de geganters\u00a0\/ \u00daltim dissabte de juliol<\/p>\n<p><strong>JULIOL \u2013 AGOST<\/strong><\/p>\n<p>\u2013 Festival de M\u00fasica Francesc Vi\u00f1as\u00a0\/ De juliol a agost. Concerts i actuacions musicals<\/p>\n<p>\u2013 Cantada d\u2019havaneres\u00a0\/ Primer cap de setmana d\u2019agost<\/p>\n<p><strong>\u2013\u00a0<\/strong>Sardanes al Parc\u00a0\/ Els diumenges de juliol i agost, fins el dia 11 de setembre<\/p>\n<p>\u2013 Caminada popular\u00a0\/ El primer diumenge d\u2019agost<\/p>\n<p>\u2013 Aplec de la Sardana Vila de Moi\u00e0<\/p>\n<p>\u2013 Festa de la Cabra d\u2019Or<\/p>\n<p>\u2013 Festa Major de Moi\u00e0\u00a0\/ 15 d\u2019agost \/ \u201cEl Pollo \u201c- 16 d\u2019agost<\/p>\n<p>\u2013 Festa de l\u2019Arbre Fruiter i Homenatge a la vellesa\u00a0\/ 17 d\u2019agost<\/p>\n<p><b>SETEMBRE<\/b><\/p>\n<p><strong>\u2013\u00a0<\/strong>Diada Nacional de Catalunya\u00a0\/ 11 de setembre<\/p>\n<p>\u2013 Trobada de puntaires\u00a0\/ Diumenge despr\u00e9s de l\u201911 de setembre<\/p>\n<p>\u2013 Trobada de Bastoners\u00a0\/ \u00daltim diumenge de setembre<\/p>\n<p>\u2013 Festa Barroca. Retotn al 1714\u00a0\/ Cap de setmana m\u00e9s proper a l\u201911 de setembre<\/p>\n<p><b>DESEMBRE<\/b><\/p>\n<p>\u2013 Fira del Ti\u00f3<\/p>\n<p>\u2013 Exposici\u00f3 de pessebres i diorames nadalencs<\/p>\n<p>\u2013 Caga ti\u00f3 popular (24 de desembre)<\/p>\n<p>&nbsp;<\/p>\n<p><b>Mercat Setmanal<\/b>\u00a0\/ Tots els diumenges a la pla\u00e7a de l\u2019esgl\u00e9sia.<\/p>\n","protected":false},"excerpt":{"rendered":"<p>GENER \u2013 Cavalcada de Reis. Arribada dels reis de l\u2019Orient. \u2013 Cursa de Muntanya Dos turons \u2013 Festa Major d\u2019Hivern. Festa de Sant Sebasti\u00e0, patr\u00f3 de Moi\u00e0 (els garrofins i danses tradicionals) \/ 19 i 20 de gener \u2013 Els Tres Tombs\u00a0\/ El segon cap de setmana despr\u00e9s del dia 17 de gener. FEBRER \u2013<\/p>\n","protected":false},"featured_media":15229,"template":"","meta":{"_acf_changed":false},"c_calendari_festiu":[],"class_list":["post-15228","calendari_festiu","type-calendari_festiu","status-publish","has-post-thumbnail","hentry"],"acf":[],"_links":{"self":[{"href":"https:\/\/moianesturisme.cat\/agendacultural\/wp-json\/wp\/v2\/calendari_festiu\/15228","targetHints":{"allow":["GET"]}}],"collection":[{"href":"https:\/\/moianesturisme.cat\/agendacultural\/wp-json\/wp\/v2\/calendari_festiu"}],"about":[{"href":"https:\/\/moianesturisme.cat\/agendacultural\/wp-json\/wp\/v2\/types\/calendari_festiu"}],"wp:featuredmedia":[{"embeddable":true,"href":"https:\/\/moianesturisme.cat\/agendacultural\/wp-json\/wp\/v2\/media\/15229"}],"wp:attachment":[{"href":"https:\/\/moianesturisme.cat\/agendacultural\/wp-json\/wp\/v2\/media?parent=15228"}],"wp:term":[{"taxonomy":"c_calendari_festiu","embeddable":true,"href":"https:\/\/moianesturisme.cat\/agendacultural\/wp-json\/wp\/v2\/c_calendari_festiu?post=15228"}],"curies":[{"name":"wp","href":"https:\/\/api.w.org\/{rel}","templated":true}]}}